{"id":6703,"date":"2016-12-02T15:22:05","date_gmt":"2016-12-02T14:22:05","guid":{"rendered":"http:\/\/neu.packpapierverlag.de\/?page_id=6703"},"modified":"2026-04-25T13:22:04","modified_gmt":"2026-04-25T11:22:04","slug":"startseuite","status":"publish","type":"page","link":"https:\/\/www.packpapierverlag.de\/","title":{"rendered":"Startseite"},"content":{"rendered":"<p align=\"left\"><span style=\"font-family: Liberation Serif, serif;\"><span style=\"font-size: x-large;\">Annette Schlemm: <a href=\"https:\/\/www.packpapierverlag.de\/?product=schlemm-wer-hat-angst-vorm-kollaps-75-seiten-5-p200\" target=\"_blank\" rel=\"noopener\">Wer hat Angst vorm Kollaps?<\/a> 75 Seiten 5,- (p200)\u00a0<\/span><\/span><span style=\"font-family: Liberation Serif, serif;\"><span style=\"font-size: x-large;\">Letztlich liegt die Hoffnung nicht in technologischen \u201eWundern\u201c, <\/span><\/span><span style=\"font-family: Liberation Serif, serif;\"><span style=\"font-size: x-large;\">sondern in kollektivem Handeln und einer neuen, nachhaltigen Lebensweise, die \u00fcber <\/span><\/span><span style=\"font-family: Liberation Serif, serif;\"><span style=\"font-size: x-large;\">blo\u00dfe\u00a0<\/span><\/span><span style=\"font-family: Liberation Serif, serif;\"><span style=\"font-size: x-large;\">Anpassung hinausgeht und eine\u00a0<\/span><\/span><span style=\"font-family: Liberation Serif, serif;\"><span style=\"font-size: x-large;\">echte Neuausrichtung erm\u00f6glicht. &#8212; <a href=\"https:\/\/www.packpapierverlag.de\/?product=schlemm-soziale-verteidigung-p201-64-s-5\" target=\"_blank\" rel=\"noopener\">Soziale Verteidigung<\/a> (p201) &#8212; <a href=\"https:\/\/www.packpapierverlag.de\/?product=schlemm-ueber-leben-im-kollaps-p202-32s-2\" target=\"_blank\" rel=\"noopener\">\u00dcber-Leben<\/a> &#8230; (p202)<\/span><\/span><\/p>\n<p align=\"left\"><img decoding=\"async\" src=\"https:\/\/www.packpapierverlag.de\/wp-content\/uploads\/2026\/02\/kollaps-hilfe-musik-scaled.jpg\" \/><\/p>\n<p align=\"left\"><span style=\"font-family: Liberation Serif, serif;\"><span style=\"font-size: x-large;\">Kollaps <a href=\"https:\/\/www.packpapierverlag.de\/?product=schlemm-wer-hat-angst-vorm-kollaps-75-seiten-5-p200\" target=\"_blank\" rel=\"noopener\">===&gt;<\/a>\u00a0 \u00a0 \u00a0 \u00a0 \u00a0 \u00a0 \u00a0 \u00a0 \u00a0 \u00a0 \u00a0 \u00a0 \u00a0 \u00a0 Hilfe!<a href=\"https:\/\/www.packpapierverlag.de\/wp-content\/uploads\/2026\/02\/260221Hilferufy.pdf\" target=\"_blank\" rel=\"noopener\">===&gt;<\/a>\u00a0 \u00a0 \u00a0 \u00a0 \u00a0 \u00a0 \u00a0 \u00a0 \u00a0 \u00a0 \u00a0 \u00a0 \u00a0 \u00a0 \u00a0Musikseite <a href=\"https:\/\/www.packpapierverlag.de\/?page_id=7189\" target=\"_blank\" rel=\"noopener\">===&gt;<\/a><\/span><\/span><\/p>\n<p align=\"left\">.<\/p>\n<p align=\"left\">.<\/p>\n<h1><img loading=\"lazy\" decoding=\"async\" class=\"alignleft wp-image-19163 size-large\" title=\"Neujahr\" src=\"https:\/\/www.packpapierverlag.de\/wp-content\/uploads\/2025\/09\/Buechertisch-Herzberg-1024x797.jpg\" alt=\"\" width=\"640\" height=\"498\" srcset=\"https:\/\/www.packpapierverlag.de\/wp-content\/uploads\/2025\/09\/Buechertisch-Herzberg-1024x797.jpg 1024w, https:\/\/www.packpapierverlag.de\/wp-content\/uploads\/2025\/09\/Buechertisch-Herzberg-300x234.jpg 300w, https:\/\/www.packpapierverlag.de\/wp-content\/uploads\/2025\/09\/Buechertisch-Herzberg-1536x1196.jpg 1536w, https:\/\/www.packpapierverlag.de\/wp-content\/uploads\/2025\/09\/Buechertisch-Herzberg-2048x1594.jpg 2048w\" sizes=\"auto, (max-width: 640px) 100vw, 640px\" \/><small style=\"font-family: Helvetica,Arial,sans-serif;\"><big style=\"color: #4e7601;\"><\/big><\/small><small style=\"font-family: Helvetica,Arial,sans-serif;\"><span style=\"color: #234646; font-weight: bold;\"><big style=\"color: #4e7601;\">Willkommen beim Packpapier Verlag!<a href=\"https:\/\/www.packpapierverlag.de\/?page_id=85\"><img loading=\"lazy\" decoding=\"async\" class=\"alignright wp-image-17766 size-thumbnail\" src=\"https:\/\/www.packpapierverlag.de\/wp-content\/uploads\/2024\/01\/BUTTONw-150x150.jpg\" alt=\"\" width=\"150\" height=\"150\" srcset=\"https:\/\/www.packpapierverlag.de\/wp-content\/uploads\/2024\/01\/BUTTONw-150x150.jpg 150w, https:\/\/www.packpapierverlag.de\/wp-content\/uploads\/2024\/01\/BUTTONw-200x200.jpg 200w, https:\/\/www.packpapierverlag.de\/wp-content\/uploads\/2024\/01\/BUTTONw-100x100.jpg 100w\" sizes=\"auto, (max-width: 150px) 100vw, 150px\" \/><\/a><\/big><\/span><\/small><\/h1>\n<p><span style=\"font-size: large;\"><span style=\"font-family: Calibri, serif;\"><span lang=\"de\">liebe B\u00fccherfreunde und Besucher*innen, <\/span><\/span><\/span><span style=\"font-size: large;\"><span style=\"font-family: Calibri, serif;\"><span lang=\"de\">b<\/span><\/span><span style=\"font-family: Calibri, serif;\"><span lang=\"de\">ei uns findet Ihr B\u00fccher, Poster, Buttons und Aufkleber zu folgenden Themen: \u00d6kologie &amp; Umweltschutz, Naturkost &amp; Landwirtschaft, Selbstversorgung &amp; Do-it-yourself, Vegetarismus &amp; Veganismus, <\/span><\/span><\/span><span style=\"font-family: Calibri, serif;\"><span style=\"font-size: large;\">Kommunen &amp; soziale Bewegungen, Utopie &amp; Anarchie.<\/span><\/span><\/p>\n<p><span style=\"font-size: large;\"><span style=\"font-family: Calibri, serif;\"><span lang=\"de\">Soviele B\u00fccher und Themen <\/span><\/span><span style=\"font-family: Calibri, serif;\"><span lang=\"de\">gibts <\/span><\/span><span style=\"font-family: Calibri, serif;\"><span lang=\"de\">&#8211; ein Thema <\/span><\/span><span style=\"font-family: Calibri, serif;\"><span lang=\"de\">w\u00e4re <\/span><\/span><span style=\"font-family: Calibri, serif;\"><span lang=\"de\">nicht genug, auch wenn jetzt alle dr\u00fcber r\u00e4tseln oder sich gar verstreiten, aber streitet euch nicht, das ist es nicht wert &#8211; ok, zur Entr\u00e4tselung beitragen d\u00fcrfte <\/span><\/span><span style=\"font-family: Calibri, serif;\"><span lang=\"de\">eine <\/span><\/span><span style=\"font-family: Calibri, serif;\"><span lang=\"de\"> gr\u00fcndliche Arbeit von Gerald Gr\u00fcneklee &#8222;Corona in Gegenwart und Zukunft&#8220; (siehe unten), im \u00fcbrigen sollte aber die <\/span><\/span><span style=\"font-family: Calibri, serif;\"><span lang=\"de\">hier vorgestellte <\/span><\/span><span style=\"font-family: Calibri, serif;\"><span lang=\"de\">Vielfalt der Ideen und Vorschl\u00e4ge eure Beachtung finden. <\/span><\/span><span style=\"font-family: Calibri, serif;\"><span lang=\"de\">Die st\u00e4ndige Aufregung \u00fcber Corona f\u00fchrt dazu, da\u00df in den Massenmedien nur noch ein Thema vorherrscht und verf\u00fchrt direkt dazu, da\u00df Themen um China und Ru\u00dfland und Krieg oder Frieden mangelhaft und verzerrt dargestellt werden, soda\u00df der Vorwurf Systemmedien bzw Konzernmedien einen gl\u00e4nzend orchestrierten Kapitalismus offenbart. Wir hoffen <\/span><\/span><span style=\"font-family: Calibri, serif;\"><span lang=\"de\">mit diesen B\u00fcchern dazu beitragen zu k\u00f6nnen, da\u00df die <\/span><\/span><span style=\"font-family: Calibri, serif;\"><span lang=\"de\">\u00fcberzogene D<\/span><\/span><span style=\"font-family: Calibri, serif;\"><span lang=\"de\">ebatte um Corona, <\/span><\/span><span style=\"font-family: Calibri, serif;\"><span lang=\"de\">wenn schon k<\/span><\/span><span style=\"font-family: Calibri, serif;\"><span lang=\"de\">ein Ende findet, <\/span><\/span><span style=\"font-family: Calibri, serif;\"><span lang=\"de\">doch etwas in den Hintergrund tritt, <\/span><\/span><span style=\"font-family: Calibri, serif;\"><span lang=\"de\">denn eigentlich hei\u00dft das Thema: Klima!<\/span><\/span> <span style=\"font-family: Calibri, serif;\"><span lang=\"de\"> \u2026 <\/span><\/span><span style=\"font-family: Calibri, serif;\"><span lang=\"de\">Die obige Men\u00fcleiste l\u00e4\u00dft sich \u00f6ffnen, um in alle B\u00fccherregale zu kucken. <\/span><\/span><span style=\"font-family: Calibri, serif;\"><span lang=\"de\">U<\/span><\/span><span style=\"font-family: Calibri, serif;\"><span lang=\"de\" data-wp-editing=\"1\">nten folgen einige Schaufenster mit interessanten Themen, die sich auch \u00f6ffnen lasse. Viel Spa\u00df beim St\u00f6bern!\u00a0 \u00a0 \u00a0 \u00a0 \u00a0<\/span><\/span><\/span>\u00a0<a href=\"https:\/\/www.instagram.com\/packpapier.verlag?igsh=MWFvc2ExNTNpYXNpdw==\" target=\"_blank\" rel=\"noopener\"><small><big><span lang=\"de\">=&gt;Pack\/instagram=&gt;<\/span><\/big><\/small><\/a><\/p>\n<p>***********************************************************************************<\/p>\n<p>Bildgedichte Dreizeiler F\u00fcnfzeiler <a href=\"https:\/\/www.packpapierverlag.de\/?product=dreizeiler-fuenfzeiler-bildgedichte\" target=\"_blank\" rel=\"noopener\">===&gt;<\/a><\/p>\n<h1><strong>Neue B\u00fccher:<\/strong><\/h1>\n<p><span style=\"font-family: Liberation Serif, serif;\"><span style=\"font-size: medium;\"><a href=\"https:\/\/www.packpapierverlag.de\/?product=veronika-spanke-brief-an-nadja-144-seiten-16e-p199\">Veronika Spanke: Briefe an Nadja<\/a> + Bonustrack: Brief eines Vaters an die verlorene <img loading=\"lazy\" decoding=\"async\" class=\"wp-image-18944 size-thumbnail alignright\" src=\"https:\/\/www.packpapierverlag.de\/wp-content\/uploads\/2025\/06\/250426-Briefe-an-Nadja-150x150.jpg\" alt=\"\" width=\"150\" height=\"150\" srcset=\"https:\/\/www.packpapierverlag.de\/wp-content\/uploads\/2025\/06\/250426-Briefe-an-Nadja-150x150.jpg 150w, https:\/\/www.packpapierverlag.de\/wp-content\/uploads\/2025\/06\/250426-Briefe-an-Nadja-200x200.jpg 200w, https:\/\/www.packpapierverlag.de\/wp-content\/uploads\/2025\/06\/250426-Briefe-an-Nadja-100x100.jpg 100w\" sizes=\"auto, (max-width: 150px) 100vw, 150px\" \/>Tochter, 144 S. A5, 16,00 \u20ac (p199)<\/span><\/span><\/p>\n<p>&nbsp;<\/p>\n<p><a href=\"https:\/\/www.packpapierverlag.de\/?product=annette-schlemm-chey-topien-500-e-p194\" target=\"_blank\" rel=\"noopener\">Annette Schlemm: <i>Chey-Topien<\/i><\/a> \u2013 Oder was w\u00e4re wenn es kein Privateigentum <img loading=\"lazy\" decoding=\"async\" class=\"alignleft wp-image-18631 size-medium\" src=\"https:\/\/www.packpapierverlag.de\/wp-content\/uploads\/2025\/02\/p194-Cheytopien-206x300.jpg\" sizes=\"auto, (max-width: 206px) 100vw, 206px\" srcset=\"https:\/\/www.packpapierverlag.de\/wp-content\/uploads\/2025\/02\/p194-Cheytopien-206x300.jpg 206w, https:\/\/www.packpapierverlag.de\/wp-content\/uploads\/2025\/02\/p194-Cheytopien-300x436.jpg 300w, https:\/\/www.packpapierverlag.de\/wp-content\/uploads\/2025\/02\/p194-Cheytopien.jpg 406w\" alt=\"\" width=\"206\" height=\"300\" \/>g\u00e4be? 60 S. A5, 5,00 \u20ac (p194)<\/p>\n<p>Lothar Wolfstetter, <a href=\"https:\/\/www.packpapierverlag.de\/?product=lothar-wolfstetter-der-bauern-und-taeuferaufstand-790-e-p196\" target=\"_blank\" rel=\"noopener\">DER BAUERN- UND T\u00c4UFERAUFSTAND<\/a> VON 1525 HEUTE<\/p>\n<p>90 Seiten, 7,90 \u20ac (p196)<\/p>\n<p>Gusto Gr\u00e4ser, <a href=\"https:\/\/www.packpapierverlag.de\/?product=ulrich-holbein-gusto-graeser-tauwind-2000-e-p195\" target=\"_blank\" rel=\"noopener\">DRUM TAUWIND INS WINTERLAND!<\/a> TAO-WIND IN DIE HIRNFROSTIG VERFROHRENE WELT! Sein Leben in Wort und Bild. Hrg. v. Ulrich Holbein zs. m. Hermann M\u00fcller und Herrmann Cropp. 252 Seiten mit vielen Abb, 20,00 \u20ac (p195)<\/p>\n<p>Silvia Fischer: Der Vagabundenblog: <a href=\"https:\/\/www.packpapierverlag.de\/?product=silvia-fischer-vom-leben-ohne-geld-170-seiten-16-e-p197\" target=\"_blank\" rel=\"noopener\">Vom Leben ohne Geld<\/a>, 170 Seiten, 16,-\u20ac (p197)<\/p>\n<p><a href=\"https:\/\/www.packpapierverlag.de\/?product=silvia-fischer-aussteigerin-im-lkw-48-seiten-3-e-p198\" target=\"_blank\" rel=\"noopener\">Silvia Fischer: Wie ich<\/a> als Aussteigerin im LKW in S\u00fcdfrankreich lebte, 48 Seiten, 3,-\u20ac mit 16 farbigen Fotos zum nachtr\u00e4umen. (p198)<\/p>\n<p>Gusto Gr\u00e4ser: 4 <a href=\"https:\/\/www.packpapierverlag.de\/?post_type=product&amp;p=18639&amp;preview=true\" target=\"_blank\" rel=\"noopener\">Gedichte und Flugschriften<\/a>, 24 Seiten, 1,-\u20ac (l45)<\/p>\n<p>Musik von Walter von Lingen \/ Klangspielwiese \u2013 hier gibts einige<a href=\"https:\/\/www.packpapierverlag.de\/?product=musik-von-walter-von-lingen-diverse-cds-m01-6e\" target=\"_blank\" rel=\"noopener\"> CDs (m01) 6\u20ac<\/a> und eine <a href=\"https:\/\/www.packpapierverlag.de\/?product=musik-von-walter-von-lingen-klangspielwiese-dvd-m02-12e\" target=\"_blank\" rel=\"noopener\">DVD (m02) 12\u20ac<\/a>aus seinem langj\u00e4hrigen Schaffen<br \/>\n<a href=\"https:\/\/www.packpapierverlag.de\/?product=wilhelm-weitling-kerkerpoesien-p192-3\" target=\"_blank\" rel=\"noopener\">Wilhelm Weitling: Kerkerpoesien<\/a>, 64 Seiten mit 4 Faksimiles und Nachwort, (p192) 3,-<br \/>\nSchwendter ua: Alternativbewegung, <a href=\"https:\/\/www.packpapierverlag.de\/?product=schwendter-ua-alternativbewegung-oekologie-und-sozialarbeit-e142-1190e\" target=\"_blank\" rel=\"noopener\">O\u0308kologie und Sozialarbeit, 136 S (e142)<\/a> 11,90\u20ac<br \/>\n<a href=\"https:\/\/www.packpapierverlag.de\/?product=peter-brueckner-freiheit-gleichheit-sicherheit-168-s-e143-1290e\" target=\"_blank\" rel=\"noopener\">Peter Br\u00fcckner: Freiheit<\/a>, Gleichheit, Sicherheit \u2013 168 S (e143) 12,90\u20ac<br \/>\nKatja Dahnke: <a href=\"https:\/\/www.packpapierverlag.de\/?product=katja-dahnke-ich-war-punk-104-s-11abb-e144-1190e\" target=\"_blank\" rel=\"noopener\">Ich war Punk<\/a> 104 S.+11abb. (e144) 11,90\u20ac<br \/>\n<a href=\"https:\/\/www.packpapierverlag.de\/?product=leo-kofler-vergeistigung-der-herrschaft-i-128-s-e145-990e\" target=\"_blank\" rel=\"noopener\">Leo Kofler: Vergeistigung<\/a> der Herrschaft I 128 S (e145) 9,90\u20ac<br \/>\n<a href=\"https:\/\/www.packpapierverlag.de\/?product=schwendter-zur-konkreten-utopie-gesellschaftlicher-arbeit-156-s-e147-890e\" target=\"_blank\" rel=\"noopener\">Schwendter: Zur konkreten Utopie<\/a> gesellschaftlicher Arbeit 156 S (e147) 8,90\u20ac<\/p>\n<p><strong>Ossietzky \u2013 Zweiwochenschrift: <a href=\"https:\/\/www.packpapierverlag.de\/?product=ossietzky-was-ist-links-was-ist-rechts-e141-64s-5-e\" target=\"_blank\" rel=\"noopener\">Was ist links? Was ist rechts? (e141) 64 Seiten<\/a> 5,-<\/strong><\/p>\n<p><a href=\"https:\/\/www.packpapierverlag.de\/?product=michel-foucault-das-wahrsprechen-des-anderen-100-s-990-e131\" target=\"_blank\" rel=\"noopener\">Michel Foucault: Das Wahrsprechen des Anderen<\/a> 100 S \u2013 9,90 (e131)<\/p>\n<p><a href=\"https:\/\/www.packpapierverlag.de\/?product=h-j-krahl-vom-ende-der-abstrakten-arbeit-220-s-1090-e132\" target=\"_blank\" rel=\"noopener\">H.J.Krahl, Vom Ende der abstrakten Arbeit<\/a>, 220 S \u2013 11,90 (e132)<\/p>\n<p><a href=\"https:\/\/www.packpapierverlag.de\/?product=lukacs-ua-geschichte-und-klassenbewusstsein-heute-3-990-e133\" target=\"_blank\" rel=\"noopener\">Luk\u00e1cs, ua: Geschichte und Klassenbewu\u00dftsein heute<\/a> 3, 9,90 (e133)<\/p>\n<p><a href=\"https:\/\/www.packpapierverlag.de\/?product=bettelheim-ua-subjektive-autonomie-152-s-1490-e134\" target=\"_blank\" rel=\"noopener\">Bettelheim ua: Subjektive Autonomie<\/a>, 152 S. 14,90 (e134)<\/p>\n<p><a href=\"https:\/\/www.packpapierverlag.de\/?product=wolfstetter-ua-kulturelle-identitaet-118-seiten-1190-e-e135\" target=\"_blank\" rel=\"noopener\">Wolfstetter ua, Kulturelle Identit\u00e4t<\/a>, 118 Seiten \u2013 11,90 \u20ac (e135)<\/p>\n<p><a href=\"https:\/\/www.packpapierverlag.de\/?product=adorno-ua-der-autoritaere-charakter-heute-108-s-a5-1190-e136\" target=\"_blank\" rel=\"noopener\">Adorno ua. Der autorit\u00e4re Charakter heute<\/a>, 108 S. A5 11,90 (e136)<\/p>\n<p><a href=\"https:\/\/www.packpapierverlag.de\/?product=die-vierte-einsamkeit-p188-50-seiten-a5-e5\" target=\"_blank\" rel=\"noopener\">Die Vierte Einsamkeit<\/a> (p188) 50 Seiten A5<br \/>\n<a href=\"https:\/\/www.packpapierverlag.de\/?product=arno-holz-phantasus-gedichte-60-seiten-a5-5-l46\" target=\"_blank\" rel=\"noopener\">Arno Holz: Phantasus \u2013 Gedichte<\/a>, 60 S. A5, 5,- (l46)<\/p>\n<p><a href=\"https:\/\/www.packpapierverlag.de\/?product=gerald-grueneklee-wider-den-impfzwang-50-s-a5-5-p186\" target=\"_blank\" rel=\"noopener\">Gerald Gr\u00fcneklee: Wider den Impfzwang<\/a>, 50 S. A5, 5,- (p186)<\/p>\n<p><span style=\"font-size: large;\"><span style=\"font-family: Calibri, serif;\"><span lang=\"de\" data-wp-editing=\"1\"><a href=\"https:\/\/www.packpapierverlag.de\/wp-content\/uploads\/2021\/12\/02-Versand.jpg\"><img loading=\"lazy\" decoding=\"async\" class=\"alignright wp-image-15530\" src=\"https:\/\/www.packpapierverlag.de\/wp-content\/uploads\/2021\/12\/02-Versand-300x107.jpg\" alt=\"\" width=\"400\" height=\"142\" srcset=\"https:\/\/www.packpapierverlag.de\/wp-content\/uploads\/2021\/12\/02-Versand-300x107.jpg 300w, https:\/\/www.packpapierverlag.de\/wp-content\/uploads\/2021\/12\/02-Versand.jpg 743w\" sizes=\"auto, (max-width: 400px) 100vw, 400px\" \/><\/a><\/span><\/span><\/span><\/p>\n<p>&nbsp;<\/p>\n<h1 lang=\"de\" style=\"text-align: right;\"><span style=\"font-family: Calibri, serif;\"><span style=\"font-size: small;\"><span style=\"font-size: large;\"><b> Ve<\/b><\/span><span style=\"font-size: large;\"><b>rsand-<\/b><\/span><span style=\"font-size: large;\"><b>Sp<\/b><\/span><span style=\"font-size: large;\"><b>ielregeln:<\/b><\/span> <span style=\"font-size: large;\">(anklicken: wi<\/span><span style=\"font-size: large;\">rd<\/span><span style=\"font-size: large;\"> gr\u00f6\u00dfer) <\/span><\/span><\/span><\/h1>\n<h1><span style=\"font-size: large;\"><span style=\"font-family: Calibri, serif;\"><span lang=\"de\"><b>Postkarten schreiben<\/b><\/span><\/span><span style=\"font-family: Calibri, serif;\"><span lang=\"de\"> statt p<\/span><\/span><span style=\"font-family: Calibri, serif;\"><span lang=\"de\">osten &#8230;<\/span><\/span><span style=\"font-family: Calibri, serif;\"><span lang=\"de\"> \u00a0\u00a0\u00a0\u00a0\u00a0\u00a0\u00a0\u00a0\u00a0\u00a0\u00a0\u00a0\u00a0\u00a0\u00a0\u00a0\u00a0\u00a0 <\/span><\/span><span style=\"font-family: Calibri, serif;\"><span lang=\"de\">oder <\/span><\/span><span style=\"font-family: Calibri, serif;\"><span lang=\"de\"><b>Aufkleber <\/b><\/span><\/span><span style=\"font-family: Calibri, serif;\"><span lang=\"de\">wenns zu bunt wird<\/span><\/span><span style=\"font-family: Calibri, serif;\"><span lang=\"de\"> \/ <\/span><\/span><span style=\"font-family: Calibri, serif;\"><span lang=\"de\">(anklicken: wi<\/span><\/span><span style=\"font-family: Calibri, serif;\"><span lang=\"de\">rd<\/span><\/span><span style=\"font-family: Calibri, serif;\"><span lang=\"de\"> gr\u00f6\u00dfer) <\/span><\/span><\/span><\/h1>\n<p><a href=\"https:\/\/www.packpapierverlag.de\/wp-content\/uploads\/2021\/12\/03-Schaufenster-PK.jpg\"><img loading=\"lazy\" decoding=\"async\" class=\"alignleft wp-image-15531\" src=\"https:\/\/www.packpapierverlag.de\/wp-content\/uploads\/2021\/12\/03-Schaufenster-PK-1024x613.jpg\" alt=\"\" width=\"400\" height=\"239\" srcset=\"https:\/\/www.packpapierverlag.de\/wp-content\/uploads\/2021\/12\/03-Schaufenster-PK-1024x613.jpg 1024w, https:\/\/www.packpapierverlag.de\/wp-content\/uploads\/2021\/12\/03-Schaufenster-PK-300x180.jpg 300w, https:\/\/www.packpapierverlag.de\/wp-content\/uploads\/2021\/12\/03-Schaufenster-PK.jpg 1308w\" sizes=\"auto, (max-width: 400px) 100vw, 400px\" \/><\/a><\/p>\n<p>&nbsp;<\/p>\n<p>&nbsp;<\/p>\n<p>&nbsp;<\/p>\n<p><a href=\"https:\/\/www.packpapierverlag.de\/wp-content\/uploads\/2021\/12\/04-Schaufenster-Aufkleber.jpg\"><img loading=\"lazy\" decoding=\"async\" class=\"alignright wp-image-15532\" src=\"https:\/\/www.packpapierverlag.de\/wp-content\/uploads\/2021\/12\/04-Schaufenster-Aufkleber-300x141.jpg\" alt=\"\" width=\"400\" height=\"188\" srcset=\"https:\/\/www.packpapierverlag.de\/wp-content\/uploads\/2021\/12\/04-Schaufenster-Aufkleber-300x141.jpg 300w, https:\/\/www.packpapierverlag.de\/wp-content\/uploads\/2021\/12\/04-Schaufenster-Aufkleber-1024x481.jpg 1024w, https:\/\/www.packpapierverlag.de\/wp-content\/uploads\/2021\/12\/04-Schaufenster-Aufkleber.jpg 1509w\" sizes=\"auto, (max-width: 400px) 100vw, 400px\" \/><\/a><\/p>\n<p>&nbsp;<\/p>\n<p>&nbsp;<\/p>\n<p>&nbsp;<\/p>\n<p>&nbsp;<\/p>\n<p>&nbsp;<\/p>\n<p>&nbsp;<\/p>\n<p>&nbsp;<\/p>\n<h1 lang=\"de\">.\u00a0\u00a0\u00a0\u00a0\u00a0\u00a0\u00a0\u00a0\u00a0\u00a0\u00a0\u00a0\u00a0\u00a0\u00a0\u00a0\u00a0\u00a0\u00a0\u00a0\u00a0\u00a0\u00a0\u00a0\u00a0\u00a0\u00a0\u00a0\u00a0\u00a0\u00a0\u00a0\u00a0\u00a0\u00a0\u00a0\u00a0\u00a0 <a href=\"https:\/\/www.packpapierverlag.de\/?product_cat=postkarten\">(===&gt;)\u00a0<\/a>\u00a0\u00a0\u00a0\u00a0\u00a0\u00a0\u00a0\u00a0\u00a0\u00a0\u00a0\u00a0\u00a0\u00a0\u00a0\u00a0\u00a0\u00a0\u00a0\u00a0\u00a0\u00a0\u00a0\u00a0\u00a0\u00a0\u00a0\u00a0\u00a0\u00a0\u00a0\u00a0\u00a0\u00a0\u00a0\u00a0 <a href=\"https:\/\/www.packpapierverlag.de\/?product_cat=aufkleber-sticker-aufnaher\">(===&gt;)<\/a><\/h1>\n<p lang=\"de\"><span style=\"font-family: Calibri, serif;\"><span style=\"font-size: x-large;\"><b>Dadalogie, Boheme, <\/b><b>etc p.p.oesie &#8230;<\/b><\/span><\/span><span style=\"font-family: Calibri, serif;\"><span style=\"font-size: x-large;\"><b>\u00a0<\/b> <b>Ethno-Utopien, Indianer,<\/b> <b>Baumbewohnende &#8230;<\/b><\/span><\/span><\/p>\n<p data-wp-editing=\"1\"><a href=\"https:\/\/www.packpapierverlag.de\/wp-content\/uploads\/2021\/12\/05-Schaufenster-Dada.jpg\"><img loading=\"lazy\" decoding=\"async\" class=\"alignleft wp-image-15533\" src=\"https:\/\/www.packpapierverlag.de\/wp-content\/uploads\/2021\/12\/05-Schaufenster-Dada-300x250.jpg\" alt=\"\" width=\"450\" height=\"375\" srcset=\"https:\/\/www.packpapierverlag.de\/wp-content\/uploads\/2021\/12\/05-Schaufenster-Dada-300x250.jpg 300w, https:\/\/www.packpapierverlag.de\/wp-content\/uploads\/2021\/12\/05-Schaufenster-Dada-1024x853.jpg 1024w, https:\/\/www.packpapierverlag.de\/wp-content\/uploads\/2021\/12\/05-Schaufenster-Dada.jpg 1248w\" sizes=\"auto, (max-width: 450px) 100vw, 450px\" \/><\/a><\/p>\n<p>&nbsp;<\/p>\n<p>&nbsp;<\/p>\n<p>&nbsp;<\/p>\n<p>&nbsp;<\/p>\n<p><a href=\"https:\/\/www.packpapierverlag.de\/wp-content\/uploads\/2021\/12\/06-Schaufenster-Indianer.jpg\"><img loading=\"lazy\" decoding=\"async\" class=\"alignright wp-image-15534\" src=\"https:\/\/www.packpapierverlag.de\/wp-content\/uploads\/2021\/12\/06-Schaufenster-Indianer-300x268.jpg\" alt=\"\" width=\"400\" height=\"357\" srcset=\"https:\/\/www.packpapierverlag.de\/wp-content\/uploads\/2021\/12\/06-Schaufenster-Indianer-300x268.jpg 300w, https:\/\/www.packpapierverlag.de\/wp-content\/uploads\/2021\/12\/06-Schaufenster-Indianer-1024x914.jpg 1024w, https:\/\/www.packpapierverlag.de\/wp-content\/uploads\/2021\/12\/06-Schaufenster-Indianer.jpg 1098w\" sizes=\"auto, (max-width: 400px) 100vw, 400px\" \/><\/a><\/p>\n<p>&nbsp;<\/p>\n<p>&nbsp;<\/p>\n<p>&nbsp;<\/p>\n<p>&nbsp;<\/p>\n<p>&nbsp;<\/p>\n<p>&nbsp;<\/p>\n<h4 lang=\"de\"><\/h4>\n<h4 lang=\"de\">(anklicken: wird gr\u00f6\u00dfer) \u00a0\u00a0 \u00a0\u00a0 \u00a0\u00a0 \u00a0\u00a0 \u00a0\u00a0 \u00a0\u00a0 \u00a0\u00a0 \u00a0\u00a0<span style=\"font-family: Calibri, serif;\"><span style=\"font-size: x-large;\"><a href=\"https:\/\/www.packpapierverlag.de\/?page_id=15853\">(===&gt;)<\/a>\u00a0\u00a0\u00a0\u00a0\u00a0\u00a0\u00a0\u00a0\u00a0\u00a0\u00a0\u00a0\u00a0\u00a0\u00a0\u00a0\u00a0\u00a0\u00a0\u00a0\u00a0\u00a0\u00a0\u00a0\u00a0\u00a0\u00a0\u00a0\u00a0\u00a0\u00a0\u00a0\u00a0\u00a0\u00a0\u00a0\u00a0 <a href=\"https:\/\/www.packpapierverlag.de\/?product_cat=indianer-poster-texte\">(===&gt;)<\/a><\/span><\/span><\/h4>\n<p>.<\/p>\n<p>.<\/p>\n<p lang=\"de\" style=\"text-align: left;\"><span style=\"font-family: Calibri, serif;\"><span style=\"font-size: small;\"><span style=\"font-size: x-large;\"><b>die Poster f\u00fcrs h\u00e4usliche Handwerk:<\/b><\/span> <\/span><\/span><\/p>\n<p>&nbsp;<\/p>\n<p><img loading=\"lazy\" decoding=\"async\" class=\"size-full wp-image-15535 aligncenter\" src=\"https:\/\/www.packpapierverlag.de\/wp-content\/uploads\/2021\/12\/07-Schaufenster-Poster.jpg\" alt=\"\" width=\"800\" height=\"191\" srcset=\"https:\/\/www.packpapierverlag.de\/wp-content\/uploads\/2021\/12\/07-Schaufenster-Poster.jpg 800w, https:\/\/www.packpapierverlag.de\/wp-content\/uploads\/2021\/12\/07-Schaufenster-Poster-300x72.jpg 300w\" sizes=\"auto, (max-width: 800px) 100vw, 800px\" \/><\/p>\n<p>.<\/p>\n<p style=\"text-align: left;\"><span style=\"font-size: large;\"><span style=\"font-family: Calibri, serif;\"><span lang=\"de\">zu den Postern: <a href=\"https:\/\/www.packpapierverlag.de\/?product_cat=plakate-ernahrung-und-gesundheit\">(===&gt;)<\/a><\/span><\/span> <\/span><\/p>\n<p>.<\/p>\n<p>.<\/p>\n<p lang=\"de\"><span style=\"font-family: Calibri, serif;\"><span style=\"font-size: large;\"><b>f\u00fcr lange Abende mit Kindern, zum selber buntmalen, auf Recyclingkarton:<\/b><\/span><\/span><\/p>\n<p lang=\"de\"><img loading=\"lazy\" decoding=\"async\" class=\"alignleft size-full wp-image-15536\" src=\"https:\/\/www.packpapierverlag.de\/wp-content\/uploads\/2021\/12\/08-Schaufenster-Spiele.jpg\" alt=\"\" width=\"1024\" height=\"205\" srcset=\"https:\/\/www.packpapierverlag.de\/wp-content\/uploads\/2021\/12\/08-Schaufenster-Spiele.jpg 1024w, https:\/\/www.packpapierverlag.de\/wp-content\/uploads\/2021\/12\/08-Schaufenster-Spiele-300x60.jpg 300w\" sizes=\"auto, (max-width: 1024px) 100vw, 1024px\" \/><\/p>\n<p>&nbsp;<\/p>\n<p>&nbsp;<\/p>\n<p>&nbsp;<\/p>\n<p><span style=\"font-family: Calibri, serif;\"><span style=\"font-size: large;\">\u00a0zu den Spielen <a href=\"https:\/\/www.packpapierverlag.de\/?product_cat=kinderbucher-spiele\">(===&gt;) <\/a><\/span><\/span><\/p>\n<p>.<\/p>\n<p>.<\/p>\n<p><span style=\"font-family: Calibri, serif;\"><span style=\"font-size: large;\"><span lang=\"de\">Nicht vergessen : es ist <\/span><\/span><\/span><span style=\"font-family: Calibri, serif;\"><span style=\"font-size: large;\"><span lang=\"de\">die<\/span><\/span><\/span> <span style=\"font-family: Calibri, serif;\"><span style=\"font-size: large;\"><span lang=\"de\"><u><b>Pandemie des Neoliberalismus<\/b><\/u><\/span><\/span><\/span><span style=\"font-family: Calibri, serif;\"><span style=\"font-size: large;\"><span lang=\"de\">, nicht der Kinder, der Armen <\/span><\/span><\/span><span style=\"font-family: Calibri, serif;\"><span style=\"font-size: large;\"><span lang=\"de\">und<\/span><\/span><\/span> <span style=\"font-family: Calibri, serif;\"><span style=\"font-size: large;\"><span lang=\"de\">K<\/span><\/span><\/span><span style=\"font-family: Calibri, serif;\"><span style=\"font-size: large;\"><span lang=\"de\">aputtgesparten &#8230; Vorschlag, Lindner raus aus dem Finanzministerium und alles Geld in eine soziale Gesundheitspolitik! Oder alternativ befasse man sich mit sozialer Notwehr: ein Sonderdruck aus der Natur 12\/1986 mit dem Interview von <\/span><\/span><\/span><span style=\"font-family: Calibri, serif;\"><span style=\"font-size: large;\"><span lang=\"de\"><u><b>G\u00fcnther Anders &#8222;Von Notstand und Notwehr&#8220;<\/b><\/u><\/span><\/span><\/span><span style=\"font-family: Calibri, serif;\"><span style=\"font-size: large;\"><span lang=\"de\"> gibt es f\u00fcr 0,50 bei jeder Bestellung dazu, das aktuelle Interview von Tadzio M\u00fcller zum selben Thema gibts online unter <\/span><\/span><\/span><a href=\"http:\/\/www.unauf.de\/2021\/tadzio-mueller-klimaschutz-politik-wahl-bundestag-abgeordnetenhaus\/\"><span style=\"font-size: large;\">www.unauf.de\/2021\/tadzio-mueller-klimaschutz-politik-wahl-bundestag-abgeordnetenhaus\/<\/span><\/a> <span style=\"font-family: Calibri, serif;\"><span style=\"font-size: large;\"><span lang=\"de\">auch zu empfehlen von J\u00fcrgen Tallig zur Klimakatastrophe <\/span><\/span><\/span><a href=\"https:\/\/deref-web.de\/mail\/client\/uPIxZ4ng9lw\/dereferrer\/?redirectUrl=https%3A%2F%2Fwww.blaetter.de%2Fnode%2F30443%2Fdownload\" target=\"_blank\" rel=\"noopener\"><span style=\"font-size: large;\">https:\/\/www.blaetter.de\/node\/30443\/download<\/span><\/a><\/p>\n<p>.<\/p>\n<p>.<\/p>\n<p lang=\"de\"><a href=\"https:\/\/www.packpapierverlag.de\/wp-content\/uploads\/2021\/12\/p199schlemmIPCC.jpg\"><img loading=\"lazy\" decoding=\"async\" class=\"alignleft wp-image-15579 size-medium\" src=\"https:\/\/www.packpapierverlag.de\/wp-content\/uploads\/2021\/12\/p199schlemmIPCC-208x300.jpg\" alt=\"\" width=\"208\" height=\"300\" srcset=\"https:\/\/www.packpapierverlag.de\/wp-content\/uploads\/2021\/12\/p199schlemmIPCC-208x300.jpg 208w, https:\/\/www.packpapierverlag.de\/wp-content\/uploads\/2021\/12\/p199schlemmIPCC-300x432.jpg 300w, https:\/\/www.packpapierverlag.de\/wp-content\/uploads\/2021\/12\/p199schlemmIPCC-710x1024.jpg 710w, https:\/\/www.packpapierverlag.de\/wp-content\/uploads\/2021\/12\/p199schlemmIPCC.jpg 800w\" sizes=\"auto, (max-width: 208px) 100vw, 208px\" \/><\/a> <span style=\"font-family: Calibri, sans-serif;\"><span style=\"font-size: large;\"><b>Annette Schlemm: Update zum Klima-Umbruch, \u00fcber den neuen IPCC-Bericht, 28 Seiten, illustriert 2,- <\/b><b>(p199)<\/b> (als Erg\u00e4nzung auch enthalten in p182 Klimawandel und Solidarit\u00e4t) Im Gegensatz zu fr\u00fcheren Sachstandsberichten wird der Klimawandel nicht mehr vorhergesagt, sondern er ist eingetroffen. Die IPCC-Berichte werden von Beginn an von der Szene der Klimawandelleugner und -verharmloser angegriffen, die Vorhersagen sind jedoch zumeist auch eingetroffen bzw. wurden \u00fcbertroffen. <a href=\"https:\/\/www.packpapierverlag.de\/?product=schlemm-update-zum-neuen-ipcc-bericht-2-p182a\">===&gt; zum Buch (Warenkorb)<\/a><br \/>\n<\/span><\/span><\/p>\n<p>.<\/p>\n<p>.<\/p>\n<p><span style=\"font-size: large;\"><span style=\"font-family: Calibri, sans-serif;\"><span lang=\"de\"><b><a href=\"https:\/\/www.packpapierverlag.de\/wp-content\/uploads\/2021\/12\/p185corona.jpg\"><img loading=\"lazy\" decoding=\"async\" class=\"alignright wp-image-15578 size-medium\" src=\"https:\/\/www.packpapierverlag.de\/wp-content\/uploads\/2021\/12\/p185corona-210x300.jpg\" alt=\"\" width=\"210\" height=\"300\" srcset=\"https:\/\/www.packpapierverlag.de\/wp-content\/uploads\/2021\/12\/p185corona-210x300.jpg 210w, https:\/\/www.packpapierverlag.de\/wp-content\/uploads\/2021\/12\/p185corona-300x429.jpg 300w, https:\/\/www.packpapierverlag.de\/wp-content\/uploads\/2021\/12\/p185corona.jpg 440w\" sizes=\"auto, (max-width: 210px) 100vw, 210px\" \/><\/a>Gerald Gr\u00fcneklee: Corona &#8211; Gegenwart und Zukunft unter dem Virus, 150 Seiten, 15,-\u20ac <\/b><\/span><\/span><span style=\"font-family: Calibri, sans-serif;\"><span lang=\"de\"><b>(p185) &#8211; <\/b><\/span><\/span><span style=\"font-family: Calibri, sans-serif;\"><span lang=\"de\">eine hilfreiche <\/span><\/span><span style=\"font-family: Calibri, sans-serif;\"><span lang=\"de\">\u00dcbersichtsarbeit, die die wesentlichen Entwicklungen der Coronapolitik zusammenfa\u00dft. Was in der t\u00e4glichen Aufregung, den Nachrichten und Kommentaren unterzugehen droht, wird bei einer sorgf\u00e4ltigen Lekt\u00fcre sichtbar, es sind die Armutsprobleme, Ignoranz gegen\u00fcber dem globalen S\u00fcden, die Spaltung der Gesellschaft, sozialer Abstieg ganzer Berufsgruppen. <\/span><\/span><span style=\"font-family: Calibri, sans-serif;\"><span lang=\"de\">Zudem geht es um Fragen individueller Freiheit im Gegensatz zum Gemeinwohl, der k<\/span><\/span><span style=\"font-family: Calibri, sans-serif;\"><span lang=\"de\">\u00f6rperlichen Selbstbestimmung, (ua. findet Foucault Erw\u00e4hnung), um Fragen der Ideologisierung, etwa ob hier &#8222;die Linke&#8220; versagt habe, denn eine Schw\u00e4che des gesamten Diskurses ist die pauschale Kritik &#8222;der Linken&#8220;, deren konkrete Existenz ohnehin fraglich erscheint, Ideologiekritik ist zwar richtig, aber der Adressat k\u00f6nnte besser ausgew\u00e4hlt sein. Dieses Buch kann schon helfen im Kopf aufzur\u00e4umen. <a href=\"https:\/\/www.packpapierverlag.de\/?product=grueneklee-corona150-seiten-15-e-p185\">===&gt; zum Buch (Warenkorb)\u00a0<\/a> + siehe auch <a href=\"https:\/\/www.packpapierverlag.de\/?page_id=15983\">==&gt;<\/a><br \/>\n<\/span><\/span><\/span><\/p>\n<p>.<\/p>\n<p>.<br clear=\"left\" \/><span style=\"font-family: Calibri, sans-serif;\"><span style=\"font-size: large;\"><span lang=\"de\"><b><a href=\"https:\/\/www.packpapierverlag.de\/wp-content\/uploads\/2021\/12\/p183-MostKapital.jpg\"><img loading=\"lazy\" decoding=\"async\" class=\"alignleft wp-image-15576 size-medium\" src=\"https:\/\/www.packpapierverlag.de\/wp-content\/uploads\/2021\/12\/p183-MostKapital-210x300.jpg\" alt=\"\" width=\"210\" height=\"300\" srcset=\"https:\/\/www.packpapierverlag.de\/wp-content\/uploads\/2021\/12\/p183-MostKapital-210x300.jpg 210w, https:\/\/www.packpapierverlag.de\/wp-content\/uploads\/2021\/12\/p183-MostKapital-300x428.jpg 300w, https:\/\/www.packpapierverlag.de\/wp-content\/uploads\/2021\/12\/p183-MostKapital.jpg 427w\" sizes=\"auto, (max-width: 210px) 100vw, 210px\" \/><\/a>Most: Kapital und Arbeit, 76 Seiten, 7,-\u20ac <\/b><\/span><span lang=\"de\"><b>(p183) <\/b><\/span><span lang=\"de\">Zur Popularisierung von Karl Marx&#8216; Theorie verfa\u00dfte Johann Most w\u00e4hrend verschiedener Gef\u00e4ngnisaufenthalte diese allgemeinverst\u00e4ndliche Fassung von Kapital und Arbeit. Marx selbst hat diese Schrift auf Bitten von politischen Freunden redigiert, die dann in der &#8222;zweiten verbesserten Auflage&#8220; 1876 erschien. Mit der erneuten Herausgabe 150 Jahre sp\u00e4ter hoffen wir auf viele interessierte Leser. Mit einem biografischen Nachwort von Gerald Gr\u00fcneklee. <a href=\"https:\/\/www.packpapierverlag.de\/?product=most-kapital-und-arbeit-76-seiten-7-e-p183\">===&gt; zum Buch (Warenkorb) <\/a><br \/>\n<\/span><\/span><\/span><\/p>\n<p>.<\/p>\n<p>.<\/p>\n<p lang=\"de\"><span style=\"font-family: Calibri, sans-serif;\"><span style=\"font-size: large;\"><b><a href=\"https:\/\/www.packpapierverlag.de\/wp-content\/uploads\/2021\/12\/p184Erziehung.jpg\"><img loading=\"lazy\" decoding=\"async\" class=\"alignright wp-image-15577 size-medium\" src=\"https:\/\/www.packpapierverlag.de\/wp-content\/uploads\/2021\/12\/p184Erziehung-208x300.jpg\" alt=\"\" width=\"208\" height=\"300\" srcset=\"https:\/\/www.packpapierverlag.de\/wp-content\/uploads\/2021\/12\/p184Erziehung-208x300.jpg 208w, https:\/\/www.packpapierverlag.de\/wp-content\/uploads\/2021\/12\/p184Erziehung-300x432.jpg 300w, https:\/\/www.packpapierverlag.de\/wp-content\/uploads\/2021\/12\/p184Erziehung.jpg 640w\" sizes=\"auto, (max-width: 208px) 100vw, 208px\" \/><\/a>Annette Schlemm: &#8222;We don&#8217;t need no education!&#8220; Unterst\u00fctzung statt Erziehung, 34 Seiten, 3,- (p184)<\/b><\/span><\/span><\/p>\n<p lang=\"de\"><span style=\"font-family: Calibri, sans-serif;\"><span style=\"font-size: large;\">Das Kind ist von Beginn an ein gesellschaftliches Wesen, eingebunden in das Netzwerk gesellschaftlicher Arbeit, bei der die Menschen sich ihre notwendigen Lebensbedingungen erarbeiten. Allerdings leitet sich daraus nicht ab, ob, wieviel genau und wer sich wann wie einbringen mu\u00df, es gilt eine M\u00f6glichkeitsbeziehung. <a href=\"https:\/\/www.packpapierverlag.de\/?product=annette-schlemm-we-dont-need-no-education-3-p184\">===&gt; zum Buch (Warenkorb)\u00a0<\/a><br \/>\n<\/span><\/span><\/p>\n<p>.<\/p>\n<p>.<\/p>\n<p><a href=\"https:\/\/www.packpapierverlag.de\/wp-content\/uploads\/2021\/12\/c04-Fahrradbuch.jpg\"><img loading=\"lazy\" decoding=\"async\" class=\"alignleft wp-image-15552 size-medium\" src=\"https:\/\/www.packpapierverlag.de\/wp-content\/uploads\/2021\/12\/c04-Fahrradbuch-208x300.jpg\" alt=\"\" width=\"208\" height=\"300\" \/><\/a><span style=\"font-family: Calibri, sans-serif;\"><span style=\"font-size: large;\"><span lang=\"de\"><b>Das gro\u00dfe Fahrradbuch, 250 Seiten, 400 Fotos und Zeichnungen, 10,- (c04) <\/b><\/span><span lang=\"de\">Reparaturen aller Art vom Platten bis zum Rahmenbruch, auch f\u00fcr unterwegs ohne Werkstatt. Alle Fahrradbau- und Reparaturtips, Tips zum Fahrradkauf. Dreigangnaben, Kettenschaltung, Uralt-Naben, Bau eines Chopper-Rades, auch als Tandem, Bauanleitung f\u00fcr gute Tandems aus Schrott, Bauanleitungen f\u00fcr Lastenfahrr\u00e4der, vom B\u00e4cker-Fahrrad bis zum Schwerlastdreirad mit \u00fcber 100 kg Nutzlast. Bauplan eines guten Fahrradanh\u00e4ngers, mehr als 250 Seiten, \u00fcber 400 Zeichnungen und Fotos &#8211; der Sammelband der Fahrradhefte aus der Reihe Einf\u00e4lle statt Abf\u00e4lle von Christian Kuhtz <a href=\"https:\/\/www.packpapierverlag.de\/?product=das-grosse-fahrradbuch-c04\">===&gt; zum Buch (Warenkorb)\u00a0<\/a><br \/>\n<\/span><\/span><\/span><\/p>\n<p>.<\/p>\n<p>.<\/p>\n<p><span style=\"font-family: Calibri, sans-serif;\"><span style=\"font-size: large;\"><span lang=\"de\"><b><a href=\"https:\/\/www.packpapierverlag.de\/wp-content\/uploads\/2021\/12\/e66kropIdee.jpg\"><img loading=\"lazy\" decoding=\"async\" class=\"alignright wp-image-15554 size-medium\" src=\"https:\/\/www.packpapierverlag.de\/wp-content\/uploads\/2021\/12\/e66kropIdee-211x300.jpg\" alt=\"\" width=\"211\" height=\"300\" srcset=\"https:\/\/www.packpapierverlag.de\/wp-content\/uploads\/2021\/12\/e66kropIdee-211x300.jpg 211w, https:\/\/www.packpapierverlag.de\/wp-content\/uploads\/2021\/12\/e66kropIdee-300x427.jpg 300w, https:\/\/www.packpapierverlag.de\/wp-content\/uploads\/2021\/12\/e66kropIdee-720x1024.jpg 720w, https:\/\/www.packpapierverlag.de\/wp-content\/uploads\/2021\/12\/e66kropIdee.jpg 1024w\" sizes=\"auto, (max-width: 211px) 100vw, 211px\" \/><\/a>Kropotkin: Entwicklung der anarchistischen Ideen, 40 Seiten, 2,- \u20ac <\/b><\/span><span lang=\"de\"><b>(e66) <\/b><\/span><span lang=\"de\">Die Schrift &#8222;Entwicklung der anarchistischen Ideen&#8220; ist eine \u00dcbersetzung aus der \u201cEncyclopedie du mouvement syndikaliste\u201c. Es ist eine knappe Zusammenfassung oder auch eine fr\u00fchere Version seiner viel umfangreicheren Schrift &#8222;Moderne Wissenschaft und Anarchismus&#8220;. Beginnend mit den Vorl\u00e4ufern des 18. Jahrhunderts, \u00fcber die Franz\u00f6sische Revolution bis zur den Aigitatoren und Theoretikern Fourier und Proudhon, \u00fcber die internationale Arbeiter-Assoziation, den Kommune-Aufstand bis zu den verschiedenen Auspr\u00e4gungen um die Jahrhundertwende, die mutualistische Richtung, den individualistischen Anarchismus und den kommunistischen Anarchismus. <a href=\"https:\/\/www.packpapierverlag.de\/?product=kropotkin-anarchistische-ideen-e66\">===&gt; zum Buch (Warenkorb)<\/a><br \/>\n<\/span><\/span><\/span><\/p>\n<p>&nbsp;<\/p>\n<p>&nbsp;<\/p>\n<p>&nbsp;<\/p>\n<p>&nbsp;<\/p>\n<p>*********************************************<\/p>\n<p>WEITERE B\u00dcCHERAUSWAHL<\/p>\n<p>*********************************************<\/p>\n<p style=\"text-align: left;\">.<\/p>\n<p style=\"text-align: left;\"><span style=\"color: #234646; font-family: Helvetica,Arial,sans-serif;\"><small><span style=\"font-weight: bold;\"><small>\u00a0<\/small>!!!!!!!!!! HAMBI BLEIBT !!!!!!!!!!!!!!!<\/span><\/small><\/span><\/p>\n<p style=\"text-align: left;\">.<\/p>\n<p><span style=\"color: #234646; font-family: Helvetica,Arial,sans-serif;\"><small><span style=\"font-weight: bold;\"><a href=\"https:\/\/www.packpapierverlag.de\/wp-content\/uploads\/2015\/01\/Baumh\u00e4user-gg-Bagger.jpg\" rel=\"attachment wp-att-6571\"><img loading=\"lazy\" decoding=\"async\" class=\"size-medium wp-image-6571 alignleft\" src=\"https:\/\/www.packpapierverlag.de\/wp-content\/uploads\/2015\/01\/Baumh\u00e4user-gg-Bagger-210x300.jpg\" alt=\"Baumh\u00e4user gg Bagger\" width=\"210\" height=\"300\" srcset=\"https:\/\/www.packpapierverlag.de\/wp-content\/uploads\/2015\/01\/Baumh\u00e4user-gg-Bagger-210x300.jpg 210w, https:\/\/www.packpapierverlag.de\/wp-content\/uploads\/2015\/01\/Baumh\u00e4user-gg-Bagger-300x427.jpg 300w, https:\/\/www.packpapierverlag.de\/wp-content\/uploads\/2015\/01\/Baumh\u00e4user-gg-Bagger-719x1024.jpg 719w, https:\/\/www.packpapierverlag.de\/wp-content\/uploads\/2015\/01\/Baumh\u00e4user-gg-Bagger.jpg 1024w\" sizes=\"auto, (max-width: 210px) 100vw, 210px\" \/><\/a>Mit Baumh\u00e4usern gegen Bagger Geschichten vom Widerstand im rheinischen Braunkohlerevier<\/span><br \/>\nISBN 978-3-931504-55-7\u00a0 <\/small><\/span><br \/>\n<span style=\"color: #234646; font-family: Helvetica,Arial,sans-serif;\"><small>197 Seiten, DIN A5, mit vielen Abbildungen und Farbphotos. Druck auf Umweltpapier, Recycling-Kartonumschlag.<br \/>\nDer Hambacher Forst ist Europas letzter \u201eUrwald\u201c; er ist 12.000 Jahre alt- und bald verschwunden, denn seit Jahren rodet und baggert der Energiekonzern RWE, Europas gr\u00f6\u00dfter Luftverschmutzer, die gr\u00fcne Landschaft zur W\u00fcste. Die Folgen f\u00fcr die Natur sind verheerend, nicht nur direkt vor Ort, sondern auch in Form der weiteren Aufheizung der globalen Temperatur durch die Braunkohleverbrennung. Die weltweiten Folgen sind Klimawandel, Klimakriege, Massenflucht, die lokalen: Zwangsumsiedlung, Bergsch\u00e4den, Feinstaubbelastung, Vernichtung jahrtausendealter Siedlungsgemeinschaften und Kulturr\u00e4ume. Fr\u00fcher w\u00e4ren f\u00fcr das gigantische Vernichtungswerk der RWE Armeen und Kriege n\u00f6tig gewesen, heute gen\u00fcgt eine handvoll monstr\u00f6ser Bagger (im Schnitt 80-90 Meter hoch und 200 Meter lang), die von ein paar Kranf\u00fchrern bedient werden, dazu politischer und sozialer Druck und finanzielle Bestechung. <\/small><\/span><\/p>\n<p>&nbsp;<\/p>\n<p>&nbsp;<\/p>\n<p>&nbsp;<\/p>\n<p>&nbsp;<\/p>\n<p>&nbsp;<\/p>\n<p><span style=\"color: #234646; font-family: Helvetica,Arial,sans-serif;\"><small>Im politisch und ethisch taubstummen Merkelland geschieht nicht viel, um dieses verr\u00fcckte Treiben zu beenden- aber etwas passiert doch! Seit 2012 besetzen Umweltaktivisten mit Baumh\u00e4usern und (Dauer-)Camps den bedrohten Wald, sie blockieren Bagger, leisten Aufkl\u00e4rungsarbeit, vernetzen sich mit internationalen Gruppen und Aktivisten und probieren wie nebenbei in ihren \u201eMonkeyTowns\u201c, \u201eNeul\u00e4ndern\u201c und \u201eSkillsharing Camps\u201c alternative Lebens-, Lern- und Vergemeinschaftungsformen aus- f\u00fcr ein Leben jenseits von Umweltzerst\u00f6rung, Ausbeutung und Konditionierung.<br \/>\nRepressionen, Durchsuchungen, DNA-Abnahmen, Inhaftierungen und R\u00e4umungen durch die Polizei und die privaten Sicherheitsdienste der RWE lassen die Aktivisten nicht den Mut verlieren, sondern sind ihnen Beweis daf\u00fcr, da\u00df es nicht \u201eegal\u201c oder \u201eumsonst\u201c ist, sich gegen die \u201eGro\u00dfen\u201c aufzulehnen, denn jedesmal, wenn sie reagieren und sich erkl\u00e4ren m\u00fcssen, verlieren sie Zeit (beim Baggern) und Ansehen (in der Bev\u00f6lkerung und bei Aktion\u00e4ren), werden sie auf rechtlich d\u00fcnnes Eis gelockt und machen sich immer st\u00e4rker angreifbar.<br \/>\nIm vorliegenden Buch erz\u00e4hlen die Umweltaktivisten ihre Geschichten vom Widerstand, informieren \u00fcber die \u00d6kologie des Waldes, legen Medien- und Politfilz offen, machen sich Gedanken zur Frage, wie Menschen in Frieden miteinander und mit der Natur leben k\u00f6nnen. Vertr\u00e4umt, w\u00fctend, kampflustig, \u00fcberm\u00fctig, optimistisch, nachdenklich &#8211; jeder Widerst\u00e4ndler ist anders und vermutlich ist es gerade die bunte Vielfalt von Menschen und Aktionsformen, die den Widerstand im Hambacher Forst von Jahr zu Jahr weiterleben, wachsen und sich entwickeln l\u00e4\u00dft.<br \/>\nJust im Monat der Herausgabe dieses Buches st\u00fcrmten 800 Aktivisten den Garzweiler Baggerkrater&#8212; alle wurden von der Polizei abgef\u00fchrt und von der RWE wegen Hausfriedensbruchs angezeigt. Der Energieriese reagiert \u00fcberzogen und panisch, die Aktivisten werden weiterk\u00e4mpfen!<br \/>\n<span style=\"font-weight: bold;\">INHALT.<\/span>..und mehr, siehe link:\u00a0<\/small><\/span><\/p>\n<p><span style=\"color: #234646; font-family: Helvetica,Arial,sans-serif;\"><small><a href=\"https:\/\/www.packpapierverlag.de\/?product=mit-baumhausern-gegen-bagger-2\" target=\"_blank\" rel=\"noopener noreferrer\">https:\/\/www.packpapierverlag.de\/?product=mit-baumhausern-gegen-bagger-2<\/a><\/small><\/span><\/p>\n<p>.<\/p>\n<p>.<\/p>\n<p>.<\/p>\n<p><small><big><a href=\"https:\/\/www.packpapierverlag.de\/wp-content\/uploads\/2010\/12\/EsA-Kompostklo.jpg\" rel=\"attachment wp-att-8616\"><img loading=\"lazy\" decoding=\"async\" class=\"size-medium wp-image-8616 alignleft\" src=\"https:\/\/www.packpapierverlag.de\/wp-content\/uploads\/2010\/12\/EsA-Kompostklo-209x300.jpg\" alt=\"EsA Kompostklo\" width=\"209\" height=\"300\" srcset=\"https:\/\/www.packpapierverlag.de\/wp-content\/uploads\/2010\/12\/EsA-Kompostklo-209x300.jpg 209w, https:\/\/www.packpapierverlag.de\/wp-content\/uploads\/2010\/12\/EsA-Kompostklo-300x431.jpg 300w, https:\/\/www.packpapierverlag.de\/wp-content\/uploads\/2010\/12\/EsA-Kompostklo-768x1104.jpg 768w, https:\/\/www.packpapierverlag.de\/wp-content\/uploads\/2010\/12\/EsA-Kompostklo-712x1024.jpg 712w, https:\/\/www.packpapierverlag.de\/wp-content\/uploads\/2010\/12\/EsA-Kompostklo.jpg 1024w\" sizes=\"auto, (max-width: 209px) 100vw, 209px\" \/><\/a>\u00dcBERARBEITET UND WESENTLICH ERWEITERT: Das Kompost- Klo! Selbstbau und Erfahrung \u2013 einfache, bew\u00e4hrte Baupl\u00e4ne.<\/big><br \/>\nHaushalt- Heft 1 der Reihe Einf\u00e4lle statt Abf\u00e4lle. 3. erweiterte Auflage von 2018. EAN 978-3-924038-84-7. Reich illustrierte Brosch\u00fcre mit 64 Seiten, DIN A5.<br \/>\nDie hier beschriebenen Kompost- Klos haben nichts mit ordin\u00e4r zusammengezimmerten \u201eDonnerbalken\u201c zu tun, sondern stellen eine umweltschonende M\u00f6glichkeit dar, das N\u00f6tige mit dem N\u00fctzlichen zu verbinden. Richtig gebaut entwickelt ein solches Klo nicht mehr (wenn nicht sogar weniger) Ger\u00fcche, als das herk\u00f6mmliche Badezimmerklosett. Eine gute Isolierung und Luftzirkulations- Vorrichtungen sorgen nicht nur f\u00fcr ertragbringenden trockenen Garten- Humus und Fl\u00fcssigd\u00fcnger, man kann auch die warme Luft, die w\u00e4hrend der Umwandlung in Humus entsteht, zum Vorheizen bzw. Beheizen benutzen (z.B. f\u00fcr ein Treibhaus o.\u00e4.)- nat\u00fcrlich geruchsneutral. Auch die Biogasgewinnung kann hier in kleinerem Ma\u00dfstab betrieben werden. In dieser Brosch\u00fcre gibt es vier ausf\u00fchrliche Bauanleitungen anstelle landl\u00e4ufiger Horror- M\u00e4rchen \u00fcber die angeblich vorsintflutlichen Sanit\u00e4reinrichtungen.<\/small><\/p>\n<p>&gt;&gt;&gt; <a href=\"https:\/\/www.packpapierverlag.de\/?product=kompostklo\" target=\"_blank\" rel=\"noopener noreferrer\">https:\/\/www.packpapierverlag.de\/?product=kompostklo<\/a><\/p>\n<p>&nbsp;<\/p>\n<p><!--StartFragment --> <a href=\"https:\/\/www.packpapierverlag.de\/wp-content\/uploads\/2018\/06\/Schlemm-Schaffen-wir-das.jpg\" rel=\"attachment wp-att-8520\"><img loading=\"lazy\" decoding=\"async\" class=\"size-medium wp-image-8520 alignleft\" src=\"https:\/\/www.packpapierverlag.de\/wp-content\/uploads\/2018\/06\/Schlemm-Schaffen-wir-das-209x300.jpg\" alt=\"Schlemm Schaffen wir das\" width=\"209\" height=\"300\" srcset=\"https:\/\/www.packpapierverlag.de\/wp-content\/uploads\/2018\/06\/Schlemm-Schaffen-wir-das-209x300.jpg 209w, https:\/\/www.packpapierverlag.de\/wp-content\/uploads\/2018\/06\/Schlemm-Schaffen-wir-das-300x431.jpg 300w, https:\/\/www.packpapierverlag.de\/wp-content\/uploads\/2018\/06\/Schlemm-Schaffen-wir-das-768x1104.jpg 768w, https:\/\/www.packpapierverlag.de\/wp-content\/uploads\/2018\/06\/Schlemm-Schaffen-wir-das-712x1024.jpg 712w, https:\/\/www.packpapierverlag.de\/wp-content\/uploads\/2018\/06\/Schlemm-Schaffen-wir-das.jpg 1024w\" sizes=\"auto, (max-width: 209px) 100vw, 209px\" \/><\/a><small>Annette Schlemm<br \/>\n<big>Schaffen wir das?<br \/>\nSolidarit\u00e4t gegen globale Apartheid<\/big><br \/>\nOsnabr\u00fcck: Packpapierverlag 2018<br \/>\nHeft DIN A5 mit 46 Seiten, illustriert mit Bildern, Photos und Tabellen<\/small><\/p>\n<p>&nbsp;<\/p>\n<p><small>Angela Merkels Satz \u201eWir schaffen das\u201c war in einem allgemeineren und umfassenderen Sinn \u00fcber lange Jahre die Ansicht Annette Schlemms: sie war optimistisch, da\u00df die Menschen es schaffen, eine solidarische, sozial- und umweltvertr\u00e4gliche Gesellschaft aufzubauen- ehe es daf\u00fcr zu sp\u00e4t ist. Aber dem immer massiver zutagetretenden Klimawandel, der Penetranz seiner Leugner und derer, die sich blind stellen, um mit dem Hyperkapitalismus wie gewohnt weitermachen zu k\u00f6nnen, scheinen wir nichts Wirksames entgegensetzen zu k\u00f6nnen- oder zu wollen? Statt solidarische L\u00f6sungen zu suchen, verfestigen sich Xenophobie und Nationalismus, die Grenzen werden dichtgemacht und die Scheuklappen angelegt.<\/small><\/p>\n<p>&nbsp;<\/p>\n<p><small>Annette Schlemm fordert, da\u00df Flucht, ihre Ursachen und Folgen, als das erkannt und anerkannt werden, was sie sind: direktes und indirektes Resultat \u201eunseres\u201c Wirtschaftens, Folge von Klimawandel, Austerit\u00e4tspolitik und Rassismus und da\u00df es Verblendung ist, die Augen vor der Kehrseite unseres Reichtums, unseres gleichg\u00fcltig-devoten Dahinkonsumierens und unseres \u201emilit\u00e4rischen Engagements\u201c zu verschlie\u00dfen und da\u00df wir aufh\u00f6ren m\u00fcssen, davon auszugehen, da\u00df \u201euns\u201c zust\u00fcnde, was \u201edenen\u201c zu verweigern w\u00e4re. Wir bestehen zu Unrecht und zum Schaden aller darauf, da\u00df unsere Raubwirtschaft legitim und unser Frieden und Wohlstand, Kommerz und Konsum unantastbar sind. Das ist jedoch die Haltung eines Despoten, den die von ihm verschuldeten Verzweifelten und Armen, die vor seinem Palast stehen, nur als etwas \u201eFortzuschaffendes\u201c interessieren. (&#8230;)<\/small><\/p>\n<p><small><br \/>\nDie vorliegende Brosch\u00fcre ist eine Einf\u00fchrung in die Zusammenh\u00e4nge und Folgen von Kapitalismus, Rassismus, Klimawandel, Krieg und Flucht. Sie wurde f\u00fcr jene geschrieben, die das Verleugnen dieser Zusammenh\u00e4nge und das Verleugnen einer leider recht d\u00fcsteren Zukunft satt haben und die dennoch keine Ausflucht (sic) in rassistische Abwehrmechanismen suchen, sondern sich Kritikf\u00e4higkeit und Menschlichkeit erhalten wollen. Annette Schlemm appelliert an alle Leser, Dummheit und Phlegma, wie schlimm es zuk\u00fcnftig auch kommen mag, nicht nachzugeben, sondern sich zu informieren und sich f\u00fcr zust\u00e4ndig zu erkl\u00e4ren.<\/small><\/p>\n<p>&nbsp;<\/p>\n<p>&nbsp;<\/p>\n<p><small>MEHR LESEN &gt;&gt;&gt; <\/small><\/p>\n<p><small><a href=\"https:\/\/www.packpapierverlag.de\/?product=annette-schlemm-schaffen-wir-das-solidaritaet-gegen-globale-apartheid-p182\" target=\"_blank\" rel=\"noopener noreferrer\">https:\/\/www.packpapierverlag.de\/?product=annette-schlemm-schaffen-wir-das-solidaritaet-gegen-globale-apartheid-p182<\/a><\/small><\/p>\n<p>&nbsp;<\/p>\n<p>&nbsp;<\/p>\n<p><small><a href=\"https:\/\/www.packpapierverlag.de\/wp-content\/uploads\/2018\/06\/Unbekannt-Die-Harmonie-der-Welt.jpg\" rel=\"attachment wp-att-8523\"><img loading=\"lazy\" decoding=\"async\" class=\"size-medium wp-image-8523 alignleft\" src=\"https:\/\/www.packpapierverlag.de\/wp-content\/uploads\/2018\/06\/Unbekannt-Die-Harmonie-der-Welt-209x300.jpg\" alt=\"Unbekannt Die Harmonie der Welt\" width=\"209\" height=\"300\" srcset=\"https:\/\/www.packpapierverlag.de\/wp-content\/uploads\/2018\/06\/Unbekannt-Die-Harmonie-der-Welt-209x300.jpg 209w, https:\/\/www.packpapierverlag.de\/wp-content\/uploads\/2018\/06\/Unbekannt-Die-Harmonie-der-Welt-300x430.jpg 300w, https:\/\/www.packpapierverlag.de\/wp-content\/uploads\/2018\/06\/Unbekannt-Die-Harmonie-der-Welt-768x1100.jpg 768w, https:\/\/www.packpapierverlag.de\/wp-content\/uploads\/2018\/06\/Unbekannt-Die-Harmonie-der-Welt-715x1024.jpg 715w, https:\/\/www.packpapierverlag.de\/wp-content\/uploads\/2018\/06\/Unbekannt-Die-Harmonie-der-Welt.jpg 1024w\" sizes=\"auto, (max-width: 209px) 100vw, 209px\" \/><\/a>Unbekannt:<br \/>\nDie Harmonie der Welt<br \/>\nLyrik eines Landstreichers<br \/>\n\u00dcberliefert von Wuffel<br \/>\nOsnabr\u00fcck: Packpapierverlag 2018 Heft DIN A5, 22 Seiten<\/small><\/p>\n<p><small>In den 80er Jahren sa\u00df in der Oldenburger Fu\u00dfg\u00e4ngerzone ein alter Vagabund mit schneewei\u00dfem Haar auf einer Decke, umgeben von kopierten Heftchen mit selbstverfa\u00dfter Lyrik, die er milde l\u00e4chelnd gegen eine Spende an Interessierte abgab. Wuffel setzte sich eine Weile zu ihm. An den Inhalt des Gespr\u00e4chs konnte er sich nicht mehr entsinnen, aber der alte Mann beeindruckte ihn seinerzeit durch seine freundliche, humorvolle Art; er war ganz anders, als die deprimiert-verkniffenen Obdachlosen, denen er bisher begegnet war. Seine Ausstrahlung war so positiv, da\u00df Wuffel ihn als \u201elichterf\u00fcllt\u201c wahrnahm. Er ist dem Fremden nie wieder begegnet- aber das Lyrikheft hat er 35 Jahre aufbewahrt und nun dem Packpapierverlag zu Nachdruck und Ver\u00f6ffentlichung \u00fcbergeben.<br \/>\n(&#8230;)<br \/>\n\u201eIst Alles verloren \/ Kommt die Welt zu Dir.&#8220;<br \/>\n<\/small><\/p>\n<p><small>MEHR LESEN &gt;&gt;&gt; <a href=\"https:\/\/www.packpapierverlag.de\/?product=unbekannt-die-harmonie-der-welt-lyrik-eines-landsteichers-l41\" target=\"_blank\" rel=\"noopener noreferrer\">https:\/\/www.packpapierverlag.de\/?product=unbekannt-die-harmonie-der-welt-lyrik-eines-landsteichers-l41<\/a><\/small><\/p>\n<p>&nbsp;<\/p>\n<p>&nbsp;<\/p>\n<p>&nbsp;<\/p>\n<p><span style=\"color: #234646; font-family: Helvetica,Arial,sans-serif;\"><small><span style=\"font-weight: bold;\"><a href=\"https:\/\/www.packpapierverlag.de\/wp-content\/uploads\/2017\/08\/Theo-Hellmund-Herz-im-Kopf.jpg\" rel=\"attachment wp-att-7549\"><img loading=\"lazy\" decoding=\"async\" class=\"size-medium wp-image-7549 alignleft\" src=\"https:\/\/www.packpapierverlag.de\/wp-content\/uploads\/2017\/08\/Theo-Hellmund-Herz-im-Kopf-300x214.jpg\" alt=\"Theo Hellmund Herz im Kopf\" width=\"300\" height=\"214\" srcset=\"https:\/\/www.packpapierverlag.de\/wp-content\/uploads\/2017\/08\/Theo-Hellmund-Herz-im-Kopf-300x214.jpg 300w, https:\/\/www.packpapierverlag.de\/wp-content\/uploads\/2017\/08\/Theo-Hellmund-Herz-im-Kopf-768x549.jpg 768w, https:\/\/www.packpapierverlag.de\/wp-content\/uploads\/2017\/08\/Theo-Hellmund-Herz-im-Kopf.jpg 1024w\" sizes=\"auto, (max-width: 300px) 100vw, 300px\" \/><\/a>Theo Hellmund (Devi Danu): Herz im Kopf<br \/>\nBuch (112 Seiten, randvoll mit Raps\/Gedichten, Zeichnungen und Photos) und CD (29 Tracks)<\/span><\/small><\/span><br \/>\n<small><\/small><\/p>\n<p><span style=\"color: #234646; font-family: Helvetica,Arial,sans-serif;\"><small>Buch und CD des mit knapp 19 Jahren infolge von Drogenkonsum gestorbenen Musikers, Moderators und Politikers\u00a0 findet Ihr nicht im Buchhandel, sondern nur bei uns sowie bei der Herausgeberin Anke Engelmann und beim B\u00fccherwinkel\u00a0 der Kommune in Gro\u00df Ch\u00fcden (Wendland), wo Theo eine Weile lebte. Wir freuen uns, da\u00df wir auf diesem Weg das Andenken an Theo Helmund bewahren d\u00fcrfen. Eine genaue Buchbeschreibung und- Besprechung findet Ihr hier &gt;\u00a0<a href=\"https:\/\/www.packpapierverlag.de\/?product=theo-hellmund-devi-danu-herz-im-kopf-buch-cd\" target=\"_blank\" rel=\"noopener noreferrer\"> https:\/\/www.packpapierverlag.de\/?product=theo-hellmund-devi-danu-herz-im-kopf-buch-cd<\/a><\/small><\/span><\/p>\n<p>.<\/p>\n<p>.<\/p>\n<p>.<\/p>\n<p>.<\/p>\n<p><!--StartFragment --> <a href=\"https:\/\/www.packpapierverlag.de\/wp-content\/uploads\/2017\/04\/Samad-Schwarzer-Fisch.jpg\" rel=\"attachment wp-att-7232\"><img loading=\"lazy\" decoding=\"async\" class=\"size-medium wp-image-7232 alignleft\" src=\"https:\/\/www.packpapierverlag.de\/wp-content\/uploads\/2017\/04\/Samad-Schwarzer-Fisch-208x300.jpg\" alt=\"Samad Schwarzer Fisch\" width=\"208\" height=\"300\" srcset=\"https:\/\/www.packpapierverlag.de\/wp-content\/uploads\/2017\/04\/Samad-Schwarzer-Fisch-208x300.jpg 208w, https:\/\/www.packpapierverlag.de\/wp-content\/uploads\/2017\/04\/Samad-Schwarzer-Fisch-300x434.jpg 300w, https:\/\/www.packpapierverlag.de\/wp-content\/uploads\/2017\/04\/Samad-Schwarzer-Fisch-768x1110.jpg 768w, https:\/\/www.packpapierverlag.de\/wp-content\/uploads\/2017\/04\/Samad-Schwarzer-Fisch-708x1024.jpg 708w, https:\/\/www.packpapierverlag.de\/wp-content\/uploads\/2017\/04\/Samad-Schwarzer-Fisch.jpg 1024w\" sizes=\"auto, (max-width: 208px) 100vw, 208px\" \/><\/a><small><big>S<\/big><big>amad Behranghi: Der kleine schwarze Fisch.<\/big><br \/>\nEin persisches M\u00e4rchen f\u00fcr Jung und Alt, mit sch\u00f6nen Bildern illustriert, 32 Seiten, DIN A 6.<br \/>\nDer kleine schwarze Fisch zieht aus, das Ende des Baches zu finden, ist begierig zu wissen, was dahinter liegt. Unerschrocken schwimmt er los, angespornt von dem Wunsch, zu wissen, zu erfahren, die Welt zu entdecken und mit den Tieren zu sprechen, die au\u00dferhalb seines Heimatbaches eine Welt bewohnen, die er bisher nicht gekannt hat. Immer wieder fragt er, nach dem Frieden, nach dem Grund f\u00fcr Feindschaft und Furcht, und er fragt nach der Freiheit, die es f\u00fcr einen kleinen Fisch in der gro\u00dfen Welt doch geben mu\u00df. Wenn nur die gro\u00dfen, gef\u00e4hrlichen Kormorane und Pelikane nicht w\u00e4ren,\u2026<\/small><\/p>\n<p><a href=\"https:\/\/www.packpapierverlag.de\/?product=samad-behranghi-der-kleine-schwarze-fisch\" target=\"_blank\" rel=\"noopener noreferrer\">https:\/\/www.packpapierverlag.de\/?product=samad-behranghi-der-kleine-schwarze-fisch<\/a><\/p>\n<p>.<\/p>\n<p>.<\/p>\n<p>.<\/p>\n<p>.<\/p>\n<p>.<\/p>\n<p>.<\/p>\n<p>.<\/p>\n<p>&nbsp;<\/p>\n<p><small><big><a href=\"https:\/\/www.packpapierverlag.de\/wp-content\/uploads\/2017\/11\/Utopie-Magazin-1-2015.jpg\" rel=\"attachment wp-att-7880\"><img loading=\"lazy\" decoding=\"async\" class=\"size-medium wp-image-7880 alignleft\" src=\"https:\/\/www.packpapierverlag.de\/wp-content\/uploads\/2017\/11\/Utopie-Magazin-1-2015-208x300.jpg\" alt=\"Utopie Magazin 1 2015\" width=\"208\" height=\"300\" srcset=\"https:\/\/www.packpapierverlag.de\/wp-content\/uploads\/2017\/11\/Utopie-Magazin-1-2015-208x300.jpg 208w, https:\/\/www.packpapierverlag.de\/wp-content\/uploads\/2017\/11\/Utopie-Magazin-1-2015-300x433.jpg 300w, https:\/\/www.packpapierverlag.de\/wp-content\/uploads\/2017\/11\/Utopie-Magazin-1-2015-768x1109.jpg 768w, https:\/\/www.packpapierverlag.de\/wp-content\/uploads\/2017\/11\/Utopie-Magazin-1-2015-709x1024.jpg 709w, https:\/\/www.packpapierverlag.de\/wp-content\/uploads\/2017\/11\/Utopie-Magazin-1-2015.jpg 1024w\" sizes=\"auto, (max-width: 208px) 100vw, 208px\" \/><\/a>UTOPIE<br \/>\n<\/big>Magazin f\u00fcr Sinn &amp; Verstand<br \/>\nDas Utopiemagazin ist ein \u2013 noch! \u2013 selten erscheinendes spannendes Lesebuch aus dem Berliner spanischen Buchladen Amarcord mit Beitr\u00e4gen vornehmlich aus dem s\u00fcdeurop\u00e4isch-lateinamerikanischen Raum (zB Mexiko), was die hiesigen Gedanken doch beleben k\u00f6nnte.<br \/>\nRevolution\u00e4r-utopistisch sind nicht nur die Texte, sondern auch der \u00e4sthetisch ansprechende geordnet-wilde Satz (Satz\/Zeilen\/Farbwechsel,\u2026) sowie die comichaften bis ikonographischen Zeichnungen. Beides lockert die Texte angenehm auf und schafft auf visueller Ebene eine gelungene Verbindung der wissenschaftlich-theoretischen mit den k\u00fcnstlerischen Betr\u00e4gen. <\/small><\/p>\n<p><small>Hier die links zu den beiden Magazinen:<br \/>\n<\/small><\/p>\n<p><a href=\"https:\/\/www.packpapierverlag.de\/?product=utopie-magazin-fuer-sinn-verstand-12015\" target=\"_blank\" rel=\"noopener noreferrer\">https:\/\/www.packpapierverlag.de\/?product=utopie-magazin-fuer-sinn-verstand-12015<\/a><\/p>\n<p><a href=\"https:\/\/www.packpapierverlag.de\/?product=utopie-magazin-fuer-sinn-verstand-22016\" target=\"_blank\" rel=\"noopener noreferrer\">https:\/\/www.packpapierverlag.de\/?product=utopie-magazin-fuer-sinn-verstand-22016<\/a><\/p>\n<p>.<\/p>\n<p>.<\/p>\n<p>.<\/p>\n<p>.<\/p>\n<p><small><big><a href=\"https:\/\/www.packpapierverlag.de\/wp-content\/uploads\/2017\/11\/Schlemm-Klassenkampf.jpg\" rel=\"attachment wp-att-7889\"><img loading=\"lazy\" decoding=\"async\" class=\"size-medium wp-image-7889 alignleft\" src=\"https:\/\/www.packpapierverlag.de\/wp-content\/uploads\/2017\/11\/Schlemm-Klassenkampf-203x300.jpg\" alt=\"Schlemm Klassenkampf\" width=\"203\" height=\"300\" srcset=\"https:\/\/www.packpapierverlag.de\/wp-content\/uploads\/2017\/11\/Schlemm-Klassenkampf-203x300.jpg 203w, https:\/\/www.packpapierverlag.de\/wp-content\/uploads\/2017\/11\/Schlemm-Klassenkampf-300x443.jpg 300w, https:\/\/www.packpapierverlag.de\/wp-content\/uploads\/2017\/11\/Schlemm-Klassenkampf-768x1133.jpg 768w, https:\/\/www.packpapierverlag.de\/wp-content\/uploads\/2017\/11\/Schlemm-Klassenkampf-694x1024.jpg 694w, https:\/\/www.packpapierverlag.de\/wp-content\/uploads\/2017\/11\/Schlemm-Klassenkampf.jpg 1024w\" sizes=\"auto, (max-width: 203px) 100vw, 203px\" \/><\/a>Annette Schlemm: Der Klassenkampf! \u2026da ist er aber immer noch\u2026<\/big><br \/>\nHeft DIN A5, 50 Seiten, illustriert. Packpapierverlag Osnabr\u00fcck, 2017.<br \/>\nAuch wenn den Begriff speziell in Deutschland kaum jemand in den Mund nehmen mag\u2026 es gibt ihn weiterhin, den Klassenkampf. Die Autorin, Naturwissenschaftlerin und Philosophin aus Jena (die viele aus den Zukunf-Werkst\u00e4tten und von Alternativ-Unis kennen), liefert eine aktuelle Einsch\u00e4tzung auf Grundlage neuer Untersuchungen zu internationalen Arbeitsk\u00e4mpfen und erweitert den Blick auf die \u201ezweite Ausbeutung\u201c in den Lebensbereichen Wohnen, Reproduktion und soziale Rechte, denn auch die urbanen K\u00e4mpfe sind Teil des Klassenkampfes. Vier enggedruckte Seiten mit Literaturempfehlungen (B\u00fccher und Netzseiten) am Ende des Heftes regen zum Weiterlesen an.INHALT und mehr siehe link:<br \/>\n<\/small><\/p>\n<p><a href=\"https:\/\/www.packpapierverlag.de\/?product=annette-schlemm-der-klassenkampf-da-ist-er-aber-immer-noch-p181\" target=\"_blank\" rel=\"noopener noreferrer\">https:\/\/www.packpapierverlag.de\/?product=annette-schlemm-der-klassenkampf-da-ist-er-aber-immer-noch-p181<\/a><\/p>\n<p>.<\/p>\n<p>.<\/p>\n<p>.<\/p>\n<p>.<\/p>\n<p>.<\/p>\n<p><!--StartFragment --> <a href=\"https:\/\/www.packpapierverlag.de\/wp-content\/uploads\/2010\/12\/M\u00fchsam-Max-H\u00f6lz.jpg\" rel=\"attachment wp-att-7823\"><img loading=\"lazy\" decoding=\"async\" class=\"size-medium wp-image-7823 alignleft\" src=\"https:\/\/www.packpapierverlag.de\/wp-content\/uploads\/2010\/12\/M\u00fchsam-Max-H\u00f6lz-201x300.jpg\" alt=\"M\u00fchsam Max H\u00f6lz\" width=\"201\" height=\"300\" srcset=\"https:\/\/www.packpapierverlag.de\/wp-content\/uploads\/2010\/12\/M\u00fchsam-Max-H\u00f6lz-201x300.jpg 201w, https:\/\/www.packpapierverlag.de\/wp-content\/uploads\/2010\/12\/M\u00fchsam-Max-H\u00f6lz-300x448.jpg 300w, https:\/\/www.packpapierverlag.de\/wp-content\/uploads\/2010\/12\/M\u00fchsam-Max-H\u00f6lz-768x1148.jpg 768w, https:\/\/www.packpapierverlag.de\/wp-content\/uploads\/2010\/12\/M\u00fchsam-Max-H\u00f6lz-685x1024.jpg 685w, https:\/\/www.packpapierverlag.de\/wp-content\/uploads\/2010\/12\/M\u00fchsam-Max-H\u00f6lz.jpg 1024w\" sizes=\"auto, (max-width: 201px) 100vw, 201px\" \/><\/a><small><strong>Erich M\u00fchsam: Gerechtigkeit f\u00fcr Max H\u00f6lz!<\/strong><br \/>\n67 Seiten, DinA5<br \/>\nDie Ausgabe folgt der dritten Auflage des 1926 im Verlag Rote Hilfe ver\u00f6ffentlichen Textes mit dem Nachwort Arthur Dombrowskis und wurde von Herrmann Cropp zum besseren Verst\u00e4ndnis mit Anmerkungen versehen.<br \/>\n\u201eWenn ich von der b\u00fcrgerlichen Gesellschaft Gerechtigkeit verlange, so bedeutet das noch nicht, da\u00df ich sie auch erwarte.\u201c (\u2026kommentierte Erich M\u00fchsam den Titel seiner Schrift sarkastisch)<\/small><\/p>\n<p><a href=\"https:\/\/www.packpapierverlag.de\/?product=muhsam-fur-max-holz\" target=\"_blank\" rel=\"noopener noreferrer\">https:\/\/www.packpapierverlag.de\/?product=muhsam-fur-max-holz<\/a><\/p>\n<p>.<\/p>\n<p>.<\/p>\n<p>.<\/p>\n<p>.<\/p>\n<p>.<\/p>\n<p>.<\/p>\n<p>.<\/p>\n<p>.<\/p>\n<p><small><small><big><a href=\"https:\/\/www.packpapierverlag.de\/wp-content\/uploads\/2017\/11\/Schwitters-Anna-Blume-1.jpg\" rel=\"attachment wp-att-7872\"><img loading=\"lazy\" decoding=\"async\" class=\"size-medium wp-image-7872 alignleft\" src=\"https:\/\/www.packpapierverlag.de\/wp-content\/uploads\/2017\/11\/Schwitters-Anna-Blume-1-202x300.jpg\" alt=\"Schwitters Anna Blume\" width=\"202\" height=\"300\" srcset=\"https:\/\/www.packpapierverlag.de\/wp-content\/uploads\/2017\/11\/Schwitters-Anna-Blume-1-202x300.jpg 202w, https:\/\/www.packpapierverlag.de\/wp-content\/uploads\/2017\/11\/Schwitters-Anna-Blume-1-300x446.jpg 300w, https:\/\/www.packpapierverlag.de\/wp-content\/uploads\/2017\/11\/Schwitters-Anna-Blume-1-768x1142.jpg 768w, https:\/\/www.packpapierverlag.de\/wp-content\/uploads\/2017\/11\/Schwitters-Anna-Blume-1-688x1024.jpg 688w, https:\/\/www.packpapierverlag.de\/wp-content\/uploads\/2017\/11\/Schwitters-Anna-Blume-1.jpg 1024w\" sizes=\"auto, (max-width: 202px) 100vw, 202px\" \/><\/a>Kurt Schwitters: Anna Blume. Dichtungen. (1919)<\/big><br \/>\nHeft DIN A5, 37 Seiten, Reprint aus der Reihe Dadalogie<br \/>\nAls literarische Figur hat Anna Blume Dichter, Maler und Musiker inspiriert, Der Hannoveraner K\u00fcnstler Kurt Schwitters erdichtete Anna Blume und setzte ihr mit einem Dadaistischen Plakat, das er an Litfa\u00dfs\u00e4ulen in Hannover aufh\u00e4ngen lie\u00df, ein Denkmal. Das Plakat sollte f\u00fcr den vorliegenden Gedichtband werben. Es enth\u00e4lt folgende dadaistische Nonsens- Gedichte und Gedichtprosa &gt;&gt; siehe link:<br \/>\n<\/small><\/small><\/p>\n<p><a href=\"https:\/\/www.packpapierverlag.de\/?product=kurt-schwitters-anna-blume-dichtungen\" target=\"_blank\" rel=\"noopener noreferrer\">https:\/\/www.packpapierverlag.de\/?product=kurt-schwitters-anna-blume-dichtungen<\/a><\/p>\n<p>.<\/p>\n<p>.<\/p>\n<p>.<\/p>\n<p>.<\/p>\n<p>&nbsp;<\/p>\n<p><small><big><a href=\"https:\/\/www.packpapierverlag.de\/wp-content\/uploads\/2017\/11\/Schwitters-Memoiren-Anna-Blumes-3.jpg\" rel=\"attachment wp-att-7871\"><img loading=\"lazy\" decoding=\"async\" class=\"size-medium wp-image-7871 alignleft\" src=\"https:\/\/www.packpapierverlag.de\/wp-content\/uploads\/2017\/11\/Schwitters-Memoiren-Anna-Blumes-3-205x300.jpg\" alt=\"Schwitters Memoiren Anna Blumes\" width=\"205\" height=\"300\" srcset=\"https:\/\/www.packpapierverlag.de\/wp-content\/uploads\/2017\/11\/Schwitters-Memoiren-Anna-Blumes-3-205x300.jpg 205w, https:\/\/www.packpapierverlag.de\/wp-content\/uploads\/2017\/11\/Schwitters-Memoiren-Anna-Blumes-3-300x440.jpg 300w, https:\/\/www.packpapierverlag.de\/wp-content\/uploads\/2017\/11\/Schwitters-Memoiren-Anna-Blumes-3-768x1126.jpg 768w, https:\/\/www.packpapierverlag.de\/wp-content\/uploads\/2017\/11\/Schwitters-Memoiren-Anna-Blumes-3-699x1024.jpg 699w, https:\/\/www.packpapierverlag.de\/wp-content\/uploads\/2017\/11\/Schwitters-Memoiren-Anna-Blumes-3.jpg 1024w\" sizes=\"auto, (max-width: 205px) 100vw, 205px\" \/><\/a>Kurt (Merz) Schwitters: Memoiren Anna Blumes in Bleie.<\/big><br \/>\nEine leichtgefa\u00dfte Methode zur Erkennung des Wahnsinns f\u00fcr Jedermann (1922)<br \/>\nHeft DIN A5, 26 Seiten, Schrifttyp: Fraktur. Aus der Reihe Dadalogie<br \/>\nDie Verweigerung von Konvention und Sinn war ein besonderes Merkmal des Dadaismus. Schwitters betreibt diese Verweigerung in vorliegendem Heft bis ins Buchstabengewirr und in die Satzzeichen und stochert wahl- und ziellos nach dem Ursprung von W\u00f6rtern\u2026ob man dabei \u00fcberhaupt je auf Anna Blume sto\u00dfen wird?<\/small><\/p>\n<p><a href=\"https:\/\/www.packpapierverlag.de\/?product=kurt-schwitters-memoiren-anna-blumes-in-bleie\" target=\"_blank\" rel=\"noopener noreferrer\">https:\/\/www.packpapierverlag.de\/?product=kurt-schwitters-memoiren-anna-blumes-in-bleie<\/a><\/p>\n<p><small><small>.<br \/>\n<\/small><\/small><\/p>\n<p>.<\/p>\n<p>.<\/p>\n<p>.<\/p>\n<p>.<\/p>\n<p>.<\/p>\n<p><span style=\"color: #234646; font-family: Helvetica,Arial,sans-serif;\"><small><span style=\"font-weight: bold;\"><a href=\"https:\/\/www.packpapierverlag.de\/wp-content\/uploads\/2017\/04\/Debecker-Kaufen-Kotzen.jpg\" rel=\"attachment wp-att-7231\"><img loading=\"lazy\" decoding=\"async\" class=\"size-medium wp-image-7231 alignleft\" src=\"https:\/\/www.packpapierverlag.de\/wp-content\/uploads\/2017\/04\/Debecker-Kaufen-Kotzen-198x300.jpg\" alt=\"Debecker Kaufen Kotzen\" width=\"198\" height=\"300\" srcset=\"https:\/\/www.packpapierverlag.de\/wp-content\/uploads\/2017\/04\/Debecker-Kaufen-Kotzen-198x300.jpg 198w, https:\/\/www.packpapierverlag.de\/wp-content\/uploads\/2017\/04\/Debecker-Kaufen-Kotzen-300x454.jpg 300w, https:\/\/www.packpapierverlag.de\/wp-content\/uploads\/2017\/04\/Debecker-Kaufen-Kotzen-768x1163.jpg 768w, https:\/\/www.packpapierverlag.de\/wp-content\/uploads\/2017\/04\/Debecker-Kaufen-Kotzen-676x1024.jpg 676w, https:\/\/www.packpapierverlag.de\/wp-content\/uploads\/2017\/04\/Debecker-Kaufen-Kotzen.jpg 1024w\" sizes=\"auto, (max-width: 198px) 100vw, 198px\" \/><\/a>Brent Yves Debecker<br \/>\nFrei sein \u2013 kaufen \u2013 kotzen<br \/>\nPackpapier Verlag Osnabr\u00fcck 2015, 32 Seiten<br \/>\nEin K\u00fcnstlerheft gegen die Konsumgesellschaft<br \/>\nBeinhaltet ein \u201eManifest\u201c und 16 verr\u00fcckte, verst\u00f6rende Zeichnungen gegen unsere \u201ewestliche Freiheit\u201c, die aus nichts anderem als kaufen und sich-kaufen-lassen besteht\u2026 zum K\u2026.. &gt; <a href=\"https:\/\/www.packpapierverlag.de\/?product=brent-yves-debecker-frei-sein-kaufen-kotzen-l13..\" target=\"_blank\" rel=\"noopener noreferrer\">https:\/\/www.packpapierverlag.de\/?product=brent-yves-debecker-frei-sein-kaufen-kotzen-l13..<\/a><\/span><\/small><\/span><\/p>\n<p>.<\/p>\n<p>.<\/p>\n<p>.<\/p>\n<p>.<\/p>\n<p>.<\/p>\n<p>.<\/p>\n<p>.<\/p>\n<p>.<\/p>\n<p><span style=\"color: #234646; font-family: Helvetica,Arial,sans-serif;\"><small><small><span style=\"font-weight: bold;\"><a href=\"https:\/\/www.packpapierverlag.de\/wp-content\/uploads\/2017\/04\/Benaglio-Blumen-der-Boheme.jpg\" rel=\"attachment wp-att-7234\"><img loading=\"lazy\" decoding=\"async\" class=\"size-medium wp-image-7234 alignleft\" src=\"https:\/\/www.packpapierverlag.de\/wp-content\/uploads\/2017\/04\/Benaglio-Blumen-der-Boheme-210x300.jpg\" alt=\"Benaglio Blumen der Boheme\" width=\"210\" height=\"300\" srcset=\"https:\/\/www.packpapierverlag.de\/wp-content\/uploads\/2017\/04\/Benaglio-Blumen-der-Boheme-210x300.jpg 210w, https:\/\/www.packpapierverlag.de\/wp-content\/uploads\/2017\/04\/Benaglio-Blumen-der-Boheme-300x428.jpg 300w, https:\/\/www.packpapierverlag.de\/wp-content\/uploads\/2017\/04\/Benaglio-Blumen-der-Boheme-768x1097.jpg 768w, https:\/\/www.packpapierverlag.de\/wp-content\/uploads\/2017\/04\/Benaglio-Blumen-der-Boheme-717x1024.jpg 717w, https:\/\/www.packpapierverlag.de\/wp-content\/uploads\/2017\/04\/Benaglio-Blumen-der-Boheme.jpg 1024w\" sizes=\"auto, (max-width: 210px) 100vw, 210px\" \/><\/a><\/span><\/small><strong>Michael Benaglio: Die Blumen der Boheme<\/strong><br \/>\n<strong>Mit Gastbeitr\u00e4gen von Pamela Pfitzner und Manfred Stangl<\/strong><br \/>\nPackpapierverlag Osnabr\u00fcck, 2016<br \/>\nISBN 978-3-931504-56-4<br \/>\n131 Seiten, DIN A6, etliche, z.T. farbige Abbildungen.<br \/>\nAufs\u00e4tze, Essays, Prosast\u00fccke und Lyrik geben einen bunten Einblick in die historische und heutige (Caf\u00e9haus-) Szene der Boheme (oder was von ihr \u00fcbrigblieb) in San Francisco, Wien, Graz und Berlin.<br \/>\nINHALT:<br \/>\nB\u00fcrgerschreck und K\u00fcnstleravantgarde. Die Boh\u00e8me.<br \/>\nLicht in den Nebeln San Franciscos<br \/>\n\u201eW\u00e4re doch einmal nur einer gr\u00f6\u00dfenwahnsinnig!\u201c Die Caf\u00e9hauskultur der historischen Boh\u00e8me und Else Lasker-Sch\u00fcler (Gastbeitrag von Pamela Pfitzner)<br \/>\nBoh\u00e8mian Night \u00e0 la Graz<br \/>\nRock around the Wiener Kaffeehauskultur (Caf\u00e9 Kafka, Caf\u00e9 Hawelka, Caf\u00e9 Mocca, Caf\u00e9 Schopehnauer)<br \/>\nAmerlinghaus. Eine literarische Solidarit\u00e4tserkl\u00e4rung<br \/>\nStadtbahn Impressionen (Gasbeitrag von Manfred Stangl)<br \/>\nBoh\u00e8mian Spirit, Lyrikkollektion (Eintagsfliege im Caf\u00e9 Mocca, Jazz Cafe. Wien, Lounge- Musik im F4, Gegenwelten, Es ist ok Roter Engel, Avalon, In den G\u00e4rten der Boh\u00e8me)<br \/>\n<\/small><\/span><\/p>\n<p>&nbsp;<\/p>\n<p>&nbsp;<\/p>\n<p>&nbsp;<\/p>\n<p>&nbsp;<\/p>\n<p><small style=\"color: #214343;\"><span style=\"font-family: Helvetica,Arial,sans-serif; color: #182d07;\"><br \/>\n<a href=\"https:\/\/www.packpapierverlag.de\/wp-content\/uploads\/2015\/05\/Nick-Rosen-Netzausstieg.jpg\"><img loading=\"lazy\" decoding=\"async\" class=\"alignleft size-medium wp-image-6516\" title=\"Nick Rosen Netzausstieg\" src=\"https:\/\/www.packpapierverlag.de\/wp-content\/uploads\/2015\/05\/Nick-Rosen-Netzausstieg-211x300.jpg\" alt=\"\" width=\"211\" height=\"300\" srcset=\"https:\/\/www.packpapierverlag.de\/wp-content\/uploads\/2015\/05\/Nick-Rosen-Netzausstieg-211x300.jpg 211w, https:\/\/www.packpapierverlag.de\/wp-content\/uploads\/2015\/05\/Nick-Rosen-Netzausstieg-300x425.jpg 300w, https:\/\/www.packpapierverlag.de\/wp-content\/uploads\/2015\/05\/Nick-Rosen-Netzausstieg-723x1024.jpg 723w, https:\/\/www.packpapierverlag.de\/wp-content\/uploads\/2015\/05\/Nick-Rosen-Netzausstieg.jpg 1024w\" sizes=\"auto, (max-width: 211px) 100vw, 211px\" \/><\/a><br \/>\n<span style=\"font-weight: bold;\">Nick Rosen:<\/span> <span style=\"font-weight: bold;\">Netzausstieg!<\/span><br style=\"font-weight: bold;\" \/><span style=\"font-weight: bold;\">Mit einem ausstiegstechnischen Nachtrag vom Wagenplatz (von Herrmann Cropp).<\/span><br \/>\nBrosch\u00fcre, DIN A5 mit 34 Seiten und mehreren Abbildungen.<br \/>\nPackpapier Verlag 2015<span style=\"font-style: italic;\">.<\/span><\/span><\/small><br \/>\n<small style=\"color: #214343;\"><span style=\"font-family: Helvetica,Arial,sans-serif; color: #182d07;\">Nick Rosen ist Betreiber der Website off-grid.net, einer sozialen Drehscheibe f\u00fcr Haushalte, um eigene Energie, zum Teil aus Abf\u00e4llen, zu erzeugen, eigenes Wasser zu gewinnen und in jeder Weise unabh\u00e4ngig zu werden. Nick hat als Journalist und Autor Zeitungsartikel und B\u00fccher \u00fcber Netzalternativen und Netzkritik ver\u00f6ffentlicht; er verfolgt das \u201efreedom movement\u201c, wie er die von unterschiedlichsten Gruppen und Individuen praktizierten Versuche, netzunabh\u00e4ngig zu leben, nennt, seit vielen Jahren und hofft, da\u00df sich aus ihnen eines Tages eine neue Form menschlichen Zusammenlebens \u201ef\u00fcr alle\u201c entwickeln kann. Es ist die Hoffnung auf eine \u00f6kologisch nachhaltige und politisch selbstbestimmte Gesellschaft.<br \/>\nDie vorliegende Brosch\u00fcre gibt einen Einblick in die Englische und US-Amerikanische off-grid-Bewegung, versammelt einige Aufs\u00e4tze aus Zeitungen und dem Internet sowie erstmals in deutscher \u00dcbersetzung vorliegende Ausz\u00fcge aus Nicks Buch<span style=\"font-weight: bold;\"> \u201eOff the grid\u201c (Weg vom Netz!)<\/span>, das in England und den USA sehr popul\u00e4r ist und viele Menschen animiert hat, zu Aussteigern zu werden. By the way: uns liegt bereits die vollst\u00e4ndige deutsche \u00dcbersetzung vor, wer als Co-Verleger oder Finanzier Interesse an einer Ver\u00f6ffentlichung im deutschen Sprachraum hat, m\u00f6ge sich bei uns melden!<br \/>\n<span style=\"font-weight: bold;\">INHALT<\/span>&#8230;und mehr, siehe link:<br \/>\n<\/span><\/small><\/p>\n<p><small style=\"color: #214343;\"><span style=\"font-family: Helvetica,Arial,sans-serif; color: #182d07;\"><a href=\"https:\/\/www.packpapierverlag.de\/?product=nick-rosen-netzausstieg\" target=\"_blank\" rel=\"noopener noreferrer\">https:\/\/www.packpapierverlag.de\/?product=nick-rosen-netzausstieg<\/a><\/span><\/small><br \/>\n<small style=\"color: #214343;\"><span style=\"font-family: Helvetica,Arial,sans-serif; color: #182d07;\"><br \/>\n<\/span><\/small><span style=\"color: #234646; font-family: Helvetica,Arial,sans-serif;\"><small><span style=\"font-weight: bold;\"><br \/>\n<a href=\"https:\/\/www.packpapierverlag.de\/wp-content\/uploads\/2015\/05\/Tomatenbuch1.jpg\"><img loading=\"lazy\" decoding=\"async\" class=\"alignleft size-medium wp-image-6502\" title=\"Tomatenbuch\" src=\"https:\/\/www.packpapierverlag.de\/wp-content\/uploads\/2015\/05\/Tomatenbuch1-213x300.jpg\" alt=\"\" width=\"213\" height=\"300\" srcset=\"https:\/\/www.packpapierverlag.de\/wp-content\/uploads\/2015\/05\/Tomatenbuch1-213x300.jpg 213w, https:\/\/www.packpapierverlag.de\/wp-content\/uploads\/2015\/05\/Tomatenbuch1-300x421.jpg 300w, https:\/\/www.packpapierverlag.de\/wp-content\/uploads\/2015\/05\/Tomatenbuch1-729x1024.jpg 729w, https:\/\/www.packpapierverlag.de\/wp-content\/uploads\/2015\/05\/Tomatenbuch1.jpg 1024w\" sizes=\"auto, (max-width: 213px) 100vw, 213px\" \/><\/a><br \/>\nJohannes B\u00f6ttner:<\/span> <span style=\"font-weight: bold;\">Tomatenbuch.<\/span><br style=\"font-weight: bold;\" \/><span style=\"font-weight: bold;\">Anleitung, fr\u00fch und reichlich reife Tomaten zu gewinnen, sowie 60 ausgew\u00e4hlte Tomatenrezepte.<\/span><br \/>\nReprint der Erstausgabe von 1911, erg\u00e4nzt um ein Nachwort von Herrmann Cropp. Packpapier Verlag Osnabr\u00fcck 2015 103 Seiten, DIN A5, Klebebindung, viele Illustrationen, Schrifttyp: Fraktur. <\/small><\/span><br \/>\n<span style=\"color: #234646; font-family: Helvetica,Arial,sans-serif;\"><small>Das Buch ist ein Klassiker des privaten und gewerblichen Tomatenanbaus in Deutschland, dessen praktische Anleitungen heute ebenso hilfreich sind, wie damals. Einiges hat sich in den letzten 100 Jahren nat\u00fcrlich ver\u00e4ndert: wer kennt etwa noch den Anbau nicht-aufgebundener Bodenkulturen oder Kulturen an Holzw\u00e4nden, die zum Schutz vor Frost und Regen herunterklappbar sind? Neben den vielen auch heute gel\u00e4ufigen Anbaupraktiken gibt es einige solcher Besonderheiten, interessante historische Entwicklungen und alte Sorten zu entdecken.<br \/>\n<span style=\"font-weight: bold;\">INHALT<\/span>: Zur Einf\u00fchrung * Warum werden Tomaten nicht immer reif? * Die Anzucht der Tomatenpflanzen * Kulturbedingungen * Das Auspflanzen * Gie\u00dfen und fl\u00fcssig d\u00fcngen * Das Beschneiden * Das Kappen Anfang September * Das Abschneiden von Bl\u00e4ttern * Das Anheften * Reifen, Nachreifen, Aufbewahren * Ertrag * Verkauf und Versand * Sorten: Fr\u00fcheste Sorten &#8230; Mittelfr\u00fche und mittelgro\u00dfe Sorten &#8230; Die kleinw\u00fcchsigen Tomaten &#8230; Treibsorten * Krankheiten und Sch\u00e4dlinge * Massenanbau in alten Weinbergen \u2013 Feldkultur * Tomaten unter Glas * Topfkultur * Eine Sammlung ausgew\u00e4hlter TOMATENREZEPTE aus&#8230; Reifen Tomaten: Suppen, Tunken, Gef\u00fcllte Tomaten, Zubereitungsarten, Salate, Rohe Tomaten, Tomaten s\u00fc\u00df und s\u00fc\u00dfsauer gekocht * Einmachen reifer Tomaten: Das Einkochen zu Mus, Ketchuprezepte, Reife, ganze Fr\u00fcchte lagern, Kompott einmachen * Gr\u00fcne Tomaten: Gef\u00fcllte Tomaten, Gr\u00fcne Tomaten s\u00fc\u00df * Das Einmachen gr\u00fcner Tomaten * Das D\u00f6rren von Tomaten * Tomatenpaste <\/small><\/span><\/p>\n<p><span style=\"color: #234646; font-family: Helvetica,Arial,sans-serif;\"><small><span style=\"font-weight: bold;\">Zum Autor: <\/span>Gartenbau-Pionier Johannes B\u00f6ttner (1861-1919) hat den Anbau von Tomaten, Spargel, Rhabarber und anderen Gem\u00fcsen in Deutschland popul\u00e4r gemacht, seinerzeit war B\u00f6ttner ein vielgelesener Autor von Gartenb\u00fcchern. Als Sohn eines G\u00e4rtners w\u00e4hlte er denselben Beruf wie sein Vater und lernte w\u00e4hrend seiner Ausbildung u.a. in England und Frankreich neue Anbaumethoden kennen. Neben der Herausgabe von Gartenzeitschriften und dem Verfassen von B\u00fcchern betrieb B\u00f6ttner eine Gro\u00dfg\u00e4rtnerei, wo er mit Sorten und Anbaumethoden experimentierte. Die Deutschen waren anfangs mi\u00dftrauisch gegen\u00fcber den \u201efremden\u201c Pflanzen, so da\u00df B\u00f6ttner seine ersten 23 Tomatensorten, die er auf Ausstellungen vorf\u00fchrte, nicht verkaufen konnte und an die Schweine verf\u00fcttern mu\u00dfte.<\/small><\/span><\/p>\n<p><span style=\"color: #234646; font-family: Helvetica,Arial,sans-serif;\"><small><a href=\"https:\/\/www.packpapierverlag.de\/?product=johannes-bottner-das-tomatenbuch-f44-2\" target=\"_blank\" rel=\"noopener noreferrer\">https:\/\/www.packpapierverlag.de\/?product=johannes-bottner-das-tomatenbuch-f44-2<\/a><\/small><\/span><br \/>\n<small style=\"color: #214343;\"><\/small><small style=\"color: #214343;\"><\/small><br \/>\n<a href=\"https:\/\/www.packpapierverlag.de\/wp-content\/uploads\/2014\/12\/Vegadiko.jpg\"><img loading=\"lazy\" decoding=\"async\" class=\"alignleft size-medium wp-image-6397\" title=\"Vegadiko\" src=\"https:\/\/www.packpapierverlag.de\/wp-content\/uploads\/2014\/12\/Vegadiko-300x219.jpg\" alt=\"\" width=\"300\" height=\"219\" srcset=\"https:\/\/www.packpapierverlag.de\/wp-content\/uploads\/2014\/12\/Vegadiko-300x219.jpg 300w, https:\/\/www.packpapierverlag.de\/wp-content\/uploads\/2014\/12\/Vegadiko-1024x747.jpg 1024w\" sizes=\"auto, (max-width: 300px) 100vw, 300px\" \/><\/a><br \/>\n<small style=\"color: #214343;\"><span style=\"font-family: Helvetica,Arial,sans-serif; color: #182d07;\">Jana-Nita Raker &amp; Melanie Hunger<br \/>\n<span style=\"font-weight: bold;\">Iss mal so: <\/span><span style=\"font-weight: bold;\">VEGADIKO! <\/span><span style=\"font-weight: bold;\">Das solidarische, vegane Adivasi Kochbuch<\/span><br \/>\nGeschichten und Gerichte der indigenen Bev\u00f6lkerung Indiens<br \/>\nISBN 978-3-931504-53-3 54 Seiten, DIN A5, bunter Farbverlaufsdruck, Kartonumschlag und Recyclingpapier. <span style=\"font-weight: bold;\">Mit Liebe und von Hand geschrieben und illustriert.<\/span><br \/>\nDie indigene Bev\u00f6lkerung Indiens betr\u00e4gt etwa 8% der Gesamtbev\u00f6lkerung des Landes; die Adivasi werden im Zuge des \u201eFortschritts\u201c aus den wenigen ihnen noch<br \/>\nverbliebenen Siedlungsgebieten vertrieben (etwa durch die Erschlie\u00dfung neuer Bergbaugebiete)\u00a0 und von der Mehrheitsgesellschaft sozial, politisch und rechtlich ausgegrenzt. Ihre naturverbundene Lebensweise pa\u00dft nicht zur Ideologie des Immer-schneller-immer-mehr-Konsumierens, die in Indien ebenso \u201eerfolgreich\u201c ist, wie anderswo.<br \/>\nDieses Kochb\u00fcchlein m\u00f6chte seinen Lesern die kulinarische Tradition der Adivasi nahe bringen, zugleich kommt der Erl\u00f6s des B\u00fcchleins dem NGO-Projekt Samata zugute, das sich im Bundesstaat Andhra Pradesh f\u00fcr die Rechte und Belange der Ureinwohner einsetzt.<br \/>\nNoch ein Hinweis: die Gerichte sind mit Bedacht nicht \u201eeurop\u00e4isiert\u201c worden &#8211; aber selbstverst\u00e4ndlich darf mensch auch gerne ein bi\u00dfchen weniger Chilis oder Curry verwenden, als angeben. Au\u00dferdem kochen die Adivasi nicht mit dem Me\u00dfbecher, sondern nach Lust und Bedarf, mach es am besten genauso \ud83d\ude42<br \/>\n<span style=\"font-weight: bold;\">INHALT und mehr siehe link:<\/span><br \/>\n<\/span><\/small><\/p>\n<p><small style=\"color: #214343;\"><span style=\"font-family: Helvetica,Arial,sans-serif; color: #182d07;\"><a href=\"https:\/\/www.packpapierverlag.de\/?product=iss-mal-so-vegadiko\" target=\"_blank\" rel=\"noopener noreferrer\">https:\/\/www.packpapierverlag.de\/?product=iss-mal-so-vegadiko<\/a><\/span><\/small><small><\/small><\/p>\n<p>&nbsp;<\/p>\n<p><small> <\/small><span style=\"color: #234646; font-family: Helvetica,Arial,sans-serif;\"><small><span style=\"color: #003f00;\"><span style=\"font-weight: bold; font-style: italic; color: #881553;\"><span style=\"color: #336666;\"><span style=\"color: #1f3e3e;\"><span style=\"color: #7e2150;\"><br \/>\n<\/span><\/span><\/span><\/span><\/span><\/small><\/span><\/p>\n","protected":false},"excerpt":{"rendered":"<p>Annette Schlemm: Wer hat Angst vorm Kollaps? 75 Seiten 5,- [&hellip;] &hellip; <a href=\"https:\/\/www.packpapierverlag.de\/\">Weiterlesen <span class=\"meta-nav\">&rarr;<\/span><\/a><\/p>\n","protected":false},"author":8,"featured_media":0,"parent":0,"menu_order":0,"comment_status":"closed","ping_status":"closed","template":"","meta":{"footnotes":""},"class_list":["post-6703","page","type-page","status-publish","hentry"],"_links":{"self":[{"href":"https:\/\/www.packpapierverlag.de\/index.php?rest_route=\/wp\/v2\/pages\/6703","targetHints":{"allow":["GET"]}}],"collection":[{"href":"https:\/\/www.packpapierverlag.de\/index.php?rest_route=\/wp\/v2\/pages"}],"about":[{"href":"https:\/\/www.packpapierverlag.de\/index.php?rest_route=\/wp\/v2\/types\/page"}],"author":[{"embeddable":true,"href":"https:\/\/www.packpapierverlag.de\/index.php?rest_route=\/wp\/v2\/users\/8"}],"replies":[{"embeddable":true,"href":"https:\/\/www.packpapierverlag.de\/index.php?rest_route=%2Fwp%2Fv2%2Fcomments&post=6703"}],"version-history":[{"count":160,"href":"https:\/\/www.packpapierverlag.de\/index.php?rest_route=\/wp\/v2\/pages\/6703\/revisions"}],"predecessor-version":[{"id":19753,"href":"https:\/\/www.packpapierverlag.de\/index.php?rest_route=\/wp\/v2\/pages\/6703\/revisions\/19753"}],"wp:attachment":[{"href":"https:\/\/www.packpapierverlag.de\/index.php?rest_route=%2Fwp%2Fv2%2Fmedia&parent=6703"}],"curies":[{"name":"wp","href":"https:\/\/api.w.org\/{rel}","templated":true}]}}