{"id":7083,"date":"2017-04-11T12:05:17","date_gmt":"2017-04-11T10:05:17","guid":{"rendered":"http:\/\/www.packpapierverlag.de\/?page_id=7083"},"modified":"2017-04-11T13:39:03","modified_gmt":"2017-04-11T11:39:03","slug":"festival-archiv","status":"publish","type":"page","link":"https:\/\/www.packpapierverlag.de\/?page_id=7083","title":{"rendered":"Festivals 2013"},"content":{"rendered":"<div id=\"wrapper\" class=\"hfeed\">\n<div id=\"header\">\n<div id=\"masthead\">\n<div id=\"post-2126\" class=\"post-2126 post type-post hentry category-allgemein\">\n<p><a href=\"https:\/\/www.packpapierverlag.de\/wp-content\/uploads\/2013\/04\/Wiesenh\u00e4ndler2.jpg\" rel=\"attachment wp-att-5686\"><img loading=\"lazy\" decoding=\"async\" class=\"wp-image-5686 alignright\" src=\"https:\/\/www.packpapierverlag.de\/wp-content\/uploads\/2013\/04\/Wiesenh\u00e4ndler2.jpg\" alt=\"Wiesenh\u00e4ndler\" width=\"208\" height=\"328\" \/><\/a>\u00a0<small><big>Festivalkultur und mehr 2013 \u2013 Der Packpapier Verlag auf B\u00fcchertischtour<\/big><\/small><\/p>\n<div class=\"entry-summary\"><small><small> Wie die meisten von Euch wissen, machen wir auf den gro\u00dfen Buchmessen (Frankfurt, Leipzig) keinen Stand \u2013 ist finanziell (teuer) und menschlich (Top-Down-Getue) einfach nicht unsere Sache. Wir fahren mit unseren B\u00fcchern lieber dahin, wo die Menschen sich Freir\u00e4ume schaffen, zum Beispiel auf Musik- Festivals oder dorthin, wo Menschen zusammenkommen, um sich f\u00fcr Ihre Mit- und Umwelt zu engagieren.<br \/>\nAuf folgenden Veranstaltungen machen wir in diesem Jahr B\u00fcchertische, zu einigen Terminen nehmen wir ein Ausstellungszelt mit. Letztes Jahr haben wir eine Soli- Ausstellung zu Griechenland gemacht, mit vielen Infos zur Geschichte und \u201eKrise\u201c in Griechenland und mit Karikaturen von Klaus Stuttmann und Kostas Koufogiorgos. Dieses Jahr gehen wir mit E.T.A. Hoffmanns \u201eMeister Floh\u201c auf Tour, der \u00fcber 100 Jahre wegen der darin enthaltenen Justizkritik unter Zensur stand.<\/small><\/small>Die folgende Liste wird regelm\u00e4\u00dfig erweitert und aktualisiert \u2013 gerne kommen wir auf Einladung auch zu Eurer Veranstaltung, meldet Euch einfach bei uns.<\/p>\n<p>M\u00c4RZ<br \/>\nOstermarsch Rhein-Ruhr vom 30. M\u00e4rz bis 1. April<br \/>\nAPRIL<br \/>\nAnti-Atom-Demo und Kulturmeile am AKW Brokdorf am 21.April<br \/>\nJUNI<br \/>\nBerliner Umweltfestival \u201eLebensraum Zukunft\u201c am 1. und 2. Juni \u2014&gt; www.umweltfestival.de<br \/>\nJULI<br \/>\nFriedensfest Iserlohn vom 5.-7. Juli \u2014&gt; www.friedensfestival.de<br \/>\nBurg Herzberg Festival vom 18.-21.Juli\u00a0 \u2014&gt; www.burgherzberg-festival.de<br \/>\nAnti-Atom-Camp M\u00fcnsterland 19.-27. Juli \u2014&gt; www.antiatomcamp.nirgendwo.info<br \/>\nAUGUST<br \/>\nFree Flow Festival im Wendland am 09. und 10. August \u2014&gt; https:\/\/beelzebubairlines.de\/freeflow\/<br \/>\nStemwede Festival am 16. und 17. August \u2014&gt; www.jfk-stemwede.de\/festival\/index.php<br \/>\nZytanien Festival vom 23. \u2013 25. August \u2014&gt; www.zytanien.de<br \/>\nKlimacamp im Rheinland vom 28. August \u2013 01. September (wir sind am 28. und 29. da!) \u2014&gt; https:\/\/www.klimacamp.ausgeco2hlt.de\/<br \/>\nFriedensfestival Ostfriesland vom 30. August- 01. September 2013 \u2014&gt; https:\/\/friedensfestival-ostfriesland.jimdo.com\/<br \/>\nSEPTEMBER<\/p>\n<p><small><br \/>\nWagentage 19.-22. September auf dem Wagenplatz am Hessenbusch 121 in M\u00fcnster (NRW)<br \/>\n<\/small><small>Free Flow Festival in Kassel am 20. und 21. September<\/small><small> \u2014&gt; https:\/\/www.freeflowfestival.de\/<\/small><br \/>\n<small><small><br \/>\n*****************<br \/>\nDAS WAR SCHO(E)N\u2026<\/small><\/small>M\u00c4RZ<br \/>\nOSTERMARSCH RHEIN-RUHR 2013<br \/>\n<a href=\"https:\/\/www.packpapierverlag.de\/wp-content\/uploads\/2013\/04\/Ostermarsch-2013.jpg\" rel=\"attachment wp-att-5669\"><img loading=\"lazy\" decoding=\"async\" class=\"wp-image-5669 alignright\" src=\"https:\/\/www.packpapierverlag.de\/wp-content\/uploads\/2013\/04\/Ostermarsch-2013.jpg\" alt=\"Ostermarsch 2013\" width=\"179\" height=\"511\" \/><\/a>\u00a0Mitmarschieren konnten wir aus Zeitgr\u00fcnden diesmal leider nicht (dabei ist der Friedensmarsch durch den Pott immer ein sehr sch\u00f6nes Erlebnis, Arbeiteratmosph\u00e4re trotz Hartz4, Naturlandschaften trotz Urbanit\u00e4t und eine lebendige Gemeinschaft der Unterschiede), aber Herrmann hat zwei B\u00fcchertische gemacht: am Samstag, den 30. M\u00e4rz auf dem Gelsenkirchener \u201eO-Ton-Festival gegen Krieg und Faschismus\u201c im Paul-Loebe-Haus und am 1. April auf dem Abschlu\u00dffest des Rhein-Ruhr-Ostermarsches im Dortmunder Wichernhaus.<br \/>\nIn diesem Jahr waren mehr Menschen auf den Beinen als im Vorjahr, und es waren auch deutlich mehr Ruhrp\u00f6tter mit t\u00fcrkischem Background unterwegs, da mit Mehmet Kuba\u015fik ein Dortmunder von den Terroristen des NSU ermordet wurde. Entsprechend waren die Morde und der beh\u00f6rdliche Umgang mit den Opfern sowie die \u201eErmittlungspannen\u201c Thema bei den diesj\u00e4hrigen Friedensansprachen- neben der Kritik an einer Europ\u00e4isierung der globalen Kriege und der Hochtechnologisierung und Banalisierung der Kriege auf Zocker-Niveau (Drohnen-Kriege). Die Anonymisierung des Krieges erzeugt nat\u00fcrlich weiterhin konkrete Opfer: es sterben Kinder, Geschwister und Eltern und auch der Krieger am Laptop entgeht der Traumatisierung nicht, denn ganz offensichtlich ist der Mensch aller Zivilisationskritik zum Trotz noch immer kein Roboter geworden.<br \/>\nAuf den Osterm\u00e4rschen zeigen die Menschen, was sie verbindet- ihre Menschlichkeit und ihre F\u00e4higkeit, NEIN zu sagen- NEIN zu Rassismus, Krieg und Gewalt.<\/p>\n<p>APRIL<br \/>\nANTI ATOM DEMO &amp; KULTURFEST IN BROKDORF AM SONNTAG 21.04.2013 (27ter Jahrestag des Reaktorunfalls von Tschernobyl)<br \/>\n<a href=\"https:\/\/www.packpapierverlag.de\/wp-content\/uploads\/2011\/12\/Packpapier-vor-AKW-Brokdorf.jpg\" rel=\"attachment wp-att-5660\"><img loading=\"lazy\" decoding=\"async\" class=\"alignleft wp-image-5660\" src=\"https:\/\/www.packpapierverlag.de\/wp-content\/uploads\/2011\/12\/Packpapier-vor-AKW-Brokdorf.jpg\" alt=\"Packpapier vor AKW Brokdorf\" width=\"192\" height=\"470\" \/><\/a>\u00a0&#8211; Infost\u00e4nde \u2013 Redebeitr\u00e4ge \u2013 LiveMusik \u2013 Klettern &#8211; Stelzenlauf \u2013 Kindermalw\u00e4nde \u2013 Lesungen &amp; Poesie &#8211; Clownerie &#8211; und noch viel mehr<br \/>\nDer Packpapier Verlag war mit einem Info- und B\u00fcchertisch dabei \u2013 vom Himmel strahlte die Sonne und von hinten das AKW\u2026ein bi\u00dfchen unheimlich wird`s einem da schon.<\/p>\n<p>JUNI<br \/>\nBERLINER UMWELTFESTIVAL<br \/>\nDas Umweltfestival, das dieses Jahr unter dem Motto \u201cLebensraum Zukunft\u201d stattfand, ist in Wind und Regen mehr oder weniger versunken\u2026 w\u00e4hrend zeitgleich eine \u00dcberschwemmungswelle durch`s Land zog. Lebensraum Zukunft also\u2026 wenn wir uns nicht anders besinnen.<\/p>\n<p>JULI<br \/>\nFRIEDENSFEST ISERLOHN<br \/>\nEs war bestimmt so wundersch\u00f6n und widerst\u00e4ndig und menschlich wie in den letzten Jahren\u2026 nur mu\u00dfte die musikalisch-kulturelle Gegenveranstaltung zum dortigen Sch\u00fctzenfest leider ohne uns stattfinden, weil auf dem Weg zum Festival die Bremsen unseres \u201cB\u00fccherbusses\u201d endg\u00fcltig den Geist aufgegeben und sich in einer gro\u00dfen, schwarzen, stinkenden Rauchwolke aufgel\u00f6st haben. Da hie\u00df es denn statt Ausstellung und B\u00fcchertisch schneckengleich nach Osnabr\u00fcck zur\u00fcckzuschleichen und unser altes W\u00e4gelchen in die treuen H\u00e4nde unseres kreativen Autoschraubers zu\u00a0geben\u2026 der Wagen besteht ohnehin zu 80% aus Schwei\u00dfstellen und manchmal fungiert eine Konservendose als Auspuff\u2026.<br \/>\nDAS BURG HERZBERG FESTIVAL\u2026<br \/>\n\u2026 war wie immer ein friedvoll-musikalisches Zusammenkommen fr\u00fcher und versp\u00e4teter Hippies und Lebensk\u00fcnstler, wo es immer soooo viel zu sehen gibt, aber vor lauter Arbeit fand Herrmann keine Zeit zum Photographieren, und vor allem waren wir froh, da\u00df sich unser Auto gerade noch rechtzeitig von einer traurigen Metall-Altlast wieder zum (Fort-)Bewegungsmittel verwandelt hatte (unser Dank gilt unserem Schrauber Christof!). Vielleicht lad` ich sp\u00e4ter noch ein paar Bilder vom letzten Jahr hoch, dann wird`s hier auf der Seite noch bunter!<br \/>\nANTIATOMCAMP M\u00dcNSTERLAND<br \/>\nHier schaute Herrmann nur kurz vorbei, denn die Leutchen waren meistens unterwegs beim Aktionstraining und Co. Daf\u00fcr war J\u00f6rg Bergstedt auf dem Platz und wir konnten die \u00dcbergabe von \u201eRisographen\u201c vorbereiten- das hei\u00dft, in der Projektwerkstatt wird nun auch bald Selbstgedrucktes entstehen!<\/p>\n<p>AUGUST<br \/>\n<a href=\"https:\/\/www.packpapierverlag.de\/wp-content\/uploads\/2013\/04\/Free-Flow-Festival-Gedelitz-2013.jpg\" rel=\"attachment wp-att-5719\"><img loading=\"lazy\" decoding=\"async\" class=\"alignleft wp-image-5719\" src=\"https:\/\/www.packpapierverlag.de\/wp-content\/uploads\/2013\/04\/Free-Flow-Festival-Gedelitz-2013.jpg\" alt=\"Free Flow Festival Gedelitz 2013\" width=\"269\" height=\"212\" \/><\/a>FREE FLOW FESTIVAL IM WENDLAND<br \/>\nDer Auftritt von Bands (wie z.B. Embryo) beim Free Flow hat immer etwas hausmusikalisches, in sofern sich vor Ort spontan neue Kombos ergeben und flei\u00dfig mit akustischen Instrumenten und Computermusik experimentiert wird. Die B\u00fchne wird dabei gerne \u00fcberspielt und sp\u00e4testens wenn Walther von Lingen mit seinem Klangzelt eintrifft, sitzen auch die Besucher an den Instrumenten. Definitiv kein Festival, wo`s um \u201eSaufen und Kaufen\u201c geht, sondern eines, auf dem die Musik gemeinsam gelebt wird.<\/p>\n<p><a href=\"https:\/\/www.packpapierverlag.de\/wp-content\/uploads\/2013\/04\/Stemwede-2013-Kalle.jpg\" rel=\"attachment wp-att-5720\"><img loading=\"lazy\" decoding=\"async\" class=\"wp-image-5720 alignright\" src=\"https:\/\/www.packpapierverlag.de\/wp-content\/uploads\/2013\/04\/Stemwede-2013-Kalle.jpg\" alt=\"Stemwede 2013 Kalle\" width=\"213\" height=\"159\" srcset=\"https:\/\/www.packpapierverlag.de\/wp-content\/uploads\/2013\/04\/Stemwede-2013-Kalle.jpg 1024w, https:\/\/www.packpapierverlag.de\/wp-content\/uploads\/2013\/04\/Stemwede-2013-Kalle-300x225.jpg 300w\" sizes=\"auto, (max-width: 213px) 100vw, 213px\" \/><\/a>STEMWEDE FESTIVAL<br \/>\nWas soll man sagen: das merkw\u00fcrdigste Festival des Jahres mit einer sozialen Durchmischung, die wohl kein Stadtplaner zulassen w\u00fcrde: Hardcore-Fans, Punker, Freiwillige Feuerwehr, Handwerker,\u00a0 st\u00e4dtische \u201eBrennpunktkids\u201c und \u201eaufgebrezelte Landeier\u201c, dazwischen Hippies, DKP-Anh\u00e4nger, Sch\u00fctzenvereins-Veteranen und Wochenendausfl\u00fcgler. Die prim\u00e4r konsumierte Droge ist Alkohol und zwar (leider) in \u00dcbermengen. Seltsamerweise wird`s aber nie gewaltt\u00e4tig und noch seltsamerweise wird in Stemwede richtig viel gelesen! Stemwede ist in vielerlei Hinsicht ein guter Ort, um Vorurteile abzubauen; eine 50-j\u00e4hrige Dame mit Haardutt und passgenau geschnittenem, fusselfreiem Ausgehkleid kauft Erich M\u00fchsams \u201eAscona\u201c, ein 14-j\u00e4hriger Iraker Rosa Luxemburg, ein Punker Kants \u201eAufkl\u00e4rung\u201c, ein \u201eBildungsverweigerer\u201c (Jogginghose und gro\u00dfe Pose) Tolstoi, ein Pastor Mosts \u201eGottespest\u201c, ein KFZ-Mechaniker eine Anleitung f\u00fcr den Bau eines Kompostklos \u2026 und der Musiker einer in Stemwede aufgetretenen sehr bekannten Band (die wir nicht kennen) kauft einem geldlosen Jugendlichen einen Gedichtband, den er sich nicht leisten kann (oder will, so genau konnten wir das nicht herausbekommen). Au\u00dferdem und insbesondere f\u00fcr Frauen toll in Stemwede: es gibt richtig gute Toilettenwagen mit Spiegel, Waschbecken, Seife und IMMER genug Toilettenpapier; diesmal gab`s sogar Duschkabinen \u2013 im umgebauten Anh\u00e4nger einer Landmaschine.<br \/>\nAuf dem Photo sehr Ihr Kalles K\u00fcche und Futterstand \u2013 er k\u00e4mpft gerade mit seiner auf ebay ersteigerten Saftmaschine, die nicht richtig funktioniert\u2026<\/p>\n<p><a href=\"https:\/\/www.packpapierverlag.de\/wp-content\/uploads\/2013\/04\/Friedensfestival-Ostfriesland-2013-FlyerProgramm.jpg\" rel=\"attachment wp-att-5734\"><img loading=\"lazy\" decoding=\"async\" class=\"alignleft wp-image-5734\" src=\"https:\/\/www.packpapierverlag.de\/wp-content\/uploads\/2013\/04\/Friedensfestival-Ostfriesland-2013-FlyerProgramm.jpg\" alt=\"Friedensfestival Ostfriesland 2013 FlyerProgramm\" width=\"287\" height=\"128\" \/><\/a>FRIEDENSFESTIVAL NEUSCHOO\/OSTFRIESLAND<br \/>\nAuf diesem Festival waren wir das erste mal- Vera, eine der Organisatorinnen, kam in Stemwede an unseren Stand und hat uns eingeladen. DANKESCH\u00d6N!<br \/>\nDas Friedensfestival l\u00e4uft unter dem Motto \u201eWatt f\u00fcr jeden!\u201c, was sich vor allem auf die Musik(stile) bezieht, aber auch darauf, wie man seine Tage vor Ort verbringen m\u00f6chte: mit Lesungen, Poetry Slams, Kinofilmen, Trommel- oder Guerilla-Gardening-Workshops, Siebdrucken, Graffiti-Spr\u00fchen auf der \u201eCreative Wall\u201c oder politischen Diskussionen, etwa zu den Themen Inklusion, Kapitalismuskritik, Frankfurter Schule oder Revolution und Revolutionsfolgen in \u00c4gypten.<br \/>\n<a href=\"https:\/\/www.packpapierverlag.de\/wp-content\/uploads\/2013\/04\/Friedensfestival-Ostfriesland-2013.jpg\" rel=\"attachment wp-att-5735\"><img loading=\"lazy\" decoding=\"async\" class=\"alignleft wp-image-5735\" src=\"https:\/\/www.packpapierverlag.de\/wp-content\/uploads\/2013\/04\/Friedensfestival-Ostfriesland-2013.jpg\" alt=\"Friedensfestival Ostfriesland 2013\" width=\"312\" height=\"239\" \/><\/a>In den ersten Festivaljahren standen politische Diskussionsrunden im Vordergrund, was vor allem den j\u00fcngeren Leuten bald zu \u201everkopft\u201c wurde; sie wollten \u00fcber die \u201ereine Debatten-Lehre\u201c hinaus der Kreativit\u00e4t mehr Raum geben- was ihnen sehr gut gelungen ist! Jetzt ist wirklich \u201ef\u00fcr jeden watt\u201c dabei und obwohl die Besucherzahlen von Jahr zu Jahr steigen, ist das Festival in Neuschoo noch immer schnuckelig-klein und damit ein idealer Ort, um den Sommer entspannt ausklingen zu lassen.<br \/>\n<a href=\"https:\/\/www.packpapierverlag.de\/wp-content\/uploads\/2013\/04\/Friedensfestival-Ostfriesland-2013-kreativ.jpg\" rel=\"attachment wp-att-5736\"><img loading=\"lazy\" decoding=\"async\" class=\"wp-image-5736 alignright\" src=\"https:\/\/www.packpapierverlag.de\/wp-content\/uploads\/2013\/04\/Friedensfestival-Ostfriesland-2013-kreativ.jpg\" alt=\"Friedensfestival Ostfriesland 2013 kreativ\" width=\"265\" height=\"187\" srcset=\"https:\/\/www.packpapierverlag.de\/wp-content\/uploads\/2013\/04\/Friedensfestival-Ostfriesland-2013-kreativ.jpg 1024w, https:\/\/www.packpapierverlag.de\/wp-content\/uploads\/2013\/04\/Friedensfestival-Ostfriesland-2013-kreativ-300x212.jpg 300w\" sizes=\"auto, (max-width: 265px) 100vw, 265px\" \/><\/a>Tr\u00e4ger des Festivals ist das Aktionsb\u00fcndnis f\u00fcr Frieden und Entmilitarisierung, Harlingerland gegen Rechts e.V. (AFE,HgR e.V.), das sich 2003 zusammenfand, um gegen den Irakkrieg unter Bush jun. und gegen Schr\u00f6ders Agenda 2010, die der Verein einen \u201esozialen Krieg\u201c nennt, aktiv zu werden. Neben dem Festival organisiert der Verein Osterm\u00e4rsche, Mahnwachen, Antifa-Demos und AgitProp-Aktionen.<\/p>\n<\/div>\n<\/div>\n<\/div>\n<\/div>\n<\/div>\n","protected":false},"excerpt":{"rendered":"<p>\u00a0Festivalkultur und mehr 2013 \u2013 Der Packpapier Verlag auf B\u00fcchertischtour [&hellip;] &hellip; <a href=\"https:\/\/www.packpapierverlag.de\/?page_id=7083\">Weiterlesen <span class=\"meta-nav\">&rarr;<\/span><\/a><\/p>\n","protected":false},"author":8,"featured_media":0,"parent":0,"menu_order":0,"comment_status":"closed","ping_status":"closed","template":"","meta":{"footnotes":""},"class_list":["post-7083","page","type-page","status-publish","hentry"],"_links":{"self":[{"href":"https:\/\/www.packpapierverlag.de\/index.php?rest_route=\/wp\/v2\/pages\/7083","targetHints":{"allow":["GET"]}}],"collection":[{"href":"https:\/\/www.packpapierverlag.de\/index.php?rest_route=\/wp\/v2\/pages"}],"about":[{"href":"https:\/\/www.packpapierverlag.de\/index.php?rest_route=\/wp\/v2\/types\/page"}],"author":[{"embeddable":true,"href":"https:\/\/www.packpapierverlag.de\/index.php?rest_route=\/wp\/v2\/users\/8"}],"replies":[{"embeddable":true,"href":"https:\/\/www.packpapierverlag.de\/index.php?rest_route=%2Fwp%2Fv2%2Fcomments&post=7083"}],"version-history":[{"count":4,"href":"https:\/\/www.packpapierverlag.de\/index.php?rest_route=\/wp\/v2\/pages\/7083\/revisions"}],"predecessor-version":[{"id":7093,"href":"https:\/\/www.packpapierverlag.de\/index.php?rest_route=\/wp\/v2\/pages\/7083\/revisions\/7093"}],"wp:attachment":[{"href":"https:\/\/www.packpapierverlag.de\/index.php?rest_route=%2Fwp%2Fv2%2Fmedia&parent=7083"}],"curies":[{"name":"wp","href":"https:\/\/api.w.org\/{rel}","templated":true}]}}