{"id":15846,"date":"2022-01-11T10:08:05","date_gmt":"2022-01-11T09:08:05","guid":{"rendered":"https:\/\/www.packpapierverlag.de\/?post_type=product&#038;p=15846"},"modified":"2022-01-11T10:08:05","modified_gmt":"2022-01-11T09:08:05","slug":"an-alle-kuenstler-52-seiten-a6-illustriert-3-e-l43","status":"publish","type":"product","link":"https:\/\/www.packpapierverlag.de\/?product=an-alle-kuenstler-52-seiten-a6-illustriert-3-e-l43","title":{"rendered":"An alle K\u00fcnstler! 52 Seiten A6 illustriert, 3,-\u20ac (l43)"},"content":{"rendered":"<p><img loading=\"lazy\" decoding=\"async\" class=\"alignleft wp-image-15844\" src=\"https:\/\/www.packpapierverlag.de\/wp-content\/uploads\/2022\/01\/l43analle.jpg\" alt=\"\" width=\"300\" height=\"427\" srcset=\"https:\/\/www.packpapierverlag.de\/wp-content\/uploads\/2022\/01\/l43analle.jpg 300w, https:\/\/www.packpapierverlag.de\/wp-content\/uploads\/2022\/01\/l43analle-211x300.jpg 211w\" sizes=\"auto, (max-width: 300px) 100vw, 300px\" \/>An alle K\u00fcnstler! 52 Seiten A6 illustriert, 3,-\u20ac (l43) &#8211; Nichts w\u00e4re notwendiger in dieser Zeit zerst\u00f6rter K\u00fcnstlerexistenzen, als ein Aufschrei, ein gemeinsamer Aufruf an alle K\u00fcnstler und ihre Freunde, da\u00df die Kunst nicht der kapitalistischen Gesundheitspolitik geopfert werde! Da\u00df sowas m\u00f6glich ist, zeigt der Aufruf der Berliner Novembergruppe von 1919 in einer \u00e4hnlich dramatischen Lage, wenn auch die Sprache und die Begriffe der Emp\u00f6rung sich ge\u00e4ndert haben, und die sozialpolitischen Ideen von damals sich nicht direkt \u00fcbertragen lassen. Vorbildlich ist der Wille zum gemeinsamen Handeln, der rebellische Geist, die Gewi\u00dfheit, da\u00df etwas Neues entstehen mu\u00df.<br \/>\nMit literarischen Beitr\u00e4gen von J.R.Becher, L.Meidner, B.Kellermann, Max Pechstein, W.Hasenclever, Kurt Eisner, K.Haenisch, K.E.Meurer, Paul Zech und Bildern von M.Pechstein, Cesar Klein, Richter-Berlin, L.Feininger, Milly Steger, G.Tappert<\/p>\n","protected":false},"excerpt":{"rendered":"<p>An alle K\u00fcnstler! 52 Seiten A6 illustriert, 3,-\u20ac (l43) &#8211; [&hellip;] &hellip; <a href=\"https:\/\/www.packpapierverlag.de\/?product=an-alle-kuenstler-52-seiten-a6-illustriert-3-e-l43\">Weiterlesen <span class=\"meta-nav\">&rarr;<\/span><\/a><\/p>\n","protected":false},"featured_media":15844,"template":"","meta":[],"product_brand":[],"product_cat":[18],"product_tag":[],"class_list":{"0":"post-15846","1":"product","2":"type-product","3":"status-publish","4":"has-post-thumbnail","6":"product_cat-literatur","8":"first","9":"instock","10":"shipping-taxable","11":"purchasable","12":"product-type-simple"},"_links":{"self":[{"href":"https:\/\/www.packpapierverlag.de\/index.php?rest_route=\/wp\/v2\/product\/15846","targetHints":{"allow":["GET"]}}],"collection":[{"href":"https:\/\/www.packpapierverlag.de\/index.php?rest_route=\/wp\/v2\/product"}],"about":[{"href":"https:\/\/www.packpapierverlag.de\/index.php?rest_route=\/wp\/v2\/types\/product"}],"wp:featuredmedia":[{"embeddable":true,"href":"https:\/\/www.packpapierverlag.de\/index.php?rest_route=\/wp\/v2\/media\/15844"}],"wp:attachment":[{"href":"https:\/\/www.packpapierverlag.de\/index.php?rest_route=%2Fwp%2Fv2%2Fmedia&parent=15846"}],"wp:term":[{"taxonomy":"product_brand","embeddable":true,"href":"https:\/\/www.packpapierverlag.de\/index.php?rest_route=%2Fwp%2Fv2%2Fproduct_brand&post=15846"},{"taxonomy":"product_cat","embeddable":true,"href":"https:\/\/www.packpapierverlag.de\/index.php?rest_route=%2Fwp%2Fv2%2Fproduct_cat&post=15846"},{"taxonomy":"product_tag","embeddable":true,"href":"https:\/\/www.packpapierverlag.de\/index.php?rest_route=%2Fwp%2Fv2%2Fproduct_tag&post=15846"}],"curies":[{"name":"wp","href":"https:\/\/api.w.org\/{rel}","templated":true}]}}