{"id":18075,"date":"2024-05-10T17:49:55","date_gmt":"2024-05-10T15:49:55","guid":{"rendered":"https:\/\/www.packpapierverlag.de\/?post_type=product&#038;p=18075"},"modified":"2025-04-27T14:24:23","modified_gmt":"2025-04-27T12:24:23","slug":"hoerproben-zum-runterladen-ist-umsonst","status":"publish","type":"product","link":"https:\/\/www.packpapierverlag.de\/?product=hoerproben-zum-runterladen-ist-umsonst","title":{"rendered":"H\u00f6rproben zum runterladen &#8230; ist umsonst"},"content":{"rendered":"<p>&nbsp;<\/p>\n<p>&nbsp;<\/p>\n<p><span style=\"color: #000000;\"><span style=\"font-family: Liberation Serif, serif;\"><span style=\"font-size: x-large;\"><u><b>Veronika Spanke liest und schreibt:<\/b><\/u><\/span><\/span><\/span><\/p>\n<p><a href=\"https:\/\/www.packpapierverlag.de\/?product=veronika-spanke-brief-an-nadja-144-seiten-16e-p199\">Veronika Spanke: Briefe an Nadja<\/a> + Bonustrack: Brief eines Vaters an die verlorene Tochter, 144 S. A5, 16,00 \u20ac (p199)<\/p>\n<p>&nbsp;<\/p>\n<p><span style=\"color: #000000;\"><span style=\"font-family: Liberation Serif, serif;\"><span style=\"font-size: x-large;\"><u><b>&#8211; H\u00f6rproben aus B\u00fcchern von Alexander Nabben<br \/>\n<\/b><\/u><\/span><\/span><\/span><\/p>\n<p><span style=\"color: #000000;\"><span style=\"font-family: Liberation Serif, serif;\"><span style=\"font-size: large;\">Die <u><b>verschluckte Zukunft<\/b><\/u>: Nabben sammelt hier einige seiner Texte, in <u><b><img loading=\"lazy\" decoding=\"async\" class=\"alignleft wp-image-5262 size-medium\" src=\"https:\/\/www.packpapierverlag.de\/wp-content\/uploads\/2010\/12\/nabben-die-verschluckte-zukunft-218x300.jpg\" alt=\"\" width=\"218\" height=\"300\" srcset=\"https:\/\/www.packpapierverlag.de\/wp-content\/uploads\/2010\/12\/nabben-die-verschluckte-zukunft-218x300.jpg 218w, https:\/\/www.packpapierverlag.de\/wp-content\/uploads\/2010\/12\/nabben-die-verschluckte-zukunft-300x413.jpg 300w, https:\/\/www.packpapierverlag.de\/wp-content\/uploads\/2010\/12\/nabben-die-verschluckte-zukunft-744x1024.jpg 744w, https:\/\/www.packpapierverlag.de\/wp-content\/uploads\/2010\/12\/nabben-die-verschluckte-zukunft.jpg 1024w\" sizes=\"auto, (max-width: 218px) 100vw, 218px\" \/><\/b><\/u>denen es um unser Essen und unsere Erde und die Zukunft der Menschen geht. Immer sprudeln sie vor Sprachwitz, Bissigkeit, Mut und Humor.<\/span><\/span><\/span><\/p>\n<p><span style=\"color: #000000;\"><span style=\"font-family: Liberation Serif, serif;\"><span style=\"font-size: large;\">Verschluckte Zukunft.mp3 <a href=\"https:\/\/www.packpapierverlag.de\/wp-content\/uploads\/2024\/05\/Verschluckte-Zukunft.mp3\" target=\"_blank\" rel=\"noopener\">https:\/\/www.packpapierverlag.de\/wp-content\/uploads\/2024\/05\/Verschluckte-Zukunft.mp3<\/a><\/span><\/span><\/span><\/p>\n<p><span style=\"color: #000000;\"><span style=\"font-family: Liberation Serif, serif;\"><span style=\"font-size: large;\"><u><b>N\u00e4he und Vertrauen<\/b><\/u>: Dieser Text stammt aus dem Buch &#8222;Zwischen Liebe und Tod&#8220; und erkl\u00e4rt sich selbst. Der Autor spielt mit Worten, um uns seine Gef\u00fchle und Vorstellungen ganz nahe zu bringen.<\/span><\/span><\/span><\/p>\n<p><span style=\"color: #000000;\"><span style=\"font-family: Liberation Serif, serif;\"><span style=\"font-size: large;\">N\u00e4he und Vertrauen.mp3 <a href=\"https:\/\/www.packpapierverlag.de\/wp-content\/uploads\/2024\/05\/Naehe-und-Vertrauen.mp3\" target=\"_blank\" rel=\"noopener\">https:\/\/www.packpapierverlag.de\/wp-content\/uploads\/2024\/05\/Naehe-und-Vertrauen.mp3<\/a><\/span><\/span><\/span><\/p>\n<p><span style=\"color: #000000;\"><span style=\"font-family: Liberation Serif, serif;\"><span style=\"font-size: large;\"><u><b>Not am Mann<\/b><\/u>: Nabben hat einen Traum von einem neuen Mann, der eben nichts mehr mit dem alten, wei\u00dfen Mann der Vergangenheit zu tun hat. Eine Ver\u00e4nderung tut wirklich not, wenn die Frau M\u00e4nner nicht hassen soll!<\/span><\/span><\/span><\/p>\n<p><span style=\"color: #000000;\"><span style=\"font-family: Liberation Serif, serif;\"><span style=\"font-size: large;\">Not am Mann.mp3 <a href=\"https:\/\/www.packpapierverlag.de\/wp-content\/uploads\/2024\/05\/Not-am-Mann.mp3\" target=\"_blank\" rel=\"noopener\">https:\/\/www.packpapierverlag.de\/wp-content\/uploads\/2024\/05\/Not-am-Mann.mp3<\/a><\/span><\/span><\/span><\/p>\n<p><span style=\"color: #000000;\"><span style=\"font-family: Liberation Serif, serif;\"><span style=\"font-size: large;\"><u><b>Moment mal<\/b><\/u>: Aus dem Buch &#8222;Zwischen Liebe und Tod&#8220; &#8211; eine Einladung, sich mehr und mehr sich selbst anzun\u00e4hern und das echte Ich wiederzufinden!<\/span><\/span><\/span><\/p>\n<p><span style=\"color: #000000;\"><span style=\"font-family: Liberation Serif, serif;\"><span style=\"font-size: large;\">Moment mal.mp3 <a href=\"https:\/\/www.packpapierverlag.de\/wp-content\/uploads\/2024\/05\/Moment-mal.mp3\" target=\"_blank\" rel=\"noopener\">https:\/\/www.packpapierverlag.de\/wp-content\/uploads\/2024\/05\/Moment-mal.mp3<\/a><\/span><\/span><\/span><\/p>\n<p><span style=\"color: #000000;\"><span style=\"font-family: Liberation Serif, serif;\"><span style=\"font-size: large;\"><u><b>Nichts nutz<\/b><\/u>: Einfach mal nichts tun &#8211; und sehen, was sich daraus ergibt. Mehr Gelassenheit, weniger Gier nach Aktion, mehr Flow\u2026<\/span><\/span><\/span><\/p>\n<p><span style=\"color: #000000;\"><span style=\"font-family: Liberation Serif, serif;\"><span style=\"font-size: large;\">Nichts nutz.mp3 <a href=\"https:\/\/www.packpapierverlag.de\/wp-content\/uploads\/2024\/05\/Nichts-nutz.mp3\" target=\"_blank\" rel=\"noopener\">https:\/\/www.packpapierverlag.de\/wp-content\/uploads\/2024\/05\/Nichts-nutz.mp3<\/a><\/span><\/span><\/span><\/p>\n<p><span style=\"color: #000000;\"><span style=\"font-family: Liberation Serif, serif;\"><span style=\"font-size: large;\"><u><b>Nicht st\u00f6ren<\/b><\/u>: Ein Pl\u00e4doyer f\u00fcr das Zuh\u00f6ren und das Entdecken neuer Gegebenheiten, vor allem \u00f6kologischer Natur!<\/span><\/span><\/span><\/p>\n<p><span style=\"color: #000000;\"><span style=\"font-family: Liberation Serif, serif;\"><span style=\"font-size: large;\">Nicht st\u00f6ren.mp3 <\/span><\/span><\/span><span style=\"font-size: large;\"><a href=\"https:\/\/www.packpapierverlag.de\/wp-content\/uploads\/2024\/05\/Nicht-stoeren.mp3\" target=\"_blank\" rel=\"noopener\">https:\/\/www.packpapierverlag.de\/wp-content\/uploads\/2024\/05\/Nicht-stoeren.mp3<\/a><br \/>\n<\/span><\/p>\n<p>&nbsp;<\/p>\n<h1>Der Packpapierverlag<\/h1>\n<pre>Wohl 1974 gegr\u00fcndet, denn er wird 50 Jahre alt. Das erste Mal fielen mir seine\r\nB\u00fccher auf, als eine Freundin die Raubdrucke von Castaneda (ihr wisst schon, die\r\nmit \u00a7 218 auf Seite 218) aus Frankfurt mitbrachte; wir wollten ja unbedingt wissen,\r\nwie es weiterging, die erste Serie f\u00fcr uns, obwohl es nat\u00fcrlich vorher schon\r\nSerienheftchen gab. Sie brachte auch das kleine dicke Kochbuch \u201eVegetarisch\r\nkochen\u201c des Packpapierverlags mit. Von da an hielt ich Ausschau nach diesen\r\nunverkennbar sch\u00f6n gedruckten, gezeichneten, farbverlaufenden B\u00fcchern.\r\nIrgendwann fand ich sie an einem Stand auf einem Festival, wobei mir damals nicht\r\nklar war, dass es sich bei diesem Stand tats\u00e4chlich um den Pa-Pa-Verlag handelte.\r\nMir wurde klar, dass diese B\u00fccher nicht in Buchhandlungen verkauft wurden. Und\r\ndann kam das Internet, und ich konnte sie online kaufen! Gut. Eines Tages kam ich\r\nmit Herrmann Cropp an seinem Stand ins Gespr\u00e4ch, und er meinte, wenn ich wolle,\r\nk\u00f6nne ich ja mal eine Neu\u00fcbersetzung des \u201eAufstands\u201c (vom Franz\u00f6sischen ins\r\nDeutsche) wagen. Ich versuchte es, \u00fcbersch\u00e4tzte mich aber gewaltig, denn dieser\r\nText war gespickt mit politischen Schlagworten.\r\nIch hatte gerade in Heimarbeit ein Buch von Nick Rosen aus dem Englischen\r\n\u00fcbersetzt, eine Bestandsaufnahme \u00f6kologischer Bewegungen in den USA.\r\nZusammen mit Herrmann machten wir dann eine Brosch\u00fcre \u00fcber den \u201eNetzausstieg\u201c\r\nund die Bauwagenkultur, in der Teile dieser \u00dcbersetzung abgedruckt waren. So\r\nlernte ich auch Pamela kennen, als sie mich besuchten.\r\nNun kannte ich das Programm des Pa-Pa-Verlags, mit seinen unschlagbar kleinen\r\nPreisen! Ich kaufte mehrere Kochb\u00fccher und immer mal wieder Neuerscheinungen.\r\nDann las ich Alexander F. Nabbens \u201eUnd die Milch machts \u2013 kaputt!\u201c Ich wurde sofort\r\nzur Veganerin, wenigstens f\u00fcr zwei Monate. Es leuchtete mir alles ein. Dann las ich\r\nweitere B\u00fccher von Nabben und war spontan begeistert \u00fcber seine sprudelnde Art zu\r\nsammeln, zu dichten, zu schreiben und darzubieten. Einmal zu Weihnachten bekam\r\nich vom Verlag ein P\u00e4ckchen Konfekt aus veganen Zutaten, das er zubereitet hatte\r\nund das sehr gut schmeckte. Der Verlag k\u00fcmmert sich um seine Autoren!\r\nNun war ich neugierig auf den Verlag \u2013 bei Osnabr\u00fcck, in einem Dorf. Dort wurde\r\nverfasst, gedruckt, geschnitten, geheftet und versandt. Ich traf also mit der Bahn ein,\r\nwurde von Herrmann abgeholt und schaute mir alles an. Besonders sein\r\nKr\u00e4uterg\u00e4rtlein hatte es mir angetan!\r\nSo lange hat sich der Packpapierverlag also schon gehalten, immer mit Herrmann\r\nam Steuer! Das ist erstaunlich.\r\nIch sprach einige H\u00f6rproben der Vorworte von A. F. Nabben auf Voice Recorder ein\r\nund stellte sie dem Verlag zur Verf\u00fcgung. Ich hoffe, dass die Verk\u00e4ufe des Verlags\r\ndadurch den Himmel durchsto\u00dfen \u2013 alles mit Liebe und in Frieden!\r\nM\u00f6ge es dem Verlag noch lange gutgehen!\r\nVeronika Spanke, 29.4.24<\/pre>\n","protected":false},"excerpt":{"rendered":"<p>&nbsp; &nbsp; Veronika Spanke liest und schreibt: Veronika Spanke: Briefe [&hellip;] &hellip; <a href=\"https:\/\/www.packpapierverlag.de\/?product=hoerproben-zum-runterladen-ist-umsonst\">Weiterlesen <span class=\"meta-nav\">&rarr;<\/span><\/a><\/p>\n","protected":false},"featured_media":5262,"template":"","meta":[],"product_brand":[],"product_cat":[1],"product_tag":[],"class_list":{"0":"post-18075","1":"product","2":"type-product","3":"status-publish","4":"has-post-thumbnail","6":"product_cat-allgemein","8":"first","9":"instock","10":"shipping-taxable","11":"purchasable","12":"product-type-simple"},"_links":{"self":[{"href":"https:\/\/www.packpapierverlag.de\/index.php?rest_route=\/wp\/v2\/product\/18075","targetHints":{"allow":["GET"]}}],"collection":[{"href":"https:\/\/www.packpapierverlag.de\/index.php?rest_route=\/wp\/v2\/product"}],"about":[{"href":"https:\/\/www.packpapierverlag.de\/index.php?rest_route=\/wp\/v2\/types\/product"}],"wp:featuredmedia":[{"embeddable":true,"href":"https:\/\/www.packpapierverlag.de\/index.php?rest_route=\/wp\/v2\/media\/5262"}],"wp:attachment":[{"href":"https:\/\/www.packpapierverlag.de\/index.php?rest_route=%2Fwp%2Fv2%2Fmedia&parent=18075"}],"wp:term":[{"taxonomy":"product_brand","embeddable":true,"href":"https:\/\/www.packpapierverlag.de\/index.php?rest_route=%2Fwp%2Fv2%2Fproduct_brand&post=18075"},{"taxonomy":"product_cat","embeddable":true,"href":"https:\/\/www.packpapierverlag.de\/index.php?rest_route=%2Fwp%2Fv2%2Fproduct_cat&post=18075"},{"taxonomy":"product_tag","embeddable":true,"href":"https:\/\/www.packpapierverlag.de\/index.php?rest_route=%2Fwp%2Fv2%2Fproduct_tag&post=18075"}],"curies":[{"name":"wp","href":"https:\/\/api.w.org\/{rel}","templated":true}]}}