{"id":3211,"date":"2012-01-02T13:13:41","date_gmt":"2012-01-02T12:13:41","guid":{"rendered":"http:\/\/www.packpapierverlag.de\/?p=3211"},"modified":"2017-05-04T13:30:42","modified_gmt":"2017-05-04T11:30:42","slug":"der-kommende-aufstand-e62","status":"publish","type":"product","link":"https:\/\/www.packpapierverlag.de\/?product=der-kommende-aufstand-e62","title":{"rendered":"Unsichtbares Komitee : Der kommende Aufstand (e62)"},"content":{"rendered":"<p><a href=\"https:\/\/www.packpapierverlag.de\/wp-content\/uploads\/2012\/01\/Der-kommende-Aufstand.jpg\"><img loading=\"lazy\" decoding=\"async\" class=\"alignleft size-medium wp-image-3873\" title=\"Der kommende Aufstand\" src=\"https:\/\/www.packpapierverlag.de\/wp-content\/uploads\/2012\/01\/Der-kommende-Aufstand-211x300.jpg\" alt=\"\" width=\"211\" height=\"300\" srcset=\"https:\/\/www.packpapierverlag.de\/wp-content\/uploads\/2012\/01\/Der-kommende-Aufstand-211x300.jpg 211w, https:\/\/www.packpapierverlag.de\/wp-content\/uploads\/2012\/01\/Der-kommende-Aufstand-300x425.jpg 300w, https:\/\/www.packpapierverlag.de\/wp-content\/uploads\/2012\/01\/Der-kommende-Aufstand-723x1024.jpg 723w, https:\/\/www.packpapierverlag.de\/wp-content\/uploads\/2012\/01\/Der-kommende-Aufstand.jpg 1024w\" sizes=\"auto, (max-width: 211px) 100vw, 211px\" \/><\/a><small style=\"color: #003800;\"><big style=\"font-weight: bold; color: #663366;\"><span style=\"font-family: Helvetica,Arial,sans-serif;\">Unsichtbares Komitee: Der kommende Aufstand<\/span><\/big><br style=\"font-family: Helvetica,Arial,sans-serif;\" \/><span style=\"font-family: Helvetica,Arial,sans-serif;\">Brosch\u00fcre\/Heft mit 56 Seiten<\/span><br style=\"font-family: Helvetica,Arial,sans-serif;\" \/><span style=\"font-family: Helvetica,Arial,sans-serif;\">Es handelt sich bei vorliegendem Text um die Arbeit des \u00dcbersetzerkollektivs; diese \u00dcbersetzung ist bereits wesentlich besser als die \u00dcbersetzung von Nautilus, hat allerdings noch einige Schw\u00e4chen \u2013 es ist allerdings auch nicht leicht, den teilweise fragmentarischen Stil der franz\u00f6sischen Originalausgabe ins Deutsche zu \u00fcbertragen.<\/span><\/small><\/p>\n<p><small style=\"color: #003800;\"><span style=\"font-family: Helvetica,Arial,sans-serif;\">\u201eDer kommende Aufstand\u201c wurde im Anschluss an die Krawalle in franz\u00f6sischen Vorst\u00e4dten 2005 geschrieben und erschien auf Franz\u00f6sisch im M\u00e4rz 2007. Gr\u00f6\u00dfere Aufmerksamkeit erlangte es durch die Festnahme der Gruppe \u201eTarnac 9\u201c, die im November 2008 beschuldigt wurde, einen TGV-Zug mit Hakenkrallen lahm gelegt zu haben (eine Technik, die in Deutschland als Widerstandsaktion gegen Atomm\u00fclltransporte sehr beliebt war), au\u00dferdem wurde Julien Coupat beschuldigt \u201eL\u00b4insurrection qui vient\u201c geschrieben zu haben \u2013 er wies den Vorwurf zur\u00fcck, dr\u00fcckte jedoch seine Solidarit\u00e4t mit dem Text aus. Vor dem Erscheinen der englischen Ausgabe im August 2009 fand eine unautorisierte Lesung in einer New Yorker Buchhandlung statt, die mit einem Polizeieinsatz endete. Der konservative Talkmaster Glenn Beck sprach von den Autoren als einer linksextremen Gruppe, die die Gesellschaft bedrohe und zu einem Aufstand mit Waffengewalt aufrufe.<\/span><br style=\"font-family: Helvetica,Arial,sans-serif;\" \/><span style=\"font-family: Helvetica,Arial,sans-serif;\">\u201eDer kommende Aufstand\u201c ist im autonomen Vokabular geschrieben und orientiert sich an der situationistischen Herrschaftskritik. Es gilt, der Herrschaft eigene Organisationen entgegenzusetzen und Aufst\u00e4nde in der Bev\u00f6lkerung, vor allem den Protest der jungen Generation, als Teil eines revolution\u00e4ren Umbruches zu begreifen und ihn aktiv voranzutreiben, oder, wer diese Form des Aktionismus nicht mitmachen m\u00f6chte, sich der Herrschaft m\u00f6glichst vollst\u00e4ndig zu entziehen \u2013 und f\u00fcr den Staat unsichtbar zu werden. Anarchistische Kommunen gelten (auch unter Bezugnahme auf die historische Pariser Kommune) als letzter Ausweg aus einer im Grunde ausweglosen Gegenwart.<\/span><br style=\"font-family: Helvetica,Arial,sans-serif;\" \/><span style=\"font-weight: bold; font-family: Helvetica,Arial,sans-serif;\">INHALT:<br \/>\n<\/span><span style=\"font-family: Helvetica,Arial,sans-serif;\">* Vorwort des \u00dcbersetzer-Kollektivs * <\/span><span style=\"font-weight: bold; font-family: Helvetica,Arial,sans-serif;\">AUS WELCHER SICHT&#8230; <\/span><span style=\"font-family: Helvetica,Arial,sans-serif;\">* Erster Kreis \u201eI am what I am\u201c * Zweiter Kreis \u201eUnterhaltung ist ein Grundbed\u00fcrfnis\u201c * Dritter Kreis \u201eDas Leben, die Gesundheit und die Liebe sind prek\u00e4r, wieso sollte sich die Arbeit diesem Gesetz entziehen?\u201c * Vierter Kreis \u201eEinfacher, spa\u00dfiger, mobiler, sicherer!\u201c * F\u00fcnfter Kreis \u201eWeniger G\u00fcter, mehr Bindungen!\u201c * Sechster Kreis \u201eDie Umwelt ist eine industrielle Herausforderung\u201c * Siebter Kreis \u201eHier errichten wir einen zivilisierten Raum\u201c * <\/span><span style=\"font-weight: bold; font-family: Helvetica,Arial,sans-serif;\">AUF GEHT`S!!! * SICH FINDEN<\/span><span style=\"font-family: Helvetica,Arial,sans-serif;\"> * Sich binden an das, was man als wahr erkennt und davon ausgehen. * Nicht davor zur\u00fcckweichen, was jede Freundschaft an Politischem mit sich bringt * Nichts von den Organisationen erwarten. Allen bestehenden Milieus mi\u00dftrauen, und zuallererst verhindern, zu einem zu werden. * Sich als Kommunen zusammentun. * <\/span><span style=\"font-weight: bold; font-family: Helvetica,Arial,sans-serif;\">SICH ORGANISIEREN *<\/span><span style=\"font-family: Helvetica,Arial,sans-serif;\"> Sich organisieren, um nicht mehr arbeiten zu m\u00fcssen. * Pl\u00fcndern, anbauen, herstellen. * Ausbilden und sich formieren. * Territorien schaffen. Die Zonen der Undurchdringlichkeit vermehren. * Reisen. Unsere eigenen Kommunikationswege anlegen. * Alle Hindernisse umst\u00fcrzen, eins nach dem anderen. * Die Sichtbarkeit fliehen. Die Anonymit\u00e4t in eine offensive Position wenden. * Die Selbstverteidigung organisieren. * <\/span><span style=\"font-weight: bold; font-family: Helvetica,Arial,sans-serif;\">AUFSTAND <\/span><span style=\"font-family: Helvetica,Arial,sans-serif;\">* Aus jeder Krise ein Feuer machen. * Jegliche Instanzen der<br \/>\nRepr\u00e4sentation sabotieren. Das Palaver verallgemeinern. Die Vollversammlungen abschaffen. * Die Wirtschaft blockieren. * Das Territorium von der polizeilichen Besatzung befreien. * Soweit m\u00f6glich die direkte Konfrontation vermeiden. * Die Frage der Bewaffnung im Fall des Einsatzes der Armee im Innern \u2013 den Nutzen der Waffen \u00fcberfl\u00fcssig machen. * Die Autorit\u00e4ten lokal absetzen. * Alle Macht den Kommunen!<\/span><\/small><\/p>\n","protected":false},"excerpt":{"rendered":"<p>Unsichtbares Komitee: Der kommende AufstandBrosch\u00fcre\/Heft mit 56 SeitenEs handelt sich [&hellip;] &hellip; <a href=\"https:\/\/www.packpapierverlag.de\/?product=der-kommende-aufstand-e62\">Weiterlesen <span class=\"meta-nav\">&rarr;<\/span><\/a><\/p>\n","protected":false},"featured_media":3873,"template":"","meta":[],"product_brand":[],"product_cat":[9,6],"product_tag":[],"class_list":{"0":"post-3211","1":"product","2":"type-product","3":"status-publish","4":"has-post-thumbnail","6":"product_cat-bewegung-widerstand","7":"product_cat-politik-und-geschichte","9":"first","10":"instock","11":"shipping-taxable","12":"purchasable","13":"product-type-simple"},"_links":{"self":[{"href":"https:\/\/www.packpapierverlag.de\/index.php?rest_route=\/wp\/v2\/product\/3211","targetHints":{"allow":["GET"]}}],"collection":[{"href":"https:\/\/www.packpapierverlag.de\/index.php?rest_route=\/wp\/v2\/product"}],"about":[{"href":"https:\/\/www.packpapierverlag.de\/index.php?rest_route=\/wp\/v2\/types\/product"}],"wp:featuredmedia":[{"embeddable":true,"href":"https:\/\/www.packpapierverlag.de\/index.php?rest_route=\/wp\/v2\/media\/3873"}],"wp:attachment":[{"href":"https:\/\/www.packpapierverlag.de\/index.php?rest_route=%2Fwp%2Fv2%2Fmedia&parent=3211"}],"wp:term":[{"taxonomy":"product_brand","embeddable":true,"href":"https:\/\/www.packpapierverlag.de\/index.php?rest_route=%2Fwp%2Fv2%2Fproduct_brand&post=3211"},{"taxonomy":"product_cat","embeddable":true,"href":"https:\/\/www.packpapierverlag.de\/index.php?rest_route=%2Fwp%2Fv2%2Fproduct_cat&post=3211"},{"taxonomy":"product_tag","embeddable":true,"href":"https:\/\/www.packpapierverlag.de\/index.php?rest_route=%2Fwp%2Fv2%2Fproduct_tag&post=3211"}],"curies":[{"name":"wp","href":"https:\/\/api.w.org\/{rel}","templated":true}]}}