{"id":340,"date":"2010-12-12T15:21:07","date_gmt":"2010-12-12T14:21:07","guid":{"rendered":"http:\/\/www.packpapierverlag.de\/neu\/?p=340"},"modified":"2017-07-13T23:41:03","modified_gmt":"2017-07-13T21:41:03","slug":"mappe-menschliches-bauen","status":"publish","type":"product","link":"https:\/\/www.packpapierverlag.de\/?product=mappe-menschliches-bauen","title":{"rendered":"Leberecht Migge : Laubenkolonien, Kleing\u00e4rten, Siedlerg\u00e4rten (p165)"},"content":{"rendered":"<p><a href=\"https:\/\/www.packpapierverlag.de\/wp-content\/uploads\/2010\/12\/Migge-Laubenkolonien.jpg\"><img loading=\"lazy\" decoding=\"async\" class=\"alignleft size-medium wp-image-6540\" title=\"Migge Laubenkolonien\" src=\"https:\/\/www.packpapierverlag.de\/wp-content\/uploads\/2010\/12\/Migge-Laubenkolonien-216x300.jpg\" alt=\"\" width=\"216\" height=\"300\" srcset=\"https:\/\/www.packpapierverlag.de\/wp-content\/uploads\/2010\/12\/Migge-Laubenkolonien-216x300.jpg 216w, https:\/\/www.packpapierverlag.de\/wp-content\/uploads\/2010\/12\/Migge-Laubenkolonien-300x415.jpg 300w, https:\/\/www.packpapierverlag.de\/wp-content\/uploads\/2010\/12\/Migge-Laubenkolonien-739x1024.jpg 739w, https:\/\/www.packpapierverlag.de\/wp-content\/uploads\/2010\/12\/Migge-Laubenkolonien.jpg 1024w\" sizes=\"auto, (max-width: 216px) 100vw, 216px\" \/><\/a><big style=\"color: #06572d;\"><span style=\"font-family: Helvetica,Arial,sans-serif; font-weight: bold;\">Leberecht Migge<\/span>: <span style=\"font-family: Helvetica,Arial,sans-serif; font-weight: bold;\">Laubenkolonien, Kleing\u00e4rten, Siedlerg\u00e4rten<\/span><\/big><br style=\"font-family: Helvetica,Arial,sans-serif;\" \/><span style=\"font-family: Helvetica,Arial,sans-serif;\">Heft DIN A5, 48 Seiten, reich illustriert. Packpapier Verlag 2015.<\/span><br style=\"font-family: Helvetica,Arial,sans-serif;\" \/><span style=\"font-family: Helvetica,Arial,sans-serif;\">Vorliegendes Heft beinhaltet die Neuherausgabe zweier Texte Migges von 1913 (Laubenkolonien und Kleing\u00e4rten) und 1920 (Die produktive Siedlungsloge).<\/span><br style=\"font-family: Helvetica,Arial,sans-serif;\" \/><span style=\"font-family: Helvetica,Arial,sans-serif;\"><span style=\"font-weight: bold; color: #06572d;\">INHALT: <\/span>Vorwort * Laubenkolonien und Kleing\u00e4rten * Die produktive Siedlungsfrage: Selbstversorgung und Selbstsiedlung * Die N\u00e4chstenhilfe der Siedlungsloge * Verwaltung und Erziehung * Fundamente der Wirtschaft * Die erste produktive Siedlungsloge Worpswede<\/span><br style=\"font-family: Helvetica,Arial,sans-serif;\" \/><span style=\"font-family: Helvetica,Arial,sans-serif;\"><span style=\"font-weight: bold; color: #06572d;\">Zum Autor:<\/span>\u00a0 Der sozialreformerische Garten- und Landschaftsarchitekt Leberecht Migge (1881-1935) erkannte fr\u00fch die Bedeutung von Gr\u00fcnanlagen, G\u00e4rten und Parks in der Stadtplanung, und da\u00df diese Fl\u00e4chen am besten von Menschen f\u00fcr ihre Selbstversorgung zu nutzen w\u00e4ren, anstatt mit dem st\u00e4dtischen Rasenm\u00e4her dr\u00fcber zu fahren. Die aus England kommende und in Deutschland bereits aktive Gartenstadtbewegung veranla\u00dfte ihn zur Entwicklung eigener Modelle von Siedlungen in Verbindung mit Gartenanlagen. Im Zuge der Lebensreformbewegung wurden diese Ideen \u00fcberall in Deutschland popul\u00e4r, wozu Migge wesentlich beitrug. <\/span><br style=\"font-family: Helvetica,Arial,sans-serif;\" \/><span style=\"font-family: Helvetica,Arial,sans-serif;\">In dem Aufsatz \u201eLaubenkolonien und Kleing\u00e4rten\u201c befa\u00dfte sich Migge mit Bebauungspl\u00e4nen zur F\u00f6rderung von Kleing\u00e4rten. Den Text \u00fcber die Siedlungslogen schrieb er unter dem Eindruck seines Umzugs mit Familie nach Worpswede, wo er das Konzept der Siedlerschule entwickelte und den \u201eSonnenhof\u201c aufbaute, ein Siedlerhaus mit Gartenterrassen, Bew\u00e4sserungssystemen und Unterglasanbau, dazu Wirtschaftsgeb\u00e4uden und St\u00e4llen f\u00fcr Tiere. Bereits im ersten Jahr gelang es ihm, seine Gro\u00dffamilie ausschlie\u00dflich aus dem Garten zu versorgen \u2013 eine unglaubliche Flei\u00dfarbeit!<\/span> <span style=\"font-family: Helvetica,Arial,sans-serif;\">Leider tappte Migge, wie so viele, die im eigenen H\u00e4uschen + Selbstversorgergarten die L\u00f6sung aller Probleme sehen, in die Falle der politischen Reaktion im \u00fcbelsten, d.h. \u201ev\u00f6lkischen\u201c Sinne und schwankte wie die meisten Anti-Intellektuellen seiner Zeit zwischen blumigen Friedensideen (alle Menschen auf der Welt werden einander lieben, sobald sie G\u00e4rten haben) und Kriegsbegeisterung (Zerst\u00f6rung der St\u00e4dte und neue Siedlungsgebiete).<\/span><span style=\"font-family: Helvetica,Arial,sans-serif;\"> Mit Migge geht es uns also wie dessen Nachbarn Heinrich Vogeler, der den politischen Migge als \u201eErzreaktion\u00e4r\u201c ablehnte, dessen Ideen kleinwirtschaftlicher G\u00e4rtner\u00f6konomie und sein landwirtschaftlich-technisches Verst\u00e4ndnis jedoch verbreitens- und sch\u00e4tzenswert fand. <\/span><\/p>\n","protected":false},"excerpt":{"rendered":"<p>Leberecht Migge: Laubenkolonien, Kleing\u00e4rten, Siedlerg\u00e4rtenHeft DIN A5, 48 Seiten, reich [&hellip;] &hellip; <a href=\"https:\/\/www.packpapierverlag.de\/?product=mappe-menschliches-bauen\">Weiterlesen <span class=\"meta-nav\">&rarr;<\/span><\/a><\/p>\n","protected":false},"featured_media":6540,"template":"","meta":[],"product_brand":[],"product_cat":[17,3,5],"product_tag":[],"class_list":{"0":"post-340","1":"product","2":"type-product","3":"status-publish","4":"has-post-thumbnail","6":"product_cat-land-garten-anders-leben","7":"product_cat-produkte","8":"product_cat-selbstversorgung","10":"first","11":"instock","12":"shipping-taxable","13":"purchasable","14":"product-type-simple"},"_links":{"self":[{"href":"https:\/\/www.packpapierverlag.de\/index.php?rest_route=\/wp\/v2\/product\/340","targetHints":{"allow":["GET"]}}],"collection":[{"href":"https:\/\/www.packpapierverlag.de\/index.php?rest_route=\/wp\/v2\/product"}],"about":[{"href":"https:\/\/www.packpapierverlag.de\/index.php?rest_route=\/wp\/v2\/types\/product"}],"wp:featuredmedia":[{"embeddable":true,"href":"https:\/\/www.packpapierverlag.de\/index.php?rest_route=\/wp\/v2\/media\/6540"}],"wp:attachment":[{"href":"https:\/\/www.packpapierverlag.de\/index.php?rest_route=%2Fwp%2Fv2%2Fmedia&parent=340"}],"wp:term":[{"taxonomy":"product_brand","embeddable":true,"href":"https:\/\/www.packpapierverlag.de\/index.php?rest_route=%2Fwp%2Fv2%2Fproduct_brand&post=340"},{"taxonomy":"product_cat","embeddable":true,"href":"https:\/\/www.packpapierverlag.de\/index.php?rest_route=%2Fwp%2Fv2%2Fproduct_cat&post=340"},{"taxonomy":"product_tag","embeddable":true,"href":"https:\/\/www.packpapierverlag.de\/index.php?rest_route=%2Fwp%2Fv2%2Fproduct_tag&post=340"}],"curies":[{"name":"wp","href":"https:\/\/api.w.org\/{rel}","templated":true}]}}