{"id":5316,"date":"2012-07-09T00:48:08","date_gmt":"2012-07-08T22:48:08","guid":{"rendered":"http:\/\/www.packpapierverlag.de\/?p=5316"},"modified":"2017-04-24T11:44:47","modified_gmt":"2017-04-24T09:44:47","slug":"gemeinsam-eine-reale-utopie-wenningen-2025-p156","status":"publish","type":"product","link":"https:\/\/www.packpapierverlag.de\/?product=gemeinsam-eine-reale-utopie-wenningen-2025-p156","title":{"rendered":"Gemeinsam! Eine reale Utopie. Wenningen 2025 (p156)"},"content":{"rendered":"<p><a href=\"https:\/\/www.packpapierverlag.de\/wp-content\/uploads\/2012\/07\/Gemeinsam-Wenningen-2025.jpg\"><img loading=\"lazy\" decoding=\"async\" class=\"alignleft size-medium wp-image-5317\" title=\"Gemeinsam Wenningen 2025\" src=\"https:\/\/www.packpapierverlag.de\/wp-content\/uploads\/2012\/07\/Gemeinsam-Wenningen-2025-213x300.jpg\" alt=\"\" width=\"213\" height=\"300\" srcset=\"https:\/\/www.packpapierverlag.de\/wp-content\/uploads\/2012\/07\/Gemeinsam-Wenningen-2025-213x300.jpg 213w, https:\/\/www.packpapierverlag.de\/wp-content\/uploads\/2012\/07\/Gemeinsam-Wenningen-2025-300x422.jpg 300w, https:\/\/www.packpapierverlag.de\/wp-content\/uploads\/2012\/07\/Gemeinsam-Wenningen-2025-727x1024.jpg 727w, https:\/\/www.packpapierverlag.de\/wp-content\/uploads\/2012\/07\/Gemeinsam-Wenningen-2025.jpg 1024w\" sizes=\"auto, (max-width: 213px) 100vw, 213px\" \/><\/a><small style=\"color: #1c3939;\"><span style=\"font-family: Helvetica,Arial,sans-serif;\">Steffen Andreae &amp; Matthias Grundmann<\/span><br style=\"font-family: Helvetica,Arial,sans-serif;\" \/><big><span style=\"font-family: Helvetica,Arial,sans-serif; font-weight: bold; color: #1b680c;\">Gemeinsam! <\/span><span style=\"font-family: Helvetica,Arial,sans-serif; font-weight: bold; color: #1b680c;\">Eine reale Utopie. Wenningen 2025<\/span><\/big><br style=\"font-family: Helvetica,Arial,sans-serif;\" \/><span style=\"font-family: Helvetica,Arial,sans-serif;\">160 Seiten, ISBN 978-3-931 504-49-6<\/span><br style=\"font-family: Helvetica,Arial,sans-serif;\" \/><span style=\"font-family: Helvetica,Arial,sans-serif;\"><span style=\"font-weight: bold;\">Wie begegnen wir <\/span>Klimawandel, Umweltzerst\u00f6rung, Radikalkapitalismus, zwischenmenschlicher Sprach- und Teilnahmslosigkeit, wie der politischen Entm\u00fcndigung? Wie wollen wir heute und in einer Zukunft verschwindender Ressourcen und zunehmender Kriegsgefahren leben und uns organisieren? Wenn alles zusammenbricht, mu\u00df dann Mensch gegen Mensch k\u00e4mpfen; kann nur \u00fcberleben, wer sich gegen andere durchsetzt? Brauchen wir gar eine \u00f6kologische Diktatur, um den Zusammenbruch ganzer Zivilisationen aufzuhalten? Oder vielleicht weitere \u201eKrisenmanager\u201c, die uns zu gerne die Entscheidungen abnehmen w\u00fcrden- zu unser aller Wohl, versteht sich&#8230; Kein Ausweg aus dem Karussell?<\/span><br style=\"font-family: Helvetica,Arial,sans-serif;\" \/><span style=\"font-family: Helvetica,Arial,sans-serif;\"><span style=\"font-weight: bold;\">Oder k\u00f6nnte es auch anders gehen<\/span>? Gemeinsam?\u00a0 Solidarisch? Selbstorganisiert? Verantwortungsbewu\u00dft? Ohne Wachstum? Ohne Aufstiegskampf? Mit Tauschhandel, gemeinsamem Wirtschaften, politischer Partizipation?<\/span><br style=\"font-family: Helvetica,Arial,sans-serif;\" \/><span style=\"font-family: Helvetica,Arial,sans-serif;\"><span style=\"font-weight: bold;\">In vielen Kommune- und Lebensprojekten <\/span>ist das bereits Alltag. Aber l\u00e4\u00dft der sich auch auf gr\u00f6\u00dfere Einheiten, etwa auf D\u00f6rfer und St\u00e4dte \u00fcbertragen? Ja! antworten die Autoren, die seit vielen Jahren in Kommunen leben und sich mit der <span style=\"font-weight: bold;\">Transition-Town-Bewegung <\/span>besch\u00e4ftigen. Das geht! Aber wie will man alle Bewohner, etwa einer Kleinstadt, dazu bringen, solidarisch zu handeln, soll man sie zu ihrem Gl\u00fcck zwingen? <\/span><span style=\"font-family: Helvetica,Arial,sans-serif;\">Die Autoren ersinnen in Wenningen 2025 ein Modellprojekt, bei dem jeder B\u00fcrger Anspruch auf ein <span style=\"font-weight: bold;\">bedingungsloses Grundeinkommen <\/span>hat, soda\u00df es ihm freigestellt ist, weiterhin seiner bisherigen Arbeit nachzugehen, sich eine andere zu suchen, etwas f\u00fcr die Gemeinde oder auch- gar nichts zu tun. In vielen Kommuneprojekten gibt es Menschen, die traditionell Geld verdienen und andere, die kein \u201ereales\u201c Einkommen haben und keine feste Anstellung, sondern sich stattdessen der Kunst widmen oder das Brot f\u00fcr die Kommune backen, das Kr\u00e4uterbeet betreuen, die Gemeinschaftsr\u00e4ume renovieren oder Kunstst\u00fccke, wie Jonglage, vorf\u00fchren. Da\u00df jemand \u201egar nichts\u201c tut, kommt sehr selten vor; aber dann ist dieser Mensch vielleicht sozial besonders sensibel und f\u00fcr die anderen wichtig, wenn sie sich mitteilen wollen oder Rat suchen, zum Beispiel bei Konflikten. <span style=\"font-weight: bold;\">Die Erkenntnis, da\u00df niemand unn\u00fctz ist, <\/span>kann vielleicht erst dann entstehen, wenn der Mensch nicht l\u00e4nger als \u00f6konomischer Faktor und blo\u00dfer Erfolgsproduzent betrachtet wird, sondern als Teil einer lebendigen Gemeinschaft. Ein Grundeinkommen, davon sind die Autoren \u00fcberzeugt, kann Entwicklungen ansto\u00dfen, die der Gemeinschaft viel geben, ohne dem Einzelnen etwas zu nehmen. Der Mensch soll bef\u00e4higt werden, sich zu entwickeln, sich einzubringen und zu beteiligen.<\/span><br style=\"font-family: Helvetica,Arial,sans-serif;\" \/><span style=\"font-family: Helvetica,Arial,sans-serif;\"><span style=\"font-weight: bold;\">In der konkreten Utopie Wenningen 2025 <\/span>gibt es ein bedingungsloses Grundeinkommen. Nach und nach entwickeln sich neue zwischenmenschliche Bindungen und Kooperationen, gemeinsames Handeln wird Teil des Alltags, ob in der Handwerkernachbarschaft oder bei Projekten, es entstehen Tauschb\u00f6rsen und selbstverwaltete Kleinbetriebe, die Menschen verbrauchen weniger und andereG\u00fcter, die Hierarchien zwischen \u201eeinfachen B\u00fcrgern\u201c und Staatsbediensteten beginnen, sich aufzul\u00f6sen, soziale Grenzen werden \u00fcberschritten, Alt und Jung kommen in \u201e3-Generationen-Gespr\u00e4chen\u201c zusammen, selbstverwaltete Kulturkneipen von Kommunarden werden zu Begegnungsst\u00e4tten aller Wenninger B\u00fcrger und allm\u00e4hlich weckt die Gemeinde, die sich so<span style=\"font-weight: bold;\"> \u201eseltsam anders\u201c<\/span> verh\u00e4lt, das Interesse der Menschen aus den umliegenden Gemeinden&#8230;<\/span><br style=\"font-family: Helvetica,Arial,sans-serif;\" \/><span style=\"font-family: Helvetica,Arial,sans-serif;\">Auf 160 Seiten folgt der Leser dem Widerstand gegen einen energiehungrigen und menschenverachtenden Kapitalismus und dem allm\u00e4hlichen Aufbau einer alternativen Gemeinschaftsform aus dem Blickwinkel verschiedener Wenninger B\u00fcrger. Und kann sich selbst auf der zugeh\u00f6rigen Internetseite (<span style=\"font-weight: bold;\">www.reale-utopie.de<\/span>) mit Lob, Kritik und eigenen Erfahrungen und Vorschl\u00e4gen einbringen- die dann in die n\u00e4chste Auflage des Buches einflie\u00dfen werden. Und vielleicht setzt der eine oder andere manch eine Idee aus dem Buch ja auch direkt bei sich zuhause, in seinem Dorf, seinem Stadtteil oder seinem Freundeskreis um!<br \/>\n&#8212;&#8212;&#8212;&#8212;-<br \/>\n<span style=\"font-weight: bold;\">Steffen Andreae <\/span>(1966) besch\u00e4ftigt sich seit 20 Jahren mit alternativer und kommunit\u00e4rer Lebenskultur, ist Mitbegr\u00fcnder der Villa Lokommuna in Kassel und dem Lossehof in Kaufungen, ehemaliger Kommunarde der Kommune Niederkaufungen, Politikwissenschaftler und Autor mit dem Schwerpunkt Gemeinschaftsszene.<br \/>\n<span style=\"font-weight: bold;\">Matthias Grundmann <\/span>(1959) forscht seit 12 Jahren \u00fcber soziale Gemeinschaften. Seit 2000 ist er Direx des Instituts f\u00fcr Soziologie in M\u00fcnster.<\/span><\/small><\/p>\n","protected":false},"excerpt":{"rendered":"<p>Steffen Andreae &amp; Matthias GrundmannGemeinsam! Eine reale Utopie. Wenningen 2025160 [&hellip;] &hellip; <a href=\"https:\/\/www.packpapierverlag.de\/?product=gemeinsam-eine-reale-utopie-wenningen-2025-p156\">Weiterlesen <span class=\"meta-nav\">&rarr;<\/span><\/a><\/p>\n","protected":false},"featured_media":5317,"template":"","meta":[],"product_brand":[],"product_cat":[6,3,4],"product_tag":[],"class_list":{"0":"post-5316","1":"product","2":"type-product","3":"status-publish","4":"has-post-thumbnail","6":"product_cat-politik-und-geschichte","7":"product_cat-produkte","8":"product_cat-projekte-utopie-chaos","10":"first","11":"instock","12":"shipping-taxable","13":"purchasable","14":"product-type-simple"},"_links":{"self":[{"href":"https:\/\/www.packpapierverlag.de\/index.php?rest_route=\/wp\/v2\/product\/5316","targetHints":{"allow":["GET"]}}],"collection":[{"href":"https:\/\/www.packpapierverlag.de\/index.php?rest_route=\/wp\/v2\/product"}],"about":[{"href":"https:\/\/www.packpapierverlag.de\/index.php?rest_route=\/wp\/v2\/types\/product"}],"wp:featuredmedia":[{"embeddable":true,"href":"https:\/\/www.packpapierverlag.de\/index.php?rest_route=\/wp\/v2\/media\/5317"}],"wp:attachment":[{"href":"https:\/\/www.packpapierverlag.de\/index.php?rest_route=%2Fwp%2Fv2%2Fmedia&parent=5316"}],"wp:term":[{"taxonomy":"product_brand","embeddable":true,"href":"https:\/\/www.packpapierverlag.de\/index.php?rest_route=%2Fwp%2Fv2%2Fproduct_brand&post=5316"},{"taxonomy":"product_cat","embeddable":true,"href":"https:\/\/www.packpapierverlag.de\/index.php?rest_route=%2Fwp%2Fv2%2Fproduct_cat&post=5316"},{"taxonomy":"product_tag","embeddable":true,"href":"https:\/\/www.packpapierverlag.de\/index.php?rest_route=%2Fwp%2Fv2%2Fproduct_tag&post=5316"}],"curies":[{"name":"wp","href":"https:\/\/api.w.org\/{rel}","templated":true}]}}