{"id":5826,"date":"2014-02-09T21:46:17","date_gmt":"2014-02-09T20:46:17","guid":{"rendered":"http:\/\/www.packpapierverlag.de\/?p=5826"},"modified":"2017-04-22T18:15:57","modified_gmt":"2017-04-22T16:15:57","slug":"annette-schlemm-schonwetter-utopien-im-crashtest-p161-2","status":"publish","type":"product","link":"https:\/\/www.packpapierverlag.de\/?product=annette-schlemm-schonwetter-utopien-im-crashtest-p161-2","title":{"rendered":"Annette Schlemm Sch\u00f6nwetter-Utopien im Crashtest (p161)"},"content":{"rendered":"<p><a href=\"https:\/\/www.packpapierverlag.de\/wp-content\/uploads\/2013\/12\/Schlemm-Utopie1.jpg\"><img loading=\"lazy\" decoding=\"async\" class=\"alignleft size-medium wp-image-5823\" title=\"Schlemm Utopie\" src=\"https:\/\/www.packpapierverlag.de\/wp-content\/uploads\/2013\/12\/Schlemm-Utopie1-219x300.jpg\" alt=\"\" width=\"219\" height=\"300\" srcset=\"https:\/\/www.packpapierverlag.de\/wp-content\/uploads\/2013\/12\/Schlemm-Utopie1-219x300.jpg 219w, https:\/\/www.packpapierverlag.de\/wp-content\/uploads\/2013\/12\/Schlemm-Utopie1-300x411.jpg 300w, https:\/\/www.packpapierverlag.de\/wp-content\/uploads\/2013\/12\/Schlemm-Utopie1-747x1024.jpg 747w, https:\/\/www.packpapierverlag.de\/wp-content\/uploads\/2013\/12\/Schlemm-Utopie1.jpg 1024w\" sizes=\"auto, (max-width: 219px) 100vw, 219px\" \/><\/a><small style=\"font-family: Helvetica,Arial,sans-serif; color: #0a1a0f;\"><big style=\"color: #1f522f;\"><span style=\"font-weight: bold;\">Annette Schlemm <\/span><span style=\"font-weight: bold;\">Sch\u00f6nwetter-Utopien im Crashtest<\/span><\/big><br \/>\nDIN A5-Heft, 23 Seiten, illustriert.<br \/>\nKann der Satz, da\u00df eine andere (selbstverst\u00e4ndlich bessere) Welt m\u00f6glich ist auch dann noch gelten, wenn die \u00f6kologische Katastrophe immer schneller voranschreitet? Oder andersrum: k\u00f6nnen Selbstorganisation und \u00f6kologische Selbstversorgung diese Katastrophe noch verhindern oder zumindest eind\u00e4mmen? Setzt sich, wer ernsthaft glaubt, mit ein paar solidarischen Wohnprojekten und \u00d6ko-Gem\u00fcse aus dem Kommunegarten etwas zu bewirken, angesichts des globalen Desasters nicht der L\u00e4cherlichkeit aus? Mu\u00df also die begr\u00fcndete Zukunftsangst notwendig in die Katastrophe f\u00fchren; sind nur noch Dystropien oder Survival-of-the-fittest-Szenarien denkbar?<br \/>\nAnnette Schlemm beleuchtet den Zustand und die M\u00f6glichkeiten utopischer Gesellschaftsentw\u00fcrfe vor dem Hintergrund neoliberaler Ausbeutung von Mensch und Natur.<br \/>\nInhalt: Crashtest f\u00fcr Sch\u00f6nwetterutopien * Die Zukunft ist auch nicht mehr das, was sie fr\u00fcher mal war * Crashtest f\u00fcr Utopien * Worst Case- und dann? * Die Rolle von Flexibilit\u00e4t und sozialer Offenheit in Krisenzeiten * Survival Utopia?! * Freie Kooperationen- Eine neue Art von Utopien<\/small><\/p>\n","protected":false},"excerpt":{"rendered":"<p>Annette Schlemm Sch\u00f6nwetter-Utopien im Crashtest DIN A5-Heft, 23 Seiten, illustriert. [&hellip;] &hellip; <a href=\"https:\/\/www.packpapierverlag.de\/?product=annette-schlemm-schonwetter-utopien-im-crashtest-p161-2\">Weiterlesen <span class=\"meta-nav\">&rarr;<\/span><\/a><\/p>\n","protected":false},"featured_media":5823,"template":"","meta":[],"product_brand":[],"product_cat":[6,3,4],"product_tag":[],"class_list":{"0":"post-5826","1":"product","2":"type-product","3":"status-publish","4":"has-post-thumbnail","6":"product_cat-politik-und-geschichte","7":"product_cat-produkte","8":"product_cat-projekte-utopie-chaos","10":"first","11":"instock","12":"shipping-taxable","13":"purchasable","14":"product-type-simple"},"_links":{"self":[{"href":"https:\/\/www.packpapierverlag.de\/index.php?rest_route=\/wp\/v2\/product\/5826","targetHints":{"allow":["GET"]}}],"collection":[{"href":"https:\/\/www.packpapierverlag.de\/index.php?rest_route=\/wp\/v2\/product"}],"about":[{"href":"https:\/\/www.packpapierverlag.de\/index.php?rest_route=\/wp\/v2\/types\/product"}],"wp:featuredmedia":[{"embeddable":true,"href":"https:\/\/www.packpapierverlag.de\/index.php?rest_route=\/wp\/v2\/media\/5823"}],"wp:attachment":[{"href":"https:\/\/www.packpapierverlag.de\/index.php?rest_route=%2Fwp%2Fv2%2Fmedia&parent=5826"}],"wp:term":[{"taxonomy":"product_brand","embeddable":true,"href":"https:\/\/www.packpapierverlag.de\/index.php?rest_route=%2Fwp%2Fv2%2Fproduct_brand&post=5826"},{"taxonomy":"product_cat","embeddable":true,"href":"https:\/\/www.packpapierverlag.de\/index.php?rest_route=%2Fwp%2Fv2%2Fproduct_cat&post=5826"},{"taxonomy":"product_tag","embeddable":true,"href":"https:\/\/www.packpapierverlag.de\/index.php?rest_route=%2Fwp%2Fv2%2Fproduct_tag&post=5826"}],"curies":[{"name":"wp","href":"https:\/\/api.w.org\/{rel}","templated":true}]}}