{"id":8519,"date":"2018-06-26T09:45:11","date_gmt":"2018-06-26T07:45:11","guid":{"rendered":"http:\/\/www.packpapierverlag.de\/?post_type=product&#038;p=8519"},"modified":"2022-01-01T17:06:28","modified_gmt":"2022-01-01T16:06:28","slug":"annette-schlemm-schaffen-wir-das-solidaritaet-gegen-globale-apartheid-p182","status":"publish","type":"product","link":"https:\/\/www.packpapierverlag.de\/?product=annette-schlemm-schaffen-wir-das-solidaritaet-gegen-globale-apartheid-p182","title":{"rendered":"Annette Schlemm Schaffen wir das? Solidarit\u00e4t gegen globale Apartheid (p182)"},"content":{"rendered":"<p><small style=\"color: #001313;\"><span style=\"font-family: Helvetica,Arial,sans-serif;\"><a href=\"https:\/\/www.packpapierverlag.de\/wp-content\/uploads\/2018\/06\/Schlemm-Schaffen-wir-das.jpg\" rel=\"attachment wp-att-8520\"><img loading=\"lazy\" decoding=\"async\" class=\"size-medium wp-image-8520 alignleft\" src=\"https:\/\/www.packpapierverlag.de\/wp-content\/uploads\/2018\/06\/Schlemm-Schaffen-wir-das-209x300.jpg\" alt=\"Schlemm Schaffen wir das\" width=\"209\" height=\"300\" srcset=\"https:\/\/www.packpapierverlag.de\/wp-content\/uploads\/2018\/06\/Schlemm-Schaffen-wir-das-209x300.jpg 209w, https:\/\/www.packpapierverlag.de\/wp-content\/uploads\/2018\/06\/Schlemm-Schaffen-wir-das-300x431.jpg 300w, https:\/\/www.packpapierverlag.de\/wp-content\/uploads\/2018\/06\/Schlemm-Schaffen-wir-das-768x1104.jpg 768w, https:\/\/www.packpapierverlag.de\/wp-content\/uploads\/2018\/06\/Schlemm-Schaffen-wir-das-712x1024.jpg 712w, https:\/\/www.packpapierverlag.de\/wp-content\/uploads\/2018\/06\/Schlemm-Schaffen-wir-das.jpg 1024w\" sizes=\"auto, (max-width: 209px) 100vw, 209px\" \/><\/a>Annette Schlemm<\/span><br style=\"font-family: Helvetica,Arial,sans-serif;\" \/><big style=\"font-weight: bold; color: #003b3b;\"><big><span style=\"font-family: Helvetica,Arial,sans-serif;\">Schaffen wir das?<\/span><\/big><br style=\"font-family: Helvetica,Arial,sans-serif;\" \/><span style=\"font-family: Helvetica,Arial,sans-serif;\">Solidarit\u00e4t gegen globale Apartheid (mit Erweiterung IPCC-2021)<\/span><\/big><br style=\"font-family: Helvetica,Arial,sans-serif;\" \/><span style=\"font-family: Helvetica,Arial,sans-serif;\">Osnabr\u00fcck: Packpapierverlag 2018<\/span><br style=\"font-family: Helvetica,Arial,sans-serif;\" \/><span style=\"font-family: Helvetica,Arial,sans-serif;\">Heft DIN A5 mit 74 Seiten, illustriert mit Bildern, Photos und Tabellen<\/span><br style=\"font-family: Helvetica,Arial,sans-serif;\" \/><br style=\"font-family: Helvetica,Arial,sans-serif;\" \/><span style=\"font-family: Helvetica,Arial,sans-serif;\">Angela Merkels Satz \u201eWir schaffen das\u201c war in einem allgemeineren und umfassenderen Sinn \u00fcber lange Jahre die Ansicht Annette Schlemms: sie war optimistisch, da\u00df die Menschen es schaffen, eine solidarische, sozial- und umweltvertr\u00e4gliche Gesellschaft aufzubauen- ehe es daf\u00fcr zu sp\u00e4t ist. Aber dem immer massiver<br \/>\nzutagetretenden Klimawandel, der Penetranz seiner Leugner und derer, die sich blind stellen, um mit dem Hyperkapitalismus wie gewohnt weitermachen zu k\u00f6nnen, scheinen wir nichts Wirksames entgegensetzen zu k\u00f6nnen- oder zu wollen? Statt solidarische L\u00f6sungen zu suchen, verfestigen sich Xenophobie und Nationalismus, die Grenzen werden dichtgemacht und die Scheuklappen angelegt. <\/span><br style=\"font-family: Helvetica,Arial,sans-serif;\" \/><br style=\"font-family: Helvetica,Arial,sans-serif;\" \/><span style=\"font-family: Helvetica,Arial,sans-serif;\">Annette Schlemm fordert, da\u00df Flucht, ihre Ursachen und Folgen, als das erkannt und anerkannt werden, was sie sind: direktes und indirektes Resultat \u201eunseres\u201c Wirtschaftens, Folge von Klimawandel, Austerit\u00e4tspolitik und Rassismus und da\u00df es Verblendung ist, die Augen vor der Kehrseite unseres gleichg\u00fcltig-devoten Dahinkonsumierens und unseres \u201emilit\u00e4rischen Engagements\u201c zu verschlie\u00dfen und da\u00df wir aufh\u00f6ren<br \/>\nm\u00fcssen, davon auszugehen, da\u00df \u201euns\u201c zust\u00fcnde, was \u201edenen\u201c zu verweigern w\u00e4re. Wir bestehen zu Unrecht und zum Schaden aller darauf, da\u00df unsere Raubwirtschaft legitim und unser Frieden und Wohlstand, Kommerz und Konsum unantastbar sind. Das ist jedoch die Haltung eines Despoten, den die von ihm verschuldeten Verzweifelten und Armen, die vor seinem Palast stehen, nur als etwas \u201eFortzuschaffendes\u201c interessieren. Aber, das fordert der Blick des Realisten, es MUSS ungem\u00fctlich f\u00fcr den Despoten werden, es wird ungem\u00fctlich f\u00fcr uns Europ\u00e4er werden, die Folgen unseres Handeln m\u00fcssen unweigerlich bei uns landen und es wird Zeit, Verantwortung zu \u00fcbernehmen. Asyl ist kein Akt der Gnade, sondern das Minimum an Entsch\u00e4digung, das man Betroffenen erweisen mu\u00df, will man nicht endg\u00fcltig sein Gesicht und seine Menschlichkeit verlieren. Ja, es kann und wird in den folgenden Jahren und Jahrzehnten rauer zugehen, schneller als gehofft wird der Klimawandel auch bei uns ankommen und es wird Zeit, mit dieser Situation human und vern\u00fcnftig umzugehen. Wir sind Solidarit\u00e4t schuldig, wir m\u00fcssen unseren Wohlstand sowohl teilen, als auch seine perversen Ausw\u00fcchse, die eine Zumutung f\u00fcr den Planeten sind, bez\u00e4hmen. Wir m\u00fcssen schlu\u00dfendlich das System des Kapitalismus beenden und neue Wege menschlichen Zusammenlebens erproben. Nicht irgendwann, sondern JETZT. Wir m\u00fcssen damit beginnen, da\u00df wir unsere Grenzen nicht verrammeln und verriegeln, sondern Menschen passieren lassen. Wir m\u00fcssen den Raubbau am Planeten beenden, wir m\u00fcssen \u201e\u00e4rmer\u201c werden \u2013 und dabei die G\u00fcter der Menschlichkeit, der politischen und geistigen Freiheit und den Mut wiederfinden, der das Menschsein im Wesentlichen ausmacht. <\/span><br style=\"font-family: Helvetica,Arial,sans-serif;\" \/><br style=\"font-family: Helvetica,Arial,sans-serif;\" \/><span style=\"font-family: Helvetica,Arial,sans-serif;\">Die vorliegende Brosch\u00fcre ist eine Einf\u00fchrung in die Zusammenh\u00e4nge und Folgen von Kapitalismus, Rassismus, Klimawandel, Krieg und Flucht. Sie wurde f\u00fcr jene geschrieben, die das Verleugnen dieser Zusammenh\u00e4nge und das Verleugnen einer leider recht d\u00fcsteren Zukunft satt haben und die dennoch keine Ausflucht (sic) in rassistische Abwehrmechanismen suchen, sondern sich Kritikf\u00e4higkeit und Menschlichkeit erhalten wollen. Annette Schlemm appelliert an alle Leser, Dummheit und Phlegma, wie schlimm es zuk\u00fcnftig auch kommen mag, nicht nachzugeben, sondern sich zu informieren und sich f\u00fcr zust\u00e4ndig zu erkl\u00e4ren.<\/span><br style=\"font-family: Helvetica,Arial,sans-serif;\" \/><br style=\"font-family: Helvetica,Arial,sans-serif;\" \/><big style=\"color: #003b3b; font-weight: bold;\"><span style=\"font-family: Helvetica,Arial,sans-serif;\">Motto:<\/span><\/big><br style=\"font-family: Helvetica,Arial,sans-serif;\" \/><span style=\"font-family: Helvetica,Arial,sans-serif;\"><span style=\"font-weight: bold; font-style: italic;\">\u201eWenn es einen Weg zum Besseren geben soll, erfordert das einen umfassenden Blick auf das Schlimmste\u201c (Thomas Hardy)<\/span><br \/>\n<br style=\"font-family: Helvetica,Arial,sans-serif;\" \/><\/span><big><span style=\"font-family: Helvetica,Arial,sans-serif; font-weight: bold; color: #003b3b;\">INHALT:<\/span><\/big><br style=\"font-family: Helvetica,Arial,sans-serif;\" \/><span style=\"font-family: Helvetica,Arial,sans-serif;\">\u201eSolidarische Gesellschaften oder globale Barbarei\u201c * Fluchtursache Kapitalismus * Raubburg Europa * Solidar-Apartheid? * &#8230; oder reicht nicht einfach eine Revolution? * Migration und Flucht im Kapitaloz\u00e4n * Kriege- das globale Problem Nummer Eins * \u201eLasset alle Hoffnung fahren &#8230;\u201c * Klimawandel als Katastrophenmultiplikator * Die Klimafl\u00fcchtlinge sind unterwegs * Buch des Untergangs der Menschheit * Lasset alle Hoffnungen fahren &#8230; * Klimawandel als Katalysator und Verst\u00e4rker von Gewalt * \u201eNeuer Typus von Dauerkrieg\u201c * Weg mit den Anderen \u2013 und wenns in den Tod ist &#8230; * Die Hoffnung, da\u00df man Unrecht hat &#8230; * Hirn statt Hetze * Textquellen * Bildquellen<\/span><\/small><\/p>\n","protected":false},"excerpt":{"rendered":"<p>Annette SchlemmSchaffen wir das?Solidarit\u00e4t gegen globale Apartheid (mit Erweiterung IPCC-2021)Osnabr\u00fcck: [&hellip;] &hellip; <a href=\"https:\/\/www.packpapierverlag.de\/?product=annette-schlemm-schaffen-wir-das-solidaritaet-gegen-globale-apartheid-p182\">Weiterlesen <span class=\"meta-nav\">&rarr;<\/span><\/a><\/p>\n","protected":false},"featured_media":8520,"template":"","meta":[],"product_brand":[],"product_cat":[9,6,3],"product_tag":[],"class_list":{"0":"post-8519","1":"product","2":"type-product","3":"status-publish","4":"has-post-thumbnail","6":"product_cat-bewegung-widerstand","7":"product_cat-politik-und-geschichte","8":"product_cat-produkte","10":"first","11":"instock","12":"shipping-taxable","13":"purchasable","14":"product-type-simple"},"_links":{"self":[{"href":"https:\/\/www.packpapierverlag.de\/index.php?rest_route=\/wp\/v2\/product\/8519","targetHints":{"allow":["GET"]}}],"collection":[{"href":"https:\/\/www.packpapierverlag.de\/index.php?rest_route=\/wp\/v2\/product"}],"about":[{"href":"https:\/\/www.packpapierverlag.de\/index.php?rest_route=\/wp\/v2\/types\/product"}],"wp:featuredmedia":[{"embeddable":true,"href":"https:\/\/www.packpapierverlag.de\/index.php?rest_route=\/wp\/v2\/media\/8520"}],"wp:attachment":[{"href":"https:\/\/www.packpapierverlag.de\/index.php?rest_route=%2Fwp%2Fv2%2Fmedia&parent=8519"}],"wp:term":[{"taxonomy":"product_brand","embeddable":true,"href":"https:\/\/www.packpapierverlag.de\/index.php?rest_route=%2Fwp%2Fv2%2Fproduct_brand&post=8519"},{"taxonomy":"product_cat","embeddable":true,"href":"https:\/\/www.packpapierverlag.de\/index.php?rest_route=%2Fwp%2Fv2%2Fproduct_cat&post=8519"},{"taxonomy":"product_tag","embeddable":true,"href":"https:\/\/www.packpapierverlag.de\/index.php?rest_route=%2Fwp%2Fv2%2Fproduct_tag&post=8519"}],"curies":[{"name":"wp","href":"https:\/\/api.w.org\/{rel}","templated":true}]}}