{"id":980,"date":"2010-12-17T16:25:37","date_gmt":"2010-12-17T15:25:37","guid":{"rendered":"http:\/\/www.packpapierverlag.de\/neu\/?p=980"},"modified":"2017-10-12T14:05:58","modified_gmt":"2017-10-12T12:05:58","slug":"bruckner-erklarung-an-der-tu-hannover","status":"publish","type":"product","link":"https:\/\/www.packpapierverlag.de\/?product=bruckner-erklarung-an-der-tu-hannover","title":{"rendered":"Br\u00fcckner: Erkl\u00e4rung an der TU Hannover (w41)"},"content":{"rendered":"<p><a href=\"https:\/\/www.packpapierverlag.de\/wp-content\/uploads\/2010\/12\/Br\u00fcckner-Erkl\u00e4rung.jpg\"><img loading=\"lazy\" decoding=\"async\" class=\"alignleft size-medium wp-image-4902\" title=\"Br\u00fcckner Erkl\u00e4rung\" src=\"https:\/\/www.packpapierverlag.de\/wp-content\/uploads\/2010\/12\/Br\u00fcckner-Erkl\u00e4rung-209x300.jpg\" alt=\"\" width=\"209\" height=\"300\" srcset=\"https:\/\/www.packpapierverlag.de\/wp-content\/uploads\/2010\/12\/Br\u00fcckner-Erkl\u00e4rung-209x300.jpg 209w, https:\/\/www.packpapierverlag.de\/wp-content\/uploads\/2010\/12\/Br\u00fcckner-Erkl\u00e4rung-300x429.jpg 300w, https:\/\/www.packpapierverlag.de\/wp-content\/uploads\/2010\/12\/Br\u00fcckner-Erkl\u00e4rung-715x1024.jpg 715w, https:\/\/www.packpapierverlag.de\/wp-content\/uploads\/2010\/12\/Br\u00fcckner-Erkl\u00e4rung.jpg 1024w\" sizes=\"auto, (max-width: 209px) 100vw, 209px\" \/><\/a><small style=\"color: #234646;\"><big style=\"color: #701c51;\"><span style=\"font-family: Helvetica,Arial,sans-serif; font-weight: bold;\">Peter Br\u00fcckner: Erkl\u00e4rung vor den Studenten der V. Fakult\u00e4t der TU Hannover zu meiner Suspendierung und ihrer Aufhebung<\/span><\/big><br style=\"font-family: Helvetica,Arial,sans-serif;\" \/><span style=\"font-family: Helvetica,Arial,sans-serif;\">Publikationen des SDS Hannover. Hannover: Internationalismus Verlag 1974. Heft DIN A5, 43 Seiten<\/span><br style=\"font-family: Helvetica,Arial,sans-serif;\" \/><span style=\"font-family: Helvetica,Arial,sans-serif;\">Prof. Dr. Peter Br\u00fcckner, Direktor des Psychologischen Seminars der Technischen Universit\u00e4t Hannover, wurde am 21. Januar 1972 vom Dienst suspendiert, weil ihn der RAF \u2013 Angeklagte Ruhland im D\u00fcsseldorfer \u201eSchauproze\u00df\u201c belastet hatte.<\/span><br style=\"font-family: Helvetica,Arial,sans-serif;\" \/><span style=\"font-family: Helvetica,Arial,sans-serif;\">Mitte M\u00e4rz wurde ein f\u00f6rmliches Disziplinarverfahren gegen Br\u00fcckner eingeleitet und am 22. M\u00e4rz die vorl\u00e4ufige Dienstenthebung verf\u00fcgt. <\/span><span style=\"font-family: Helvetica,Arial,sans-serif;\">Nachdem die Staatsschutzkammer beim OLG L\u00fcneburg im November 1972 das Ermittlungsverfahren wegen Unterst\u00fctzung einer kriminellen Vereinigung (\u00a7129 StGB) einstellen mu\u00dfte, wurde die &#8222;vorl\u00e4ufige Dienstenthebung\u201c \u2013 nach wiederholten Antr\u00e4gen der Rechtsanw\u00e4lte Br\u00fcckners \u2013 am 16. August 1973 gleichfalls zur\u00fcckgenommen.<\/span><br style=\"font-family: Helvetica,Arial,sans-serif;\" \/><span style=\"font-family: Helvetica,Arial,sans-serif;\">Bei der Wiederaufnahme seiner Lehrt\u00e4tigkeit im Winter- Semester 1973\/74 gab Br\u00fcckner in der 1. Stunde seiner Vorlesung \u00fcber die \u201eProtesbewegungen\u201c die vorliegende Erkl\u00e4rung ab.<\/span><br style=\"font-family: Helvetica,Arial,sans-serif;\" \/><span style=\"font-family: Helvetica,Arial,sans-serif;\">Ein lehrreiches St\u00fcck \u00fcber die Logik von Berufsverboten&#8230;<\/span><br style=\"font-family: Helvetica,Arial,sans-serif;\" \/><span style=\"font-family: Helvetica,Arial,sans-serif;\"><span style=\"font-weight: bold;\">INHALT:<\/span> *<br \/>\nErkl\u00e4rung vor den Studenten der V. Fakult\u00e4t der TUH * DOKUMENTATION: * Entschlie\u00dfung von Betriebsrat und gewerkschaftlichen Vertrauensleuten der VAW Leichtmetall GmbH Hannover * Eine Anfrage und eine Entscheidung, aus: Theologie und Kirche, Nr. 13 * Solidarit\u00e4tsadresse des Redaktionskollektivs \u201epolitikon\u201c, G\u00f6ttingen * Solidarit\u00e4tserkl\u00e4rung von Dr. H.R. Sonntag * Dauerzensur von Wissenschaft? Aus: Kritische Justiz, Heft 4\/73 * Eine Auswahl der Ver\u00f6ffentlichungen Peter Br\u00fcckners<\/span><br style=\"font-family: Helvetica,Arial,sans-serif;\" \/><\/small><\/p>\n","protected":false},"excerpt":{"rendered":"<p>Peter Br\u00fcckner: Erkl\u00e4rung vor den Studenten der V. Fakult\u00e4t der [&hellip;] &hellip; <a href=\"https:\/\/www.packpapierverlag.de\/?product=bruckner-erklarung-an-der-tu-hannover\">Weiterlesen <span class=\"meta-nav\">&rarr;<\/span><\/a><\/p>\n","protected":false},"featured_media":4902,"template":"","meta":[],"product_brand":[],"product_cat":[9,3],"product_tag":[],"class_list":{"0":"post-980","1":"product","2":"type-product","3":"status-publish","4":"has-post-thumbnail","6":"product_cat-bewegung-widerstand","7":"product_cat-produkte","9":"first","10":"instock","11":"shipping-taxable","12":"purchasable","13":"product-type-simple"},"_links":{"self":[{"href":"https:\/\/www.packpapierverlag.de\/index.php?rest_route=\/wp\/v2\/product\/980","targetHints":{"allow":["GET"]}}],"collection":[{"href":"https:\/\/www.packpapierverlag.de\/index.php?rest_route=\/wp\/v2\/product"}],"about":[{"href":"https:\/\/www.packpapierverlag.de\/index.php?rest_route=\/wp\/v2\/types\/product"}],"wp:featuredmedia":[{"embeddable":true,"href":"https:\/\/www.packpapierverlag.de\/index.php?rest_route=\/wp\/v2\/media\/4902"}],"wp:attachment":[{"href":"https:\/\/www.packpapierverlag.de\/index.php?rest_route=%2Fwp%2Fv2%2Fmedia&parent=980"}],"wp:term":[{"taxonomy":"product_brand","embeddable":true,"href":"https:\/\/www.packpapierverlag.de\/index.php?rest_route=%2Fwp%2Fv2%2Fproduct_brand&post=980"},{"taxonomy":"product_cat","embeddable":true,"href":"https:\/\/www.packpapierverlag.de\/index.php?rest_route=%2Fwp%2Fv2%2Fproduct_cat&post=980"},{"taxonomy":"product_tag","embeddable":true,"href":"https:\/\/www.packpapierverlag.de\/index.php?rest_route=%2Fwp%2Fv2%2Fproduct_tag&post=980"}],"curies":[{"name":"wp","href":"https:\/\/api.w.org\/{rel}","templated":true}]}}